{"id":22,"date":"2023-05-25T19:41:49","date_gmt":"2023-05-25T22:41:49","guid":{"rendered":"https:\/\/botanicaliteraria5.net\/?page_id=22"},"modified":"2024-06-08T07:00:11","modified_gmt":"2024-06-08T10:00:11","slug":"vocabulario-fitonimico-de-jorge-amado","status":"publish","type":"page","link":"https:\/\/botanicaliteraria5.net\/","title":{"rendered":"Vocabul\u00e1rio Fiton\u00edmico de Jorge Amado"},"content":{"rendered":"\t\t<div data-elementor-type=\"wp-page\" data-elementor-id=\"22\" class=\"elementor elementor-22\">\n\t\t\t\t\t\t<section class=\"elementor-section elementor-top-section elementor-element elementor-element-961e7f9 elementor-section-boxed elementor-section-height-default elementor-section-height-default\" data-id=\"961e7f9\" data-element_type=\"section\" data-settings=\"{&quot;background_background&quot;:&quot;classic&quot;}\">\n\t\t\t\t\t\t<div class=\"elementor-container elementor-column-gap-default\">\n\t\t\t\t\t<div class=\"elementor-column elementor-col-100 elementor-top-column elementor-element elementor-element-92cee40\" data-id=\"92cee40\" data-element_type=\"column\">\n\t\t\t<div class=\"elementor-widget-wrap elementor-element-populated\">\n\t\t\t\t\t\t<div class=\"elementor-element elementor-element-469c03d elementor-widget elementor-widget-image\" data-id=\"469c03d\" data-element_type=\"widget\" data-widget_type=\"image.default\">\n\t\t\t\t<div class=\"elementor-widget-container\">\n\t\t\t\t\t\t\t\t\t\t\t\t\t\t\t<img fetchpriority=\"high\" decoding=\"async\" width=\"500\" height=\"500\" src=\"https:\/\/botanicaliteraria5.net\/wp-content\/uploads\/2024\/06\/vf-1.png\" class=\"attachment-large size-large wp-image-915\" alt=\"\" srcset=\"https:\/\/botanicaliteraria5.net\/wp-content\/uploads\/2024\/06\/vf-1.png 500w, https:\/\/botanicaliteraria5.net\/wp-content\/uploads\/2024\/06\/vf-1-300x300.png 300w, https:\/\/botanicaliteraria5.net\/wp-content\/uploads\/2024\/06\/vf-1-150x150.png 150w\" sizes=\"(max-width: 500px) 100vw, 500px\" \/>\t\t\t\t\t\t\t\t\t\t\t\t\t\t\t<\/div>\n\t\t\t\t<\/div>\n\t\t\t\t\t<\/div>\n\t\t<\/div>\n\t\t\t\t\t<\/div>\n\t\t<\/section>\n\t\t\t\t<section class=\"elementor-section elementor-top-section elementor-element elementor-element-987347a elementor-section-boxed elementor-section-height-default elementor-section-height-default\" data-id=\"987347a\" data-element_type=\"section\">\n\t\t\t\t\t\t<div class=\"elementor-container elementor-column-gap-default\">\n\t\t\t\t\t<div class=\"elementor-column elementor-col-100 elementor-top-column elementor-element elementor-element-a504cac\" data-id=\"a504cac\" data-element_type=\"column\">\n\t\t\t<div class=\"elementor-widget-wrap elementor-element-populated\">\n\t\t\t\t\t\t<div class=\"elementor-element elementor-element-8353efa elementor-widget elementor-widget-spacer\" data-id=\"8353efa\" data-element_type=\"widget\" data-widget_type=\"spacer.default\">\n\t\t\t\t<div class=\"elementor-widget-container\">\n\t\t\t\t\t\t\t<div class=\"elementor-spacer\">\n\t\t\t<div class=\"elementor-spacer-inner\"><\/div>\n\t\t<\/div>\n\t\t\t\t\t\t<\/div>\n\t\t\t\t<\/div>\n\t\t\t\t\t<\/div>\n\t\t<\/div>\n\t\t\t\t\t<\/div>\n\t\t<\/section>\n\t\t\t\t<section class=\"elementor-section elementor-top-section elementor-element elementor-element-5bf3746 elementor-section-boxed elementor-section-height-default elementor-section-height-default\" data-id=\"5bf3746\" data-element_type=\"section\" data-settings=\"{&quot;background_background&quot;:&quot;classic&quot;}\">\n\t\t\t\t\t\t<div class=\"elementor-container elementor-column-gap-default\">\n\t\t\t\t\t<div class=\"elementor-column elementor-col-25 elementor-top-column elementor-element elementor-element-d8bdb31\" data-id=\"d8bdb31\" data-element_type=\"column\">\n\t\t\t<div class=\"elementor-widget-wrap\">\n\t\t\t\t\t\t\t<\/div>\n\t\t<\/div>\n\t\t\t\t<div class=\"elementor-column elementor-col-25 elementor-top-column elementor-element elementor-element-e3fb7ac\" data-id=\"e3fb7ac\" data-element_type=\"column\">\n\t\t\t<div class=\"elementor-widget-wrap elementor-element-populated\">\n\t\t\t\t\t\t<div class=\"elementor-element elementor-element-9c647f9 elementor-align-right elementor-widget-tablet__width-initial elementor-widget elementor-widget-button\" data-id=\"9c647f9\" data-element_type=\"widget\" data-widget_type=\"button.default\">\n\t\t\t\t<div class=\"elementor-widget-container\">\n\t\t\t\t\t\t\t\t\t<div class=\"elementor-button-wrapper\">\n\t\t\t\t\t<a class=\"elementor-button elementor-button-link elementor-size-sm\" href=\"https:\/\/botanicaliteraria5.net\/?page_id=190\">\n\t\t\t\t\t\t<span class=\"elementor-button-content-wrapper\">\n\t\t\t\t\t\t<span class=\"elementor-button-icon\">\n\t\t\t\t<i aria-hidden=\"true\" class=\"fas fa-book-reader\"><\/i>\t\t\t<\/span>\n\t\t\t\t\t\t\t\t\t<span class=\"elementor-button-text\">OBRAS CONSULTADAS<\/span>\n\t\t\t\t\t<\/span>\n\t\t\t\t\t<\/a>\n\t\t\t\t<\/div>\n\t\t\t\t\t\t\t\t<\/div>\n\t\t\t\t<\/div>\n\t\t\t\t\t<\/div>\n\t\t<\/div>\n\t\t\t\t<div class=\"elementor-column elementor-col-25 elementor-top-column elementor-element elementor-element-a15a04f\" data-id=\"a15a04f\" data-element_type=\"column\">\n\t\t\t<div class=\"elementor-widget-wrap elementor-element-populated\">\n\t\t\t\t\t\t<div class=\"elementor-element elementor-element-6d1cb1c elementor-align-center elementor-widget elementor-widget-button\" data-id=\"6d1cb1c\" data-element_type=\"widget\" data-widget_type=\"button.default\">\n\t\t\t\t<div class=\"elementor-widget-container\">\n\t\t\t\t\t\t\t\t\t<div class=\"elementor-button-wrapper\">\n\t\t\t\t\t<a class=\"elementor-button elementor-button-link elementor-size-sm\" href=\"https:\/\/drive.google.com\/file\/d\/1AXPJnKuPYA-DBZjYftJd4hS4aFVPH4A-\/view?usp=drive_link\">\n\t\t\t\t\t\t<span class=\"elementor-button-content-wrapper\">\n\t\t\t\t\t\t<span class=\"elementor-button-icon\">\n\t\t\t\t<i aria-hidden=\"true\" class=\"fas fa-print\"><\/i>\t\t\t<\/span>\n\t\t\t\t\t\t\t\t\t<span class=\"elementor-button-text\">VERS\u00c3O EM PDF<\/span>\n\t\t\t\t\t<\/span>\n\t\t\t\t\t<\/a>\n\t\t\t\t<\/div>\n\t\t\t\t\t\t\t\t<\/div>\n\t\t\t\t<\/div>\n\t\t\t\t\t<\/div>\n\t\t<\/div>\n\t\t\t\t<div class=\"elementor-column elementor-col-25 elementor-top-column elementor-element elementor-element-81cfa0f\" data-id=\"81cfa0f\" data-element_type=\"column\">\n\t\t\t<div class=\"elementor-widget-wrap elementor-element-populated\">\n\t\t\t\t\t\t<div class=\"elementor-element elementor-element-0e52779 elementor-align-left elementor-widget-tablet__width-initial elementor-widget elementor-widget-button\" data-id=\"0e52779\" data-element_type=\"widget\" data-widget_type=\"button.default\">\n\t\t\t\t<div class=\"elementor-widget-container\">\n\t\t\t\t\t\t\t\t\t<div class=\"elementor-button-wrapper\">\n\t\t\t\t\t<a class=\"elementor-button elementor-button-link elementor-size-sm\" href=\"https:\/\/botanicaliteraria5.net\/index.php\/contato\/\">\n\t\t\t\t\t\t<span class=\"elementor-button-content-wrapper\">\n\t\t\t\t\t\t<span class=\"elementor-button-icon\">\n\t\t\t\t<i aria-hidden=\"true\" class=\"far fa-comment-dots\"><\/i>\t\t\t<\/span>\n\t\t\t\t\t\t\t\t\t<span class=\"elementor-button-text\">CONTATO<\/span>\n\t\t\t\t\t<\/span>\n\t\t\t\t\t<\/a>\n\t\t\t\t<\/div>\n\t\t\t\t\t\t\t\t<\/div>\n\t\t\t\t<\/div>\n\t\t\t\t\t<\/div>\n\t\t<\/div>\n\t\t\t\t\t<\/div>\n\t\t<\/section>\n\t\t\t\t<section class=\"elementor-section elementor-top-section elementor-element elementor-element-56e5bd2 elementor-section-full_width elementor-section-stretched elementor-section-height-default elementor-section-height-default\" data-id=\"56e5bd2\" data-element_type=\"section\" data-settings=\"{&quot;stretch_section&quot;:&quot;section-stretched&quot;}\">\n\t\t\t\t\t\t<div class=\"elementor-container elementor-column-gap-default\">\n\t\t\t\t\t<div class=\"elementor-column elementor-col-100 elementor-top-column elementor-element elementor-element-9d26bb7\" data-id=\"9d26bb7\" data-element_type=\"column\">\n\t\t\t<div class=\"elementor-widget-wrap elementor-element-populated\">\n\t\t\t\t\t\t<div class=\"elementor-element elementor-element-faabed6 elementor-tabs-view-horizontal elementor-widget elementor-widget-tabs\" data-id=\"faabed6\" data-element_type=\"widget\" data-widget_type=\"tabs.default\">\n\t\t\t\t<div class=\"elementor-widget-container\">\n\t\t\t\t\t\t\t<div class=\"elementor-tabs\">\n\t\t\t<div class=\"elementor-tabs-wrapper\" role=\"tablist\" >\n\t\t\t\t\t\t\t\t\t<div id=\"elementor-tab-title-2621\" class=\"elementor-tab-title elementor-tab-desktop-title\" aria-selected=\"true\" data-tab=\"1\" role=\"tab\" tabindex=\"0\" aria-controls=\"elementor-tab-content-2621\" aria-expanded=\"false\">A<\/div>\n\t\t\t\t\t\t\t\t\t<div id=\"elementor-tab-title-2622\" class=\"elementor-tab-title elementor-tab-desktop-title\" aria-selected=\"false\" data-tab=\"2\" role=\"tab\" tabindex=\"-1\" aria-controls=\"elementor-tab-content-2622\" aria-expanded=\"false\">B<\/div>\n\t\t\t\t\t\t\t\t\t<div id=\"elementor-tab-title-2623\" class=\"elementor-tab-title elementor-tab-desktop-title\" aria-selected=\"false\" data-tab=\"3\" role=\"tab\" tabindex=\"-1\" aria-controls=\"elementor-tab-content-2623\" aria-expanded=\"false\">C<\/div>\n\t\t\t\t\t\t\t\t\t<div id=\"elementor-tab-title-2624\" class=\"elementor-tab-title elementor-tab-desktop-title\" aria-selected=\"false\" data-tab=\"4\" role=\"tab\" tabindex=\"-1\" aria-controls=\"elementor-tab-content-2624\" aria-expanded=\"false\">D<\/div>\n\t\t\t\t\t\t\t\t\t<div id=\"elementor-tab-title-2625\" class=\"elementor-tab-title elementor-tab-desktop-title\" aria-selected=\"false\" data-tab=\"5\" role=\"tab\" tabindex=\"-1\" aria-controls=\"elementor-tab-content-2625\" aria-expanded=\"false\">E<\/div>\n\t\t\t\t\t\t\t\t\t<div id=\"elementor-tab-title-2626\" class=\"elementor-tab-title elementor-tab-desktop-title\" aria-selected=\"false\" data-tab=\"6\" role=\"tab\" tabindex=\"-1\" aria-controls=\"elementor-tab-content-2626\" aria-expanded=\"false\">F<\/div>\n\t\t\t\t\t\t\t\t\t<div id=\"elementor-tab-title-2627\" class=\"elementor-tab-title elementor-tab-desktop-title\" aria-selected=\"false\" data-tab=\"7\" role=\"tab\" tabindex=\"-1\" aria-controls=\"elementor-tab-content-2627\" aria-expanded=\"false\">G<\/div>\n\t\t\t\t\t\t\t\t\t<div id=\"elementor-tab-title-2628\" class=\"elementor-tab-title elementor-tab-desktop-title\" aria-selected=\"false\" data-tab=\"8\" role=\"tab\" tabindex=\"-1\" aria-controls=\"elementor-tab-content-2628\" aria-expanded=\"false\">H<\/div>\n\t\t\t\t\t\t\t\t\t<div id=\"elementor-tab-title-2629\" class=\"elementor-tab-title elementor-tab-desktop-title\" aria-selected=\"false\" data-tab=\"9\" role=\"tab\" tabindex=\"-1\" aria-controls=\"elementor-tab-content-2629\" aria-expanded=\"false\">I<\/div>\n\t\t\t\t\t\t\t\t\t<div id=\"elementor-tab-title-26210\" class=\"elementor-tab-title elementor-tab-desktop-title\" aria-selected=\"false\" data-tab=\"10\" role=\"tab\" tabindex=\"-1\" aria-controls=\"elementor-tab-content-26210\" aria-expanded=\"false\">J<\/div>\n\t\t\t\t\t\t\t\t\t<div id=\"elementor-tab-title-26211\" class=\"elementor-tab-title elementor-tab-desktop-title\" aria-selected=\"false\" data-tab=\"11\" role=\"tab\" tabindex=\"-1\" aria-controls=\"elementor-tab-content-26211\" aria-expanded=\"false\">L<\/div>\n\t\t\t\t\t\t\t\t\t<div id=\"elementor-tab-title-26212\" class=\"elementor-tab-title elementor-tab-desktop-title\" aria-selected=\"false\" data-tab=\"12\" role=\"tab\" tabindex=\"-1\" aria-controls=\"elementor-tab-content-26212\" aria-expanded=\"false\">M<\/div>\n\t\t\t\t\t\t\t\t\t<div id=\"elementor-tab-title-26213\" class=\"elementor-tab-title elementor-tab-desktop-title\" aria-selected=\"false\" data-tab=\"13\" role=\"tab\" tabindex=\"-1\" aria-controls=\"elementor-tab-content-26213\" aria-expanded=\"false\">N<\/div>\n\t\t\t\t\t\t\t\t\t<div id=\"elementor-tab-title-26214\" class=\"elementor-tab-title elementor-tab-desktop-title\" aria-selected=\"false\" data-tab=\"14\" role=\"tab\" tabindex=\"-1\" aria-controls=\"elementor-tab-content-26214\" aria-expanded=\"false\">O<\/div>\n\t\t\t\t\t\t\t\t\t<div id=\"elementor-tab-title-26215\" class=\"elementor-tab-title elementor-tab-desktop-title\" aria-selected=\"false\" data-tab=\"15\" role=\"tab\" tabindex=\"-1\" aria-controls=\"elementor-tab-content-26215\" aria-expanded=\"false\">P<\/div>\n\t\t\t\t\t\t\t\t\t<div id=\"elementor-tab-title-26216\" class=\"elementor-tab-title elementor-tab-desktop-title\" aria-selected=\"false\" data-tab=\"16\" role=\"tab\" tabindex=\"-1\" aria-controls=\"elementor-tab-content-26216\" aria-expanded=\"false\">Q<\/div>\n\t\t\t\t\t\t\t\t\t<div id=\"elementor-tab-title-26217\" class=\"elementor-tab-title elementor-tab-desktop-title\" aria-selected=\"false\" data-tab=\"17\" role=\"tab\" tabindex=\"-1\" aria-controls=\"elementor-tab-content-26217\" aria-expanded=\"false\">R<\/div>\n\t\t\t\t\t\t\t\t\t<div id=\"elementor-tab-title-26218\" class=\"elementor-tab-title elementor-tab-desktop-title\" aria-selected=\"false\" data-tab=\"18\" role=\"tab\" tabindex=\"-1\" aria-controls=\"elementor-tab-content-26218\" aria-expanded=\"false\">S<\/div>\n\t\t\t\t\t\t\t\t\t<div id=\"elementor-tab-title-26219\" class=\"elementor-tab-title elementor-tab-desktop-title\" aria-selected=\"false\" data-tab=\"19\" role=\"tab\" tabindex=\"-1\" aria-controls=\"elementor-tab-content-26219\" aria-expanded=\"false\">T<\/div>\n\t\t\t\t\t\t\t\t\t<div id=\"elementor-tab-title-26220\" class=\"elementor-tab-title elementor-tab-desktop-title\" aria-selected=\"false\" data-tab=\"20\" role=\"tab\" tabindex=\"-1\" aria-controls=\"elementor-tab-content-26220\" aria-expanded=\"false\">U<\/div>\n\t\t\t\t\t\t\t\t\t<div id=\"elementor-tab-title-26221\" class=\"elementor-tab-title elementor-tab-desktop-title\" aria-selected=\"false\" data-tab=\"21\" role=\"tab\" tabindex=\"-1\" aria-controls=\"elementor-tab-content-26221\" aria-expanded=\"false\">V<\/div>\n\t\t\t\t\t\t\t\t\t<div id=\"elementor-tab-title-26222\" class=\"elementor-tab-title elementor-tab-desktop-title\" aria-selected=\"false\" data-tab=\"22\" role=\"tab\" tabindex=\"-1\" aria-controls=\"elementor-tab-content-26222\" aria-expanded=\"false\">X<\/div>\n\t\t\t\t\t\t\t<\/div>\n\t\t\t<div class=\"elementor-tabs-content-wrapper\" role=\"tablist\" aria-orientation=\"vertical\">\n\t\t\t\t\t\t\t\t\t<div class=\"elementor-tab-title elementor-tab-mobile-title\" aria-selected=\"true\" data-tab=\"1\" role=\"tab\" tabindex=\"0\" aria-controls=\"elementor-tab-content-2621\" aria-expanded=\"false\">A<\/div>\n\t\t\t\t\t<div id=\"elementor-tab-content-2621\" class=\"elementor-tab-content elementor-clearfix\" data-tab=\"1\" role=\"tabpanel\" aria-labelledby=\"elementor-tab-title-2621\" tabindex=\"0\" hidden=\"false\"><p style=\"text-align: justify;\"><strong>Abacate<\/strong> s.m. <em>Persea<\/em> <em>americana <\/em>Miller (Lauraceae). Origem: Naturalizada. 1. loc. Seios da mulher desejada: &#8220;Teus peitos de abacate&#8221; (DF, p. 244). 2. Presente: &#8220;chegou com um grande abacate maduro&#8221; (TSF, p.133); &#8220;meteu o abacate entre as in\u00fameras coisas que abarrotavam a maleta&#8221; (TSF, p. 134). Coment\u00e1rio: Concorda com Flora e Funga do Brasil (2024).<\/p><p style=\"text-align: justify;\">Imagens:\u00a0 <a href=\"https:\/\/drive.google.com\/file\/d\/170G9X1MAuJlpNZoldhwijz9lMQ5LyWsn\/view?usp=drive_link\" target=\"_blank\" rel=\"noopener\">H\u00e1bito<\/a>, <a href=\"https:\/\/drive.google.com\/file\/d\/1xp3QH66CfFYzSUJBFpm83wyGFA_xqEMI\/view?usp=drive_link\" target=\"_blank\" rel=\"noopener\">Infloresc\u00eancia<\/a>, <a href=\"https:\/\/drive.google.com\/file\/d\/11AIG28bz1C9mD3z-oHQ2JxLLdXt1Ijva\/view?usp=drive_link\" target=\"_blank\" rel=\"noopener\">Flor<\/a>, <a href=\"https:\/\/drive.google.com\/file\/d\/14ruXkOwh4RNQWmz2TkeXJGDIDRWhN7hH\/view?usp=drive_link\" target=\"_blank\" rel=\"noopener\">Fruto inteiro<\/a>, <a href=\"https:\/\/drive.google.com\/file\/d\/1QA3oIfCH9n_W2iEMvLolCCBazkO9kjWj\/view?usp=drive_link\" target=\"_blank\" rel=\"noopener\">Fruto cortado<\/a>, <a href=\"https:\/\/drive.google.com\/file\/d\/1tbS9KXIONIUAfNYDXWVSyiBha1hbc3XR\/view?usp=drive_link\" target=\"_blank\" rel=\"noopener\">Pireno inteiro<\/a>, <a href=\"https:\/\/drive.google.com\/file\/d\/1J39o-9iEmVKfzx43_2igU6O42wHkfBr2\/view?usp=drive_link\" target=\"_blank\" rel=\"noopener\">Pireno cortado<\/a><\/p><p style=\"text-align: justify;\"><strong>Abacaxi<\/strong> s.m. <em>Ananas<\/em> <em>comosus<\/em> (Linnaeus) Merril (Bromeliaceae). Origem: Nativa. 1. Ingrediente de bebida alco\u00f3lica: &#8220;De jenipapo ou de abacaxi?&#8221; (GCC, p.42). 2. objeto de desejo: &#8220;doida por abacaxis&#8221; (DF, p.131).Coment\u00e1rio Concorda com Flora e Funga do Brasil (2024).<\/p><p style=\"text-align: justify;\">Imagens: <a href=\"https:\/\/drive.google.com\/file\/d\/1W3mBnhNrQedjhuqOUwbCIhNH_dvcU_e-\/view?usp=drive_link\" target=\"_blank\" rel=\"noopener\">Cultivo,<\/a>\u00a0<a href=\"https:\/\/drive.google.com\/file\/d\/1wzG7TXzZKdfDXWnGQhCZ6KgWxbESvaRy\/view?usp=drive_link\" target=\"_blank\" rel=\"noopener\">Infloresc\u00eancia, <\/a><a href=\"https:\/\/drive.google.com\/file\/d\/1B-1PDrJ38N_oY_gr7mqK1u_QEyllPY2U\/view?usp=drive_link\" target=\"_blank\" rel=\"noopener\">\u00a0Fruto inteiro,<\/a>\u00a0\u00a0<a href=\"https:\/\/drive.google.com\/file\/d\/1DrE7DfPLSuyoNbYGaTsKsC8eneSl9x7O\/view?usp=drive_link\" target=\"_blank\" rel=\"noopener\">Fruto partido<\/a>\u00a0 \u00a0<\/p><p style=\"text-align: justify;\"><strong>Ab\u00f3bora<\/strong> s.f. <em>Cucurbita<\/em> <em>pepo<\/em> Linnaeus (Cucurbitaceae). Origem: Cultivada. 1. Mercadoria: &#8220;sacos de alva farinha de mandioca. Bananas cor de ouro, ab\u00f3boras amarelas, verdes jil\u00f3s, quiabos, laranjas.&#8221; (GCC, p. 48); &#8220;contendo frutas, farinha de mandioca inhame, e aipim, carne de sol, chuchu e ab\u00f3bora&#8221; (DF, p.22). 2. Alimento religioso: &#8220;para Yans\u00e3, n\u00e3o ofere\u00e7am ab\u00f3bora, n\u00e3o lhe d\u00eaem alface ou sapoti&#8221; (DF, p.203).<\/p><p style=\"text-align: justify;\">Imagens: <a href=\"https:\/\/drive.google.com\/file\/d\/1Fo7h2gnNRGTDuNmxHxGfNOE4onhfol1s\/view?usp=drive_link\" target=\"_blank\" rel=\"noopener\">Flor estaminada<\/a>, <a href=\"https:\/\/drive.google.com\/file\/d\/19Jh-Lwo0CnhG8yp796fb_XvYdB_q9s0C\/view?usp=drive_link\" target=\"_blank\" rel=\"noopener\">Flor pistilada<\/a>,\u00a0 <a href=\"https:\/\/drive.google.com\/file\/d\/1AIA8BJ99eMC_oYrkhms1thgCTvHqwq9B\/view?usp=drive_link\" target=\"_blank\" rel=\"noopener\">Fruto fechado<\/a>, <a href=\"https:\/\/drive.google.com\/file\/d\/1lwzLqzanLMWqj5KpitYhBFDGcgbfGDS-\/view?usp=drive_link\" target=\"_blank\" rel=\"noopener\">Fruto aberto<\/a><\/p><p style=\"text-align: justify;\"><strong>Ac\u00e1cia<\/strong> s.f. Esp\u00e9cie indeterminada (Fabaceae [Leguminosae]). Origem indeterminada. 1. Ornamenta\u00e7\u00e3o de jardim particular: &#8220;florida de trepadeiras e ac\u00e1cias&#8221; (DF, p. 48). Coment\u00e1rios: este nome vern\u00e1culo pode ser aplicado \u00e0 in\u00fameras plantas, pertencentes a diferentes g\u00eaneros, de forma que \u00e9 imposs\u00edvel associar a uma \u00fanica esp\u00e9cie. Corr\u00eaa (1978[1926], v.1, p. 15-19), traz diversas denomina\u00e7\u00f5es para este nome vern\u00e1culo, todas da fam\u00edlia Fabaceae (Leguminosae). Menezes (1949, p.14) traz apenas tr\u00eas ep\u00edtetos (angico, asi\u00e1tica e australiana) todos referentes a esta mesma fam\u00edlia. Isso permite associar este nome \u00e0 fam\u00edlia das leguminosas, mas n\u00e3o possibilita a identifica\u00e7\u00e3o da esp\u00e9cie.<\/p><p style=\"text-align: justify;\"><strong>A\u00e7ucena<\/strong> s.f. Esp\u00e9cie indeterminada (Fam\u00edlia indeterminada). Origem indeterminada. 1. Ornamenta\u00e7\u00e3o de jardim particular: &#8220;um pequeno jardim bem cuidado de rosas-ch\u00e1 e a\u00e7ucenas&#8221; (GCC, p. 73). Coment\u00e1rios: este nome vern\u00e1culo pode ser aplicado \u00e0 in\u00fameras plantas, pertencentes a diferentes g\u00eaneros e fam\u00edlias, de forma que \u00e9 imposs\u00edvel associar a uma \u00fanica esp\u00e9cie. Corr\u00eaa (1978[1926], v.1, p. 29-31) associa este nome a diversos g\u00eaneros e fam\u00edlias diferentes (Amaryllidaceae, Liliaceae e Rubiaceae), no que \u00e9 seguido por Menezes (1949, p.15). Silva et al. (1979, p.22) atribu\u00edram apenas o nome <em>Lilium<\/em> <em>candidum<\/em> L. (Liliaceae).<\/p><p style=\"text-align: justify;\"><strong>Aipim<\/strong> s.m. <em>Manihot<\/em> <em>esculenta<\/em> Crantz (Euphorbiaceae). Origem: Nativa. 1. Alimento: &#8220;deixava bolo de milho e de aipim, cuscuz de mandioca tamb\u00e9m.&#8221; (GCC, p. 81); &#8220;arrancando uma felpa de aipim&#8221; (TSF, p. 114). 2. Alimento de desejum: &#8220;Sobre a alva toalha, cuscuz de milho com leite de coco, banana-da-terra frita, inhame, aipim&#8221; (GCC, p. 108). 3. Alimento de sobremesa: &#8220;alguns bolos de aipim ou carim\u00e3&#8221; (DF, p. 4). 4. Alimento de tira-gosto: &#8220;os doces de aipim, de milho&#8221; (GCC, p. 39). 5. Mercadoria: &#8220;contendo frutas, farinha de mandioca inhame, e aipim, carne de sol, chuchu e ab\u00f3bora&#8221; (DF, p. 22). 6. Produto agr\u00edcola de subsist\u00eancia: &#8220;Com a mandioca e o milho, a batata doce e o aipim, n\u00e3o conseguiam viver&#8221; (GCC, p. 267). Coment\u00e1rio: Concorda com\u00a0 Flora e Funga do Brasil (2024).<\/p><p style=\"text-align: justify;\">Imagens: <a href=\"https:\/\/drive.google.com\/file\/d\/1Wu-9AnIA0zOlTSE1nYmnipSTm4XMKpaT\/view?usp=drive_link\" target=\"_blank\" rel=\"noopener\">H\u00e1bito<\/a>, <a href=\"https:\/\/drive.google.com\/file\/d\/1RPA4ooege8kIysW1f00SESVUqLyxRGAF\/view?usp=drive_link\" target=\"_blank\" rel=\"noopener\">Bot\u00e3o floral<\/a>, <a href=\"https:\/\/drive.google.com\/file\/d\/1hgQTk5oqCSpruqvjXPe_xGkW86Lo2H1I\/view?usp=drive_link\" target=\"_blank\" rel=\"noopener\">Flor aberta<\/a>, <a href=\"https:\/\/drive.google.com\/file\/d\/1Xvw6fFBUANYQ21vwnMB-4lmuAPRUJw76\/view?usp=drive_link\" target=\"_blank\" rel=\"noopener\">Fruto imaturo<\/a>, <a href=\"https:\/\/drive.google.com\/file\/d\/14LA66uwSzkiID6H-QQqzZTW2MRu19Qt4\/view?usp=drive_link\" target=\"_blank\" rel=\"noopener\">Ra\u00edzes tuberosas<\/a><\/p><p style=\"text-align: justify;\"><strong>Alecrim<\/strong> s.m. Esp\u00e9cie indeterminada (Fam\u00edlia indeterminada). Origem indeterminada. 1. Padr\u00e3o de odor: &#8220;o c\u00e9u a lua amarela e um perfume de alecrim&#8221; (DF, p. 55). 2. Alimento (tempero): &#8220;carne tenra nos perfumes do coentro e do alecrim&#8221; (DF, p. 104). Coment\u00e1rios: este nome vern\u00e1culo pode ser aplicado \u00e0 in\u00fameras plantas, pertencentes a diferentes g\u00eaneros e fam\u00edlias, de forma que \u00e9 imposs\u00edvel associar a uma \u00fanica esp\u00e9cie. Corr\u00eaa (1978[1926], v. 1, p. 53-56) relaciona este nome a diferentes g\u00eaneros de diferentes fam\u00edlias (Fabaceae [Leguminosae], Lamiaceae [Labiatae], Clusiaceae [Guttiferae], Orchidaceae, Portulacaceae, Asteraceae [Compositae], Verbenaceae; no que acompanha Menezes (1949, p. 17) e Silva et al. (1979, p. 44-51).<\/p><p style=\"text-align: justify;\"><strong>Alface<\/strong> s.m. <em>Lactuca sativa <\/em>Linnaeus (Asteraceae [Compositae]). Origem: Cultivada. 1. Alimento impr\u00f3prio para Orix\u00e1: &#8220;para Yans\u00e3, n\u00e3o ofere\u00e7am ab\u00f3bora, n\u00e3o lhe d\u00eaem alface ou sapoti&#8221; (DF, p. 203).<\/p><p style=\"text-align: justify;\">Imagens: <a href=\"https:\/\/drive.google.com\/file\/d\/1OOtf_KfakTC1FG0X1ushybuRQBek2AFf\/view?usp=drive_link\" target=\"_blank\" rel=\"noopener\">Folhas<\/a><\/p><p style=\"text-align: justify;\"><strong>Alfazema<\/strong> s.f. Esp\u00e9cie indeterminada (Lamiaceae [Labiatae]) Origem indeterminada. 1. Padr\u00e3o de odor: &#8220;um cheiro de alfazema queimada perfumando o ar [&#8230;] um defumador queimava alfazema&#8221; (GCC, p. 161); &#8220;o cheiro de alfazema queimada em defumadores de barro os alcan\u00e7ou&#8221; (DF, p. 74); &#8220;onde a alfazema punha um cheiro de fam\u00edlia e de inoc\u00eancia&#8221; (DF, p. 158); &#8220;no leito monumental de jacarand\u00e1 maci\u00e7o e cheiro de alfazema&#8221; (DF, p. 159). 2. Seios da mulher desejada: &#8220;seios de alfazema&#8221; (GCC, p. 70). Coment\u00e1rio: nome vern\u00e1culo sempre associado \u00e0s Lamiaceae (Labiatae), mas a g\u00eaneros diferentes. Corr\u00eaa (1978[1926], v. 1, p. 65) relaciona a diversas esp\u00e9cies de <em>Lavandula<\/em> e <em>Hyptis<\/em> (Lamiaceae [Labiatae]). Menezes (1949, p. 18) acrescenta <em>Vitex agnus-castus<\/em> L. (Lamiaceae [Labiatae]). Silva et al. (1979, p. 56) associa \u00a0este nome \u00e0 <i>Lavandula spica<\/i> L., da mesma fam\u00edlia.<\/p><p style=\"text-align: justify;\"><strong>Alga<\/strong> s.f. Esp\u00e9cie indeterminada (Fam\u00edlia indeterminada). Origem indeterminada. Padr\u00e3o de odor: &#8220;ardido cheiro de sarga\u00e7os, de algas e ostras&#8221; (DF, p.157). Coment\u00e1rio: Nome que re\u00fane as plantas talosas, criptog\u00e2micas, comuns nos mares, mas presentes na \u00e1gua doce, com v\u00e1rias esp\u00e9cies pertencentes a diferentes g\u00eaneros e fam\u00edlias (cf. CORR\u00caA, 1978[1926], v. 1, p. 69).<\/p><p style=\"text-align: justify;\"><strong>Algod\u00e3o<\/strong> s.m. <em>Gossypium hirsutum<\/em> Linnaeus (Malvaceae). Origem: Naturalizada. Topofit\u00f4nimo: &#8220;Passam por Brejo em Brasa, por Junco, Gavi\u00e3o, Algod\u00e3o e, na madrugada de 25 est\u00e3o em Tabuleiro Alto&#8221; (CE, p. 178). Homem (velhice respeit\u00e1vel): &#8220;hebreu de barbas de algod\u00e3o&#8221; (DF, p. 239). Material de vestu\u00e1rio: &#8220;Antes elas faziam um pequeno enxoval de algod\u00e3o e esperavam o casamento como uma liberta\u00e7\u00e3o&#8221; (S, p. 101). Mercadoria: &#8220;dois exportadores de fumo e de algod\u00e3o [&#8230;] em geral eram apenas se\u00e7\u00f5es de grandes casas exportadoras de tabaco, caf\u00e9, algod\u00e3o e coco&#8221; (TSF, p. 186). Produto agr\u00edcola: &#8220;Campos que amamos, que conhecemos nas suas planta\u00e7\u00f5es de cana, de milho, de cacau, de caf\u00e9 e de algod\u00e3o&#8221; (CE, p. 14). Produto farmac\u00eautico: &#8220;a pedir ao caixeiro um pacote de algod\u00e3o&#8221; (DF, p. 143);<em> &#8220;<\/em>Dona Norma riu-se pagando a conta do algod\u00e3o&#8221; (DF, p.144). Coment\u00e1rio: Identifica\u00e7\u00e3o concorda com Flora e Funga do Brasil (2024).<\/p><p style=\"text-align: justify;\">Imagens: <a href=\"https:\/\/drive.google.com\/file\/d\/1tpu3qHR1o8MiHnIyYnT57Bwu8EEzIP4g\/view?usp=drive_link\" target=\"_blank\" rel=\"noopener\">H\u00e1bito<\/a>,\u00a0\u00a0<a href=\"https:\/\/drive.google.com\/file\/d\/1dWgOvhYvT4chVEWUDqBW0X-IoWp5rWeQ\/view?usp=drive_link\" target=\"_blank\" rel=\"noopener\">Flor<\/a>, <a href=\"https:\/\/drive.google.com\/file\/d\/1eIZc9SXgyo5pLUGiAI85Lhsirpr4a0HE\/view?usp=drive_link\" target=\"_blank\" rel=\"noopener\">Fruto<\/a><\/p><p style=\"text-align: justify;\"><strong>Algodoal<\/strong> s.m. <em>Gossypium hirsutum<\/em> Linnaeus (Malvaceae). Origem: Naturalizada. Produto agr\u00edcola (planta\u00e7\u00e3o): &#8220;entra pelas fazendas, cafezais, algodoais, mandiocais e milharais&#8221; (CE, p. 211). Coment\u00e1rio: cf. Algod\u00e3o.<\/p><p style=\"text-align: justify;\"><strong>Alho<\/strong> s.m. <em>Allium sativum<\/em> Linnaeus (Amaryllidaceae). Origem: Cultivada. Alimento (Tempero): &#8220;uma x\u00edcara de leite de coco, puro, sem \u00e1gua; uma x\u00edcara de azeite de dend\u00ea [&#8230;] Para o molho: tr\u00eas dentes de alho [&#8230;]o gengibre com o coco, o sal com a pimenta, o alho com a castanha&#8221; (DF, p. 19); &#8220;Ralem duas cebolas, amassem o alho no pil\u00e3o; cebola e alho n\u00e3o empestam, n\u00e3o, senhoras, s\u00e3o frutos da terra, perfumados&#8221; (DF, p.20); &#8220;Tomem do sal, do coentro, do alho e da cebola, alguns tomates e o suco de um lim\u00e3o&#8221; (DF, p. 135); &#8220;sal, lim\u00e3o, alho, cebola, tomate, pimenta, e azeite, azeite doce \u00e0 vontade&#8221; (DF, p.105); Padr\u00e3o de odor: &#8220;seu ativo cheiro de alho&#8221; (GCC, p. 27); &#8220;desde o inquilino at\u00e9 o cheiro de alho&#8221; (S, p. 14). Coment\u00e1rio: Identifica\u00e7\u00e3o concorda com Flora de Funga do Brasil (2024).<\/p><p style=\"text-align: justify;\">Imagens: <a href=\"https:\/\/drive.google.com\/file\/d\/1KHq_KtDfMA4bqqoGy9N-etgZCrb9UGpd\/view?usp=drive_link\" target=\"_blank\" rel=\"noopener\">H\u00e1bito<\/a>,\u00a0\u00a0<a href=\"https:\/\/drive.google.com\/file\/d\/1NaZj3mE8YGEJJgu6oi7Qk5GVm5roucFj\/view?usp=drive_link\" target=\"_blank\" rel=\"noopener\">Bulbos<\/a>, <a href=\"https:\/\/drive.google.com\/file\/d\/1_mLG5mfYwl2HFPxBeUTGTEs0MvHStovv\/view?usp=drive_link\" target=\"_blank\" rel=\"noopener\">Bulbo vista superior<\/a>, <a href=\"https:\/\/drive.google.com\/file\/d\/1WoLwEk1CjM133ZQFcMunTRiEzNRg_SXl\/view?usp=drive_link\" target=\"_blank\" rel=\"noopener\">Bulbo vista lateral<\/a><\/p><p style=\"text-align: justify;\"><strong>Ameixa<\/strong> s.f. Esp\u00e9cie indeterminada (Fam\u00edlia indeterminada). Origem indeterminada. Alimento: &#8220;foi encontr\u00e1-lo embaixo das arvores do jardim comendo &#8216;ameixas'&#8221; (CA, p. 223). Coment\u00e1rio: N\u00e3o parece tratar-se da ameixa comum (<em>Prunus<\/em> sp.). Corr\u00eaa (1978[1926], p. 88-91), associa diversos nomes cient\u00edficos a este vern\u00e1culo relacionado a diferentes fam\u00edlias (Olacaceae, Rosaceae,Salicaceae, Apocynaceae); Menezes (1949, p. 21) acrescenta Magnoliaceae. Silva et al. (1979, p. 72-73), relaciona <em>Ximenia<\/em> <em>americana<\/em> L. (Ximeniaceae) ao vern\u00e1culo Ameixeira-da-Bahia, concordando com Menezes (1949, p. 20), diferindo, por\u00e9m, de Corr\u00eaa (1978[1926], v. 1, \u00a0p. 90-91) que atribui a esta esp\u00e9cie o nome Ameixeira-do-Brasil.<\/p><p style=\"text-align: justify;\"><strong>Amendoim<\/strong> s.m. <em>Arachis hypogaea<\/em> Linnaeus (Fabaceae [Leguminosae]). Origem: Naturalizada. Alimento (Tempero): &#8220;moam amendoins, camar\u00f5es secos, castanhas de caju, gengibre, sem esquecer a pimenta malagueta ao gosto do fregu\u00eas&#8221; (DF, p. 135); Alimento (Tempero er\u00f3tico): &#8220;se o vatap\u00e1, forte de gengibre, pimenta, amendoim&#8221; (DF, p. 135); &#8220;Jamais necessitei de gengibre e amendoim [&#8230;] Vi\u00fava no fog\u00e3o a cozinhar o vatap\u00e1, pesando o gengibre, o amendoim, a malagueta, e t\u00e3o somente&#8221; (DF, p. 136). Coment\u00e1rio: Identifica\u00e7\u00e3o concorda com Flora e Funga do Brasil (2024).<\/p><p style=\"text-align: justify;\">Imagens: <a href=\"https:\/\/drive.google.com\/file\/d\/1csQu70-VZhXr-UONHa1IqI6Y6LQFqAbi\/view?usp=drive_link\" target=\"_blank\" rel=\"noopener\">H\u00e1bito<\/a>, <a href=\"https:\/\/drive.google.com\/file\/d\/1_n_d825GrqoiQk7_uhGOw8pqVsOnFMr5\/view?usp=drive_link\" target=\"_blank\" rel=\"noopener\">Flor<\/a>,\u00a0 <a href=\"https:\/\/drive.google.com\/file\/d\/1upv3UtwDyEqnZLnZo3U-uQQzLJpxnulW\/view?usp=drive_link\" target=\"_blank\" rel=\"noopener\">Fruto fechado<\/a><\/p><p style=\"text-align: justify;\"><strong>Amoreira<\/strong> s.f. <em>Morus nigra<\/em> Linnaeus (Moraceae). Origem: Cultivada. Topofit\u00f4nimo: &#8220;na Amoreira&#8221; (DF, p. 215). Coment\u00e1rio: Identifica\u00e7\u00e3o concorda com Flora de Funga do Brasil (2024).<\/p><p style=\"text-align: justify;\">Imagens: <a href=\"https:\/\/drive.google.com\/file\/d\/1wHWTJkEQQKoispGtiwEI_n-WX44XHyKR\/view?usp=drive_link\" target=\"_blank\" rel=\"noopener\">Flor estaminada<\/a>, <a href=\"https:\/\/drive.google.com\/file\/d\/1GtWSoaLo6GeZmO5jZ-45fAagDU6U1V0R\/view?usp=drive_link\" target=\"_blank\" rel=\"noopener\">Flor pistilada<\/a>, <a href=\"https:\/\/drive.google.com\/file\/d\/1_W5ychgXVM7b4aRYq4bbQcJFl5OpCHqQ\/view?usp=drive_link\" target=\"_blank\" rel=\"noopener\">Fruto<\/a><\/p><p style=\"text-align: justify;\"><strong>Ananaz<\/strong> s.m. <em>Ananas<\/em> <em>comosus<\/em> (Linnaeus) Merril (Bromeliaceae). Origem: Nativa. Caracter\u00edstica brasileira: &#8220;Mira los ananazes, por ejemplo&#8221; (DF, p. 131). Coment\u00e1rios: Corr\u00eaa (1978[1926], v. 1, p. 108-111) relaciona o nome vern\u00e1culo \u201cAnanaz\u201d com <em>Ananas<\/em> <em>sativus<\/em> Schult. Menezes (1949, p. 22) traz <em>Ananassa<\/em> <em>sativus<\/em> Schult., considerando-a como esp\u00e9cie \u201cmater\u201d do abacaxi. Silva et al. (1979, p. 81) traz o nome <em>Bromelia<\/em> <em>ananas<\/em> L. Os tr\u00eas trabalhos consideram uma esp\u00e9cie nativa do Brasil. Tais nomes s\u00e3o citados na Flora e Funga do Brasil (2024), como sin\u00f4nimos de <em>Ananas<\/em> <em>comosus<\/em> (L.) Merr.<\/p><p style=\"text-align: justify;\"><strong>Ang\u00e9lica<\/strong> s.f. Esp\u00e9cie indeterminada (Fam\u00edlia indeterminada). Origem indeterminada. Mentira: &#8220;d\u00fazia de ang\u00e9licas de escolha trabalhosa&#8221; (DF, p. 143). Coment\u00e1rios: \u00c9 o nome vern\u00e1culo de v\u00e1rias esp\u00e9cies de fam\u00edlias diferentes como <em>Angelica<\/em> <em>archangelica<\/em> L. (Apiaceae); <em>Guettarda<\/em> <em>argentea<\/em> Lam. (Rubiaceae), <em>Polianthes<\/em> <em>tuberosa<\/em> L. (Amaryllidaceae), de acordo com Corr\u00eaa (1978[1926], v. 1, p. 115-116). Menezes (1949, p. 22-23) associa tamb\u00e9m \u00e0s esp\u00e9cies <em>Schubertia<\/em> <em>multiflora<\/em> Mart. (Apocynaceae) e <em>Guettarda<\/em> <em>angelica<\/em> Mart. ex Muell. Arg. (Rubiaceae).<\/p><p style=\"text-align: justify;\"><strong>Ara\u00e7\u00e1<\/strong> s.m. Esp\u00e9cie indeterminada (Myrtaceae). Origem: Nativa. Antropofit\u00f4nimo: &#8220;Pl\u00ednio Ara\u00e7\u00e1&#8221; (GCC, pp. 136, 137, 144, 157, 192, 250, 252, 265, 296). Ingrediente de bebida alco\u00f3lica: &#8220;Marilda e a empregada serviam licores feitos em casa: de ovos, de violetas, de groselha, de umbu, de ara\u00e7\u00e1&#8221; (DF, p. 152). Coment\u00e1rios: nome vern\u00e1culo de diversas esp\u00e9cies, pertencentes a g\u00eaneros diferentes (<em>Psidium<\/em>, <em>Campomanesia<\/em>), geralmente inclusas entre as Myrtaceae (MENEZES, 1949 p. 25; SILVA et al., 1979 p. 104-108); Corr\u00eaa (1978[1926], v. 1, p. 139-143) acrescenta algumas poucas esp\u00e9cies pertencentes \u00e0s Melastomataceae e Rubiaceae.<\/p><p style=\"text-align: justify;\"><strong>Arroz<\/strong> s.m. <em>Oryza sativa<\/em> Linnaeus (Poaceae [Gramineae]) Origem: Cultivada. Alimento: &#8220;arroz de hauss\u00e1&#8221; (GCC, p. 36); &#8220;arroz sem sal&#8221; (DF, p. 101); &#8220;Dona Flor observou o marido enquanto lhe passava a travessa de arroz&#8221; (DF, p. 211); &#8220;quase perde o ponto do arroz de hauss\u00e1&#8221; (DF, p.232). Alimento (almo\u00e7o): &#8220;da carne de sol assada, do arroz, do feij\u00e3o, do doce de banana em rodinhas&#8221; (GCC, p. 111). Alimento (sobremesa): &#8220;um arroz-doce&#8221; (DF, p. 145). Cosm\u00e9tico: &#8220;pondo p\u00f3-de-arroz&#8221; (DF, p. 190). Coment\u00e1rio: Identifica\u00e7\u00e3o concorda com Flora de Funga do Brasil (2024).<\/p><\/div>\n\t\t\t\t\t\t\t\t\t<div class=\"elementor-tab-title elementor-tab-mobile-title\" aria-selected=\"false\" data-tab=\"2\" role=\"tab\" tabindex=\"-1\" aria-controls=\"elementor-tab-content-2622\" aria-expanded=\"false\">B<\/div>\n\t\t\t\t\t<div id=\"elementor-tab-content-2622\" class=\"elementor-tab-content elementor-clearfix\" data-tab=\"2\" role=\"tabpanel\" aria-labelledby=\"elementor-tab-title-2622\" tabindex=\"0\" hidden=\"hidden\"><p style=\"text-align: justify;\"><strong>Bambu<\/strong> s.m. Esp\u00e9cie indeterminada (Poaceae [Gramineae]) Origem indeterminada. Caracter\u00edstica psicol\u00f3gica humana (fragilidade): &#8220;seu corpo enorme parece um fr\u00e1gil bambu&#8221; (TSF, p. 106). Coment\u00e1rios: Corr\u00eaa (1978[1926], v. 1, p. 245) e Menezes (1979, p. 33) associam este nome \u00e0 <em>Bambusa<\/em> <em>arundinacea<\/em> Willd., que atualmente \u00e9 sin\u00f4nimo de <em>Bambusa<\/em> <em>bambos<\/em> (L.) Voss. (cf. WFO). A maioria das esp\u00e9cies com este nome, pertence ao g\u00eanero <em>Bambusa<\/em>, mas existem outros g\u00eaneros (<em>Dendrocalamus<\/em>, <em>Phyllostachys<\/em>) de Poaceae assim nomeados.<\/p><p style=\"text-align: justify;\"><strong>Banana<\/strong> s.f. <em>Musa paradisiaca<\/em> Linnaeus (Musaceae). Origem: Cultivada. Alimento: &#8220;moquecas de aratu em folhas de banana, cocadas&#8221; (DF, p. 178). Alimento (Almo\u00e7o): &#8220;da carne de sol assada, do arroz, do feij\u00e3o, do doce de banana em rodinhas&#8221; (GCC, p. 111). Alimento (desejum): &#8220;sublimes as talhadas de banana frita.&#8221; (GCC, p. 108). Amea\u00e7a f\u00edsica: &#8220;Bem no meio da rua, pisou na casca de banana, escorregou e foi ao ch\u00e3o, sujando a roupa branca&#8221; (S, p. 20). Caracter\u00edstica psicol\u00f3gica humana (homem n\u00e3o vigoroso): &#8220;Teu irm\u00e3o \u00e9 um molengas, um banana&#8221; (DF, p. 255). Homem (p\u00eanis): &#8220;sen\u00e3o todo um cacho de bananas&#8221; (DF, p. 24). Mercadoria: &#8220;sacos de alva farinha de mandioca. Bananas cor de ouro, ab\u00f3boras amarelas, verdes jil\u00f3s, quiabos, laranjas.&#8221; (GCC, p. 48); &#8220;que v\u00eam para vender sua farinha, seu milho, suas bananas e laranjas&#8221; (TSF, p. 198); &#8220;Hoje, essa casa transformou-se num sobradinho com uma quitanda embaixo, bem fornecida de bananas e laranjas&#8221; (S, p. 19). Objeto de desejo: &#8220;que n\u00e3o podia correr com eles, nem tomar parte nos furtos de banana e sapoti&#8221; (S, p. 20). Coment\u00e1rio: Identifica\u00e7\u00e3o concorda com Flora de Funga do Brasil (2024).<\/p><p style=\"text-align: justify;\">Imagens: <a href=\"https:\/\/drive.google.com\/file\/d\/1cxwtmbYkP8Bx3_j8LXr9HHcJz5YgsLPG\/view?usp=drive_link\" target=\"_blank\" rel=\"noopener\">Infloresc\u00eancia e frutos imaturos<\/a>, <a href=\"https:\/\/drive.google.com\/file\/d\/15mKJgZw79o6LyqQh-YZ7CM06_nVc4WEr\/view?usp=drive_link\" target=\"_blank\" rel=\"noopener\">Frutos maduros<\/a><\/p><p style=\"text-align: justify;\"><strong>Banana-da-terra<\/strong> s.f. <em>Musa paradisiaca<\/em> Linnaeus (Musaceae). Origem: Cultivada. Alimento (desejum): &#8220;Sobre a alva toalha, cuscuz de milho com leite de coco, banana-da-terra frita, inhame, aipim&#8221; (GCC, p. 108).<\/p><p style=\"text-align: justify;\">imagem: <a href=\"https:\/\/drive.google.com\/file\/d\/1U9x3NF6u1womc1J4SGBPDhqmKBGLc94R\/view?usp=drive_link\" target=\"_blank\" rel=\"noopener\">Fruto<\/a>\u00a0 \u00a0<\/p><p style=\"text-align: justify;\"><strong>Bananal<\/strong> s.m. <em>Musa paradisiaca<\/em> Linnaeus (Musaceae). Origem: Cultivada. Produto agr\u00edcola (planta\u00e7\u00e3o): &#8220;que ia buscar jaca mole nas grandes jaqueiras, cachos de banana-ouro nos bananais onde viviam as cobras&#8221; (TSF, p. 60); &#8220;nem banana-ouro que o negro ia buscar nos bananais&#8221; (TSF, p. 66).<\/p><p style=\"text-align: justify;\">Imagens: <a href=\"https:\/\/drive.google.com\/file\/d\/1UEa13u7Qwb_LLBdXXkDnpQT8JRsgBgbh\/view?usp=drive_link\" target=\"_blank\" rel=\"noopener\">paisagem<\/a><\/p><p style=\"text-align: justify;\"><strong>Banana-ouro<\/strong> s.f. <em>Musa paradisiaca<\/em> Linnaeus (Musaceae). Origem: Cultivada. Alimento: &#8220;que ia buscar jaca mole nas grandes jaqueiras, cachos de banana-ouro nos bananais onde viviam as cobras&#8221; (TSF, p. 60); &#8220;nem banana-ouro que o negro ia buscar nos bananais&#8221; (TSF, p. 66).<\/p><p style=\"text-align: justify;\"><strong>Bara\u00fana<\/strong> s.f. <em>Schinopsis brasiliensis<\/em> Engler (Anacardiaceae). Origem: Nativa. Antropofit\u00f4nimo: &#8220;Teodoro das Bara\u00fanas&#8221; (GCC, p. 15); Idem (TSF, pp. 95,96, 106, 157, 180, 189, 229, 234, 237, 239, 240, 243); Topofit\u00f4nimo: &#8220;fazia pra mais de dez anos que trabalhava nas Bara\u00fanas pro coronel Teodoro&#8221; (TSF, p. 87); &#8220;morto das &#8216;Bara\u00fanas'&#8221; (TSF, p. 88); &#8220;Fazenda das Bara\u00fanas&#8221; (TSF, p. 103); &#8220;Ficou uma conta braba de medica\u00e7\u00e3o no armaz\u00e9m das Bara\u00fanas&#8221; (TSF, p. 113); &#8220;que tomou pelo atalho pras Bara\u00fanas&#8221; (TSF, p. 114); &#8220;o propriet\u00e1rio das Bara\u00fanas&#8221; (TSF, p. 123); &#8220;e dar um pulo nas Bara\u00fanas&#8221; (TSF, p. 150); &#8220;dono das Bara\u00fanas&#8221; (TSF, p. 158). Coisa imprest\u00e1vel: &#8220;Aqui s\u00f3 tem mesmo areia. E bara\u00fana.&#8221; (GCC, 213). Coment\u00e1rio: Identifica\u00e7\u00e3o concorda com Flora de Funga do Brasil (2024).<\/p><p style=\"text-align: justify;\">Imagens: <a href=\"https:\/\/drive.google.com\/file\/d\/1HUMNjircjx5gyWLFPyoFsGCG-VXs2loi\/view?usp=drive_link\" target=\"_blank\" rel=\"noopener\">H\u00e1bito<\/a>, <a href=\"https:\/\/drive.google.com\/file\/d\/1bK2C0ukSnV_TFZCxnMEa0tGzV86Fllkr\/view?usp=drive_link\" target=\"_blank\" rel=\"noopener\">Flor<\/a>, <a href=\"https:\/\/drive.google.com\/file\/d\/1_uWRVzPLniUJ2V12_JZXm89BFD-61kl0\/view?usp=drive_link\" target=\"_blank\" rel=\"noopener\">Fruto<\/a><\/p><p style=\"text-align: justify;\"><strong>Barriguda<\/strong> s.f. Esp\u00e9cie indeterminada (Malvaceae). Origem: Nativa. Material de mobili\u00e1rio: &#8220;colch\u00e3o de l\u00e3 de barriguda&#8221; (GCC, p. 161); &#8220;a cama de colch\u00e3o de barriguda&#8221; (DF, p. 145). Coment\u00e1rios: Este nome \u00e9 geralmente associado \u00e0s esp\u00e9cies de Malvaceae (Bombacoideae) que apresentam um intumescimento no caule. Dois g\u00eaneros podem ser associados: <em>Cavanillesia<\/em> e <em>Ceiba<\/em>. Ambos apresentam as sementes comosas, ou seja, envoltas por tricomas chamados popularmente \u2018paina\u2019 que lembra uma l\u00e3, sendo utilizada para o enchimento de colch\u00f5es e travesseiros (cf. CORR\u00caA, 1978[1926], v. 1, p. 270-271; MENEZES, 1949, p. 36).\u00a0<\/p><p style=\"text-align: justify;\"><strong>Batata-doce<\/strong> s.f. <em>Ipomoea batatas<\/em> (Linnaeus) Lamarck (Convolvulaceae). Origem: Naturalizada. Produto agr\u00edcola (subsist\u00eancia): &#8220;cultivavam mandioca milho, batata doce, inhame&#8221; (GCC, p. 267); &#8220;Com a mandioca e o milho, a batata doce e o aipim, n\u00e3o conseguiam viver&#8221; (GCC, p. 267). Coment\u00e1rio: Identifica\u00e7\u00e3o concorda com Flora de Funga do Brasil (2024).<\/p><p style=\"text-align: justify;\">Imagens: <a href=\"https:\/\/drive.google.com\/file\/d\/1Y9U9VB2PCPI-GJCMexp_zzU5wM099neU\/view?usp=drive_link\" target=\"_blank\" rel=\"noopener\">H\u00e1bito<\/a>,\u00a0\u00a0<a href=\"https:\/\/drive.google.com\/file\/d\/1iMoY_InhopKMqc2sM52bZlthBic-ZbEt\/view?usp=drive_link\" target=\"_blank\" rel=\"noopener\">Ra\u00edzes tuberosas<\/a><\/p><p style=\"text-align: justify;\"><strong>Batata-do-reino<\/strong> s.f. <em>Solanum tuberosum<\/em> Linnaeus (Solanaceae). Origem: Cultivada. Alimento: &#8220;Este prato deve ser servido com batatas do reino cozidas em \u00e1gua sem sal, ou farofa branca recoberta de coentro&#8221; (DF, p. 105). \u00a0<\/p><p style=\"text-align: justify;\">Imagens: <a href=\"https:\/\/drive.google.com\/file\/d\/1tgopIvo4miWyAdcwUfzfsyOnTWBEkara\/view?usp=drive_link\" target=\"_blank\" rel=\"noopener\">Tub\u00e9rculos<\/a><\/p><\/div>\n\t\t\t\t\t\t\t\t\t<div class=\"elementor-tab-title elementor-tab-mobile-title\" aria-selected=\"false\" data-tab=\"3\" role=\"tab\" tabindex=\"-1\" aria-controls=\"elementor-tab-content-2623\" aria-expanded=\"false\">C<\/div>\n\t\t\t\t\t<div id=\"elementor-tab-content-2623\" class=\"elementor-tab-content elementor-clearfix\" data-tab=\"3\" role=\"tabpanel\" aria-labelledby=\"elementor-tab-title-2623\" tabindex=\"0\" hidden=\"hidden\"><p style=\"text-align: justify;\"><strong>Caba\u00e7a<\/strong> s.f. <em>Lagenaria siceraria<\/em> (Molina) Standl. (Cucurbitaceae). Origem: Cultivada. Antropofit\u00f4nimo: &#8220;o mendigo Caba\u00e7a cria um rato de estima\u00e7\u00e3o&#8221; (S, p. 2); &#8220;Boa noite, Caba\u00e7a [&#8230;] Caba\u00e7a sentou-se, estirando as pernas [&#8230;] A negra riu e Caba\u00e7a continuou [&#8230;]&#8221; (S, p. 24); &#8220;Caba\u00e7a n\u00e3o ligou [&#8230;] Caba\u00e7a cortou o acaraj\u00e9 em peda\u00e7os pequenos [&#8230;] Caba\u00e7a enrolou-se na colcha&#8221; (S, p. 25); &#8220;Ah! J\u00e1 sei! Caba\u00e7a e esse gringo velho vivem falando nisso&#8221; (S, p. 26); &#8220;Caba\u00e7a garantia, que mendigando, Artur faria bom dinheiro&#8221; (S, p. 30); &#8220;Voc\u00ea \u00e9 que t\u00e1 bem, Caba\u00e7a. Trepa com esse rat\u00e3o&#8221; (S, p. 35); &#8220;Quando Caba\u00e7a j\u00e1 estava na porta&#8221; (S, p. 56); &#8220;Caba\u00e7a, o mendigo que dormia sob a escada&#8221; (S, p. 67); &#8220;trope\u00e7ava em Caba\u00e7a&#8221; (S, 69); &#8220;cuscuz e munguz\u00e1 na porta da rua notava o crescimento di\u00e1rio da ferida no p\u00e9 de Caba\u00e7a [&#8230;] A preta velha avisou \u00e0 Assist\u00eancia que, numa manh\u00e3 enevoada, recolheu Caba\u00e7a, apesar dos seus berros e dos seus protestos [&#8230;] Caba\u00e7a n\u00e3o estava com o acaraj\u00e9 sem pimenta&#8221; (S, p. 77); &#8220;Caba\u00e7a&#8230; Voc\u00ea n\u00e3o conhecia Caba\u00e7a? Um velho, com uma ferida na perna&#8230;[&#8230;] \u2014 Caba\u00e7a&#8230; T\u00e1 na Assist\u00eancia, muito mal [&#8230;] \u2014 Quem? Caba\u00e7a? Se importava com qu\u00ea? [&#8230;] Caba\u00e7a deixou um cobertor [&#8230;] Eu gostava de Caba\u00e7a [&#8230;] Todo santo dia Caba\u00e7a comprava um acaraj\u00e9 pro rato [&#8230;] Mas isso de criar rato s\u00f3 vi o Caba\u00e7a&#8221; (S, p. 79). \u00a0Coment\u00e1rios: Menezes (1949, p. 44) associa este nome \u00e0 esp\u00e9cie <em>Cucurbita<\/em> <em>lagenaria<\/em> L. que atualmente \u00e9 sin\u00f4nimo de <em>Lagenaria<\/em> <em>siceraria<\/em>\u00a0 (Molina) Standl., da mesma fam\u00edlia (cf. WFO). Identifica\u00e7\u00e3o concorda com Flora de Funga do Brasil (2024).<\/p><p style=\"text-align: justify;\">imagens: <a href=\"https:\/\/drive.google.com\/file\/d\/1XRx1DUBdOvWl7Lkqj2fu-RhNW--EuI-N\/view?usp=drive_link\" target=\"_blank\" rel=\"noopener\">Flor estaminada<\/a>, <a href=\"https:\/\/drive.google.com\/file\/d\/1XxIyjHmfIAxssa_PRP7rnAqwQlS3lGyf\/view?usp=drive_link\" target=\"_blank\" rel=\"noopener\">Flor pistilada<\/a>, <a href=\"https:\/\/drive.google.com\/file\/d\/1Hady9W_O5qkRQHP2GsNn-MsbYIU-nhV1\/view?usp=drive_link\" target=\"_blank\" rel=\"noopener\">Fruto Imaturo<\/a><\/p><p style=\"text-align: justify;\"><strong>Caba\u00e7al<\/strong> s.m. <em>Lagenaria siceraria<\/em> (Molina) Standl. (Cucurbitaceae). Origem: Cultivada. Topofit\u00f4nimo: &#8220;Entre o rio Sepotuba e Caba\u00e7al n\u00e3o h\u00e1 caminhos&#8221; (CE, p. 205). \u00a0<\/p><p style=\"text-align: justify;\"><strong>Caba\u00e7u<\/strong> s.m. <em>Genipa americana<\/em> Linnaeus (Rubiaceae). Origem: Nativa. Antropofit\u00f4nimo: &#8220;Que fossem dizer isso a Maria Caba\u00e7u.&#8221; (S, p. 98); &#8220;enquanto l\u00e1 em cima Maria Caba\u00e7u ria a sua gargalhada estrondosa na qual havia algo de infantil [&#8230;] Faltava-lhe, por\u00e9m, coragem para falar com Maria Caba\u00e7u sobre mudan\u00e7a [&#8230;] A\u00ed Maria Caba\u00e7u se bandeou para o Vermelho [&#8230;] Mudou-se numa noite, na outra foi dormir com Maria Caba\u00e7u [&#8230;] Maria Caba\u00e7u se contentou em sorrir [&#8230;] deixou a cara de Maria Caba\u00e7u escorrendo sangue de tanto bofet\u00e3o [&#8230;] Maria Caba\u00e7u&#8230;&#8221; (S, p. 99); &#8220;Maria Caba\u00e7u procurou-o por toda parte, n\u00e3o para se vingar&#8221; (S, p. 100). Coment\u00e1rios: Menezes (1949, p. 44) relaciona este nome ao \u201cGenipapo\u201d. \u00a0<\/p><p style=\"text-align: justify;\">imagens: <a href=\"https:\/\/drive.google.com\/file\/d\/13YX6S3KgkE8BL6jJadUfqHWCv1iUD4Cl\/view?usp=drive_link\" target=\"_blank\" rel=\"noopener\">H\u00e1bito<\/a>, <a href=\"https:\/\/drive.google.com\/file\/d\/18MiAteuiL1GV8RiHQHxmfThmbEqTJMES\/view?usp=drive_link\" target=\"_blank\" rel=\"noopener\">Flor<\/a>, <a href=\"https:\/\/drive.google.com\/file\/d\/1SJ5tDaTAVEGab_dC_fKBiuEWay4J3H2P\/view?usp=drive_link\" target=\"_blank\" rel=\"noopener\">Fruto<\/a><\/p><p style=\"text-align: justify;\"><strong>Cacatial<\/strong> s.m. <em>Theobroma cacao<\/em> Linnaeus (Malvaceae). Origem: Naturalizada. Produto agr\u00edcola (planta\u00e7\u00e3o): &#8220;substituindo as flores nos cacatiais&#8221; (GCC, p. 10). \u00a0<\/p><p style=\"text-align: justify;\"><strong>Cacau<\/strong> s.m. <em>Theobroma cacao<\/em> Linnaeus (Malvaceae). Origem: Naturalizada. Produto agr\u00edcola: &#8220;Fora o coronel Coriolano Ribeiro dos primeiros a atirar-se \u00e0s matas e a plantar cacau&#8221; (GCC, p. 86); &#8220;o plantio de cacau novo&#8221; (GCC, p. 96); &#8220;Nas ro\u00e7as, os frutos de cacau punham-se de vez&#8221; (GCC, p. 125); &#8220;esse ano \u00e9 cacau de dar gosto&#8221; (GCC, p. 141); &#8220;os trabalhadores colhiam os cocos de cacau [&#8230;] Amontoavam-se os gr\u00e3os de cacau [&#8230;] apenas a tropa de cacau mole atingia a estrada&#8221; (GCC, p. 152); &#8220;nos cochos de cacau mole [&#8230;] numa dan\u00e7a de passos mi\u00fados revolvendo o cacau ao sol&#8221; (GCC, p. 162); &#8220;Nunca vi tanto cacau&#8230;&#8221; (GCC, p. 171); &#8220;O cacau est\u00e1 seco [&#8230;] E assim mesmo s\u00f3 faz cacau em p\u00f3&#8221; (GCC, p. 173); &#8220;o cacau secando nas barca\u00e7as e estufas&#8221; (GCC, p. 213); &#8220;trouxera t\u00e9cnicos para a poda do cacau&#8221; (GCC, p. 218); &#8220;Quando estavam come\u00e7ando a plantar as fr\u00e1geis mudas de cacau&#8221; (GCC, p. 268); &#8220;plantar cacau, milho e mandioca [&#8230;] at\u00e9 que o cacau come\u00e7asse a frutificar&#8221; (TSF, p. 20); &#8220;plantaria uma ro\u00e7a de cacau&#8221; (TSF, p. 21); &#8220;eu e Joaquim enchemos mata e mata de cacau [&#8230;] plantamos mais que mesmo um bando de jupar\u00e1 que \u00e9 bicho que planta cacau\u2026&#8221; (TSF, p. 23); &#8220;ficaram at\u00e9 com o cacau que j\u00e1 tava secando&#8221; (TSF, p. 24); &#8220;derrubando mata pra plantar cacau [&#8230;] D\u00e1 muito cacau&#8221; (TSF, p. 29); &#8220;cacau \u00e9 uma lavoura nova [&#8230;] mas a terra daqui \u00e9 a melhor do mundo para cacau [&#8230;] n\u00e3o h\u00e1 terra melhor pro cacau&#8221; (TSF, p. 30); &#8220;e estava sonhando com as ro\u00e7as de cacau carregadas de frutos&#8221; (TSF, p. 35); &#8220;a melhor terra do mundo para o plantio do cacau [&#8230;] via as ro\u00e7as de cacau se estendendo na terra onde antes fora a mata [&#8230;] nada mais belo no mundo que as ro\u00e7as de cacau&#8221; (TSF, p. 40); &#8220;via novamente toda aquela terra negra plantada de cacau&#8221; (TSF, p. 41); &#8220;Fora uma quest\u00e3o de contrato de cacau [&#8230;] plantaram cacau e, entre o cacau, a mandioca, o milho de que iam viver os tr\u00eas anos de espera at\u00e9 que os cacaueiros crescessem [&#8230;] e vingado de cacau&#8221; (TSF, p. 42); &#8220;n\u00e3o v\u00ea ele que tinha, \u00f3timas matas em terrenos excelentes para o plantio de cacau? [&#8230;] Fizeram as contas dos p\u00e9s de cacau que haviam vingado [&#8230;] , da terra plantada come\u00e7aram a surgir as mudas de cacau [&#8230;] Pelo dinheiro do contrato de cacau?&#8221; (TSF, p. 43); &#8220;a casa perdida entre as ro\u00e7as de cacau&#8221; (TSF, p. 46); &#8220;onde o cacau seca ao sol,pisa&#8221; (TSF, p. 47); &#8220;as ro\u00e7as de cacau [&#8230;] revolvendo o cacau mole&#8221; (TSF, p. 48); &#8220;as arrobas de cacau&#8221; (TSF, p. 49); &#8220;ele trazia na m\u00e3o um pequeno coco de cacau&#8221; (TSF, p. 53); &#8220;o pequeno coco de cacau na m\u00e3o&#8221; (TSF, p. 54); &#8220;que ningu\u00e9m conhece terra para cacau como eu&#8221; (TSF, p. 56); &#8220;Pois eu te digo que n\u00e3o h\u00e1 terra melhor pra lavoura de cacau que as de Sequeiro Grande.&#8221; (TSF, p. 56); &#8220;n\u00e3o h\u00e1 terra pra cacau como as de Sequeiro Grande [&#8230;] Se aquela terra retratada na oleo gravura fosse boa para o cultivo do cacau&#8221; (TSF, p. 57); &#8220;quando cortava os cocos de cacau nas ro\u00e7as&#8221; (TSF, p. 60); &#8220;sobre o estado do cacau mole&#8221; (TSF, p. 67); &#8220;colhendo cacau&#8221; (TSF, p. 70); &#8220;j\u00e1 estavam sendo preparadas as mudas de cacau&#8221; (TSF, p. 77); &#8220;que mesmo com as ro\u00e7as de cacau [&#8230;] e estar na ro\u00e7a colhendo cacau [&#8230;] o visgo do cacau mole se grudava nele&#8221; (TSF, p. 78); &#8220;S\u00f3 restava mesmo o visgo de cacau mole preso na sola dos p\u00e9s [&#8230;] onde as mudas de cacau come\u00e7avam a virar troncos&#8221; (TSF, p. 79); &#8220;voltava pela ro\u00e7a de cacau&#8221; (TSF, p. 80); &#8220;e ele continuava a colher cacau nas ro\u00e7as [&#8230;] que o de trabalhador de ro\u00e7a de cacau\u2026&#8221; (TSF, p. 87); &#8220;essa mata do Sequeiro Grande \u00e9 terra boa pra cacau&#8221; (TSF, p. 95); &#8220;Daqui uns tempos vai ser tudo p\u00e9 de cacau\u2026&#8221; (TSF, p. 97); &#8220;que naquelas terras iam crescer os p\u00e9s de cacau&#8221; (TSF, p. 101); &#8220;que v\u00e3o colher o cacau das ro\u00e7as de Sequeiro Grande&#8221; (TSF, p. 103); &#8220;para plantar a \u00e1rvore do cacau [&#8230;] assistiu ao nascimento dos primeiros p\u00e9s de cacau&#8221; (TSF, p. 105); &#8220;plantar cacau na terra&#8221; (TSF, p. 107); &#8220;Carne vai ser estrume de p\u00e9 de cacau&#8221; (TSF, p. 108); &#8220;pras planta\u00e7\u00f5es de cacau&#8221; (TSF, p. 109); &#8220;onde era depositado o seu cacau seco&#8221; (TSF, p. 117); &#8220;Mas o cacau n\u00e3o s\u00f3 liquidou os alambiques [&#8230;] com o andar r\u00e1pido da lavoura do cacau&#8221; (TSF, p. 118); &#8220;Ferradas nascera em torno do armaz\u00e9m de cacau [&#8230;] ele precisava de um dep\u00f3sito onde juntar o cacau [&#8230;] que vinham conduzindo tropa de cacau [&#8230;] os burros vigiados por causa dos ladr\u00f5es de cacau&#8221; (TSF, p. 119); &#8220;cacau e mais cacau se depositava nos armaz\u00e9ns [&#8230;] armaz\u00e9ns onde o cacau era depositado&#8221; (TSF, p. 124); &#8220;e com sua ro\u00e7a de cacau&#8221; (TSF, p. 125); &#8220;que colhia suas mil arrobas de cacau&#8221; (TSF, 126); &#8220;antes de chegar em casa, ainda parou um momento para reconhecer de quem era o cacau trazido&#8221; (TSF, 147); &#8220;Agora n\u00f3s quer derrubar ela pra plantar cacau&#8221; (TSF, p. 158); &#8220;desde que a lavoura do cacau&#8221; (TSF, p. 170); &#8220;as suas fazendas de cacau [&#8230;] em fazendeiros de cacau&#8221; (TSF, p. 172); &#8220;era assim o porto de S\u00e3o Jorge dos ilh\u00e9us que come\u00e7ava a aparecer nos mapas econ\u00f4micos mais novos coberto por uma planta de cacau&#8221; (TSF, p. 174); &#8220;ao resolver derrubar e plantar de cacau a mata do Sequeiro Grande&#8221; (TSF, p. 176); &#8220;Capit\u00e3o, boto a m\u00e3o no fogo que no mundo inteiro n\u00e3o h\u00e1 terra igual a essa para o plantio do cacau&#8221; (TSF, p. 179) &#8220;antes que os Badar\u00f3s pudessem plantar em paz seu cacau nessas terras&#8221; (TSF, p. 180); &#8220;olhou a fazenda em torno da casa grande, o terreiro, as ro\u00e7as de cacau , com um ar de propriet\u00e1rio [&#8230;] Os trabalhadores partiam todas as manh\u00e3s para as ro\u00e7as, a colher cacau, outros pisavam cacau mole nos cochos ou dan\u00e7avam sobre o cacau seco nas barca\u00e7as [&#8230;] gemidos sob o sol nas ro\u00e7as de cacau&#8221; (TSF, p. 182); &#8220;trazendo a planta do cacau&#8221; (TSF, p. 188); &#8220;boa para o cacau&#8221; (TSF, p. 194);&#8221;para recome\u00e7ar a plantar cacau [&#8230;] Diziam que era o visgo do cacau mole que agarra nos p\u00e9s de um e nunca mais larga (TSF, p. 195); &#8220;que a mata do Sequeiro Grande se transformou em ro\u00e7as de cacau&#8221; (TSF, p. 197); &#8220;que plantaram cacau [&#8230;] hoje s\u00e3o ro\u00e7as de cacau&#8221; (TSF, p. 198); &#8220;esperando ele tamb\u00e9m plantar ro\u00e7a de cacau&#8221; (TSF, p. 216); &#8220;os trabalhadores andavam pelas ro\u00e7as colhendo cacau&#8221; (TSF, p. 220); &#8220;que vai colher cacau&#8221; (TSF, p. 224); &#8220;sua febre cheia de vis\u00f5es de cacau [&#8230;] plantava e colhia cacau no seu del\u00edrio&#8221; (TSF, p. 226); &#8220;As flores do cacau come\u00e7aram a nascer nos troncos e nos galhos [&#8230;] que agora n\u00e3o tinham ro\u00e7a para colher nem cacau para secar&#8221; (TSF, p. 234); &#8220;O cacau \u00e9 boa lavra\u2026&#8221; (TSF, p. 235); &#8220;n\u00e3o poder ver a mata do Sequeiro Grande plantada de cacau&#8221; (TSF, p. 237); &#8220;as mudas de cacau que deviam ser plantadas&#8221; (TSF, p. 239); &#8220;como haviam incendiado uma quantidade de ro\u00e7as de cacau [&#8230;]durante toda aquela luta as ro\u00e7as de cacau haviam sido respeitadas&#8221; (TSF, p. 240); &#8220;olhou pela janela as ro\u00e7as de cacau&#8221; (TSF, p. 249); &#8220;nunca quisera comprar ro\u00e7a de cacau&#8221; (TSF, p. 253); &#8220;partiriam por entre as ro\u00e7as de cacau [&#8230;] para muito longe das ro\u00e7as de cacau&#8221; (TSF, p. 255); &#8220;que entendiam de cacau como ningu\u00e9m [&#8230;] se espantavam do tamanho dos cocos de cacau [&#8230;] a melhor terra do mundo para o plantio do cacau&#8221; (TSF, p. 260); &#8220;que conhecemos nas suas planta\u00e7\u00f5es de cana, de milho, de cacau, de caf\u00e9 e de algod\u00e3o&#8221; (CE, p. 14); &#8220;nas extens\u00f5es das fazendas de fumo, de cacau&#8221; (S, p. 23); &#8220;enquanto esperavam navio que os levasse para a escravid\u00e3o das fazendas de cacau de Ilh\u00e9us&#8221; (S, p. 70); &#8220;Entre os p\u00e9s de cacau&#8221; (GCC, p. 267). Produto agr\u00edcola (esperan\u00e7a de riqueza): &#8220;Botar uma ro\u00e7a, plantar cacau junto n\u00f3s dois? [&#8230;] Muito tinham-lhe contado daquela terra do cacau para onde iam [&#8230;] plantar cacau&#8221; (GCC, p. 67); os mais pobres entre quantos deixavam suas casas e suas terras no apelo do cacau (GCC, p. 96); &#8220;tanto pra trabalhar nas ro\u00e7as de cacau [&#8230;] Tem ocupa\u00e7\u00e3o tamb\u00e9m nos armaz\u00e9ns de cacau [&#8230;]Ademais viera com a inten\u00e7\u00e3o de se meter nas ro\u00e7as de cacau&#8221; (GCC, p. 66); &#8220;poderia adquirir a sonhada ro\u00e7a de cacau&#8221; (GCC, p. 266); &#8220;juntando um dinheirinho para comprar uma rocinha de cacau&#8221; (GCC, p. 292); &#8220;terra assim t\u00e3o boa para o cacau nunca existira&#8221; (GCC, p. 293); &#8220;contratar a planta\u00e7\u00e3o de uma ro\u00e7a de cacau&#8221; (GCC, p. 295). Produto agr\u00edcola (explora\u00e7\u00e3o do proletariado): &#8220;Vou colher cacau \/no cacaueiro&#8230;&#8221; (GCC. p. 152); &#8220;Pensa que \u00e9 para eles que eu planto cacau? [&#8230;] ia colhendo cacau&#8221; (GCC, p. 153). Mercadoria: &#8220;em ro\u00e7as de cacau [&#8230;] estava tentado em empregar uma parte do seu capital em fazendas de cacau&#8221; (TSF, p. 30); &#8220;iam encher os por\u00f5es do navio com sacos de cacau, fardos de fumo [&#8230;]&#8221; (CA, p. 113); &#8220;com os pre\u00e7os do cacau em constante alta [&#8230;] Cresciam as ro\u00e7as de cacau&#8221;(GCC, p. 10); &#8220;capaz de destruir os rec\u00e9m-nascidos brotos dos cocos de cacau [&#8230;] assistira depois \u00e0 chegada das primeiras mudas de cacau [&#8230;] N\u00e3o imaginando que, com o cacau, chegava a riqueza, um tempo novo para a terra sob sua prote\u00e7\u00e3o&#8221; (GCC, p. 11); &#8220;Aqueles brotos apenas nascidos dos cocos de cacau&#8221; (GCC, p. 12); &#8220;exportador de cacau [&#8230;] transportava cacau de Itabuna Ilh\u00e9us.&#8221; (GCC, p. 13); &#8220;dos caminh\u00f5es transportando cacau [&#8230;] A cultura do cacau dominava todo o sul do estado da Bahia [&#8230;] crescia Ilh\u00e9us, capital do cacau [&#8230;] conduzindo cacau para os armaz\u00e9ns&#8221; (GCC, p. 14); &#8220;Depois que os padres jesu\u00edtas haviam trazido as primeiras mudas de cacau [&#8230;] Quando as matas foram derrubadas e os p\u00e9s de cacau plantados sobre cad\u00e1veres e sangue [&#8230;] sol iria agora dourar os frutos de cacau [&#8230;] o cacau a secar nas barca\u00e7as&#8221; (GCC, p. 15); &#8220;Tinham vindo atra\u00eddos pelo cacau [&#8230;] pre\u00e7o do cacau [&#8230;] Se o cacau subir nem que seja quinhentos r\u00e9is este ano&#8221; (GCC, p. 17); &#8220;Carregadores conduziam sacos de cacau dos armaz\u00e9ns para o navio da &#8216;Bahiana'&#8221; (GCC, p. 19); &#8220;Ilh\u00e9us produz uma grande parte do cacau que se consome no mundo[&#8230;] a renda da exporta\u00e7\u00e3o do cacau fica \u00e9 na cidade da Bahia&#8221; (GCC, 20); &#8220;que nos come\u00e7os da Rep\u00fablica e da lavoura do cacau&#8221; (GCC, p. 22); &#8220;os nomes e os feitos dos homens do cacau&#8221; (GCC, p. 25); &#8220;os frutos jovens de cacau podiam apodrecer nas \u00e1rvores&#8221; (GCC, p. 27); &#8220;no rastro do cacau dando dinheiro&#8221; (GCC, p. 30); &#8220;exportou-se cacau para o mundo&#8221; (GCC, p. 32); &#8220;Ali crescia o cacau.&#8221; (GCC, p. 33); &#8220;exportando cacau&#8221; (GCC, p. 34); &#8220;nuns perigosos neg\u00f3cios de compra e venda de cacau&#8221; (GCC, p. 39); &#8220;Cada saco de cacau que sai do porto da Bahia significa dinheiro para as docas de l\u00e1 [&#8230;] cacau \u00e9 bom neg\u00f3cio&#8221; (GCC, p. 56) &#8220;se cacau n\u00e3o fosse o bom neg\u00f3cio que \u00e9 [&#8230;] os t\u00e9cnicos vindos para a poda do cacau&#8221; (GCC, p. 57); &#8220;J\u00e1 tinham me falado de Ilh\u00e9us, do cacau[&#8230;] Puxa, voc\u00ea chegou outro dia e j\u00e1 \u00e9 o primeiro exportador de cacau [&#8230;] Para eles, \u00e9 plantar e colher cacau.&#8221; (GCC, p. 58); &#8220;comprando cacau&#8221; (GCC, p. 62); &#8220;e logo poderia ele comprar as sonhadas ro\u00e7as de cacau&#8221; (GCC, 79); &#8220;mas sabiam do pre\u00e7o do cacau em alta [&#8230;] descia carregada de sacos de cacau&#8221; (GCC, p. 100); &#8220;todo o cacau para o estrangeiro [&#8230;] quando os grandes cargueiros viessem buscar o cacau no porto de Ilh\u00e9us&#8221; (GCC, p. 101); &#8220;viriam buscar cacau&#8221; (GCC, p. 105); &#8220;o magno problema da exporta\u00e7\u00e3o direta do cacau n\u00e3o existia&#8221; (GCC, p. 112); &#8220;todo o andar t\u00e9rreo ocupado pela ensacagem de cacau&#8221; (GCC, p. 131); &#8220;Prepare-se para ver em breve o cacau de suas fazendas saindo direto de Ilh\u00e9us para a Europa, para os Estados Unidos&#8230; &#8221; (GCC, p. 141); &#8220;Vim aqui para lhe vender meu cacau&#8221; (GCC, p. 143); &#8220;Sou um simples exportador de cacau&#8221; (GCC, p. 159); &#8220;Viera ele pr\u00f3prio lhe vender seu cacau&#8221; (GCC, p. 163); &#8220;Sei que o senhor vendeu seu cacau a ele [&#8230;] compra e exporta cacau&#8221; (GCC, p. 173); &#8220;cacau saindo daqui pro mundo inteiro&#8221; (GCC, p. 174); &#8220;E se aos p\u00e9s de cacau&#8221; (GCC, p. 192); &#8220;trabalhadores abandonavam os sacos de cacau&#8221; (GCC, 213); &#8220;\u00e0quele cais do cacau&#8221; (GCC, p. 286); &#8220;para ali receber diretamente os sacos de cacau&#8221; (GCC, p. 290); &#8220;ensacadores de cacau&#8221; (GCC, p. 291); &#8220;ali compravam o cacau aos fazendeiros&#8221; (TSF, p. 124); &#8220;que traziam cacau chegassem at\u00e9 o centro da cidade [&#8230;] e o cacau entrava na cidade em carro\u00e7as puxadas por cavalos [&#8230;] uma grande parte do cacau&#8221; (TSF, p. 170); &#8220;em busca de caminho para trazer o seu cacau at\u00e9 o porto de Ilh\u00e9us&#8221; (TSF, p. 174); &#8220;v\u00e1rios dormindo j\u00e1 nos dep\u00f3sitos de cacau&#8221; (TSF, p. 183); &#8220;deposito de cacau [&#8230;] uma das tr\u00eas ou quatro firmas que come\u00e7avam a se dedicar \u00e0 exporta\u00e7\u00e3o de cacau [&#8230;] fundaram firmas para a exporta\u00e7\u00e3o de cacau [&#8230;] Criaram uma se\u00e7\u00e3o para o cacau [&#8230;] Ainda eram pequenas as casas exportadoras de cacau [&#8230;] n\u00f3s, aqui, j\u00e1 compramos at\u00e9 este m\u00eas mais cacau que durante todo o ano passado junto [&#8230;] n\u00e3o acredito que o cacau d\u00ea mais de catorze mil r\u00e9is a arroba esse ano [&#8230;] e olhe que, por catorze mil r\u00e9is, \u00e9 melhor plantar cacau que dizer missa cantada\u2026 [&#8230;] quem puder guardar seu cacau, vai ganhar dinheiro muito\u2026&#8221; (TSF, p. 186); &#8220;\u00c9 verdade que se coloca quanto cacau haja\u2026 [&#8230;] O nosso cacau ainda n\u00e3o \u00e9 nada em vista do cacau da Costa d\u2019Ouro [&#8230;] e plantar ela de cacau [&#8230;] Daqui a cinco anos tou-lhe vendendo cacau dessas terras\u2026 [&#8230;] Os Badar\u00f3s vendiam seu cacau [&#8230;] Dinheiro para derrubar a mata e plantar cacau!&#8221; (TSF, p. 187); &#8220;Teriam mais cacau que os ingleses&#8221; (TSF, p. 194); &#8220;e lhes venderia cacau colhido nas ro\u00e7as novas&#8221; (TSF, p. 196); &#8220;o pre\u00e7o do cacau&#8221; (TSF, p. 208); &#8220;incendiou o dep\u00f3sito de cacau seco [&#8230;] botando a perder duzentas e cinquenta arrobas de cacau j\u00e1 vendido&#8221; (TSF, p. 229); &#8220;enquanto que Hor\u00e1cio n\u00e3o vendera sequer metade do seu cacau j\u00e1 colhido nesta safra&#8221; (TSF, p. 230); &#8220;O fogo devorava cart\u00f3rios, planta\u00e7\u00f5es de milho e mandioca, armaz\u00e9ns com cacau se\u00adco, matavam-se homens [&#8230;] propuseram finalmente comprar o cacau mas com uma garantia hipotec\u00e1ria [&#8230;] Mas se recusou a comprar o cacau [&#8230;] e Sinh\u00f4 Badar\u00f3 teve que vender o cacau&#8221; (TSF, p. 240); &#8220;sobre o pre\u00e7o do cacau&#8221; (TSF, p. 250); &#8220;O preto Henrique que suspendia uma saca de cacau no armaz\u00e9m 6&#8221; (S, p. 84); &#8220;Riqueza o cacau rasgava estradas&#8221; (GCC, p. 94); &#8220;n\u00e3o havia lavoura mais pr\u00f3spera que a do cacau [&#8230;] As terras do cacau onde dinheiro era lixo nas ruas&#8221; (GCC, p. 66); &#8220;n\u00e3o saiu para vir trabalhar no cacau, ganhar dinheiro (GCC, p. 67); para poder comprar terras onde plantar cacau [&#8230;] Nacib sonhava com ro\u00e7as de cacau&#8221; (GCC, 94); &#8220;sem ro\u00e7as de cacau&#8221; (GCC, p. 119); &#8220;o sonho de um peda\u00e7o de terra onde plantar cacau ganhava realidade&#8221; (GCC, p. 135); &#8220;os que vivem na ro\u00e7a colhendo cacau&#8221; (GCC, p. 172); &#8220;n\u00e3o era fazendeiro de cacau&#8221; (GCC, p. 187); &#8220;a ro\u00e7a de cacau a aproximar-se [&#8230;] Uma ro\u00e7a de cacau&#8221; (GCC, p. 192); &#8220;montados em seu cacau&#8221; (GCC, 193); &#8220;a quando se tratava de exportador de cacau&#8221; (GCC, p. 202); &#8220;o cacau deve continuar a sair pela Bahia?&#8221; (GCC, p. 219); &#8220;A guerra do cacau&#8221; (GCC, p. 222); &#8220;como se ele fosse um coronel do cacau&#8221; (GCC, p. 280); &#8220;fazendeiro de cacau&#8221; (DF, p. 5, 190); &#8220;esse fazendeiro de cacau ou de tabaco [&#8230;] nem filho de coronel do cacau&#8221; (DF, p. 30) &#8220;se n\u00e3o era nenhuma princesa nem possu\u00eda ro\u00e7a de cacau?&#8221; (DF, p. 31); &#8220;quando enxodozadas com um coronel do cacau&#8221; (DF, 65); &#8220;coron\u00e9is do cacau&#8221; (DF, p. 101); &#8220;herdeira de ro\u00e7as de cacau&#8221; (DF, p.107); &#8220;plantando uma rocinha de cacau&#8221; (DF, p. 117); &#8220;onde os coron\u00e9is do cacau rasgavam notas de quinhentos&#8221; (DF, p. 204); &#8220;rico de cacau e de preconceitos exige que ela abandone o R\u00e1dio&#8221; (DF, p. 237); &#8220;o perdul\u00e1rio do cacau &#8220;(DF, p. 258); &#8220;terras, dinheiro, cacau e morte&#8221; (TSF, p. 15); &#8220;Agripino Doca dissera-lhe maravilhas de Ilh\u00e9us e do cacau&#8221; (TSF, p. 16); &#8220;onde surgira o cacau&#8221; (TSF, p. 17); &#8220;Por\u00e9m, mal ela passava, as conversas reca\u00edam no tema de sempre: cacau&#8221; (TSF, p. 18); &#8220;onde o cacau dava um dinheir\u00e3o&#8221; (TSF, p. 19); &#8220;cacau \u00e9 ouro&#8221; (TSF, p. 30); &#8220;Decididamente ia enriquecer nessas terras do cacau&#8221; (TSF, p. 31); &#8220;Se o cacau der catorze mil r\u00e9is esse ano levo a fam\u00edlia ao Rio\u2026 &#8220;(TSF, 34); &#8220;dono de tantas terras plantadas de cacau&#8221; (TSF, p. 53); &#8220;ela tinha sua ro\u00e7a de cacau&#8221; (TSF, p. 65); &#8220;os Badar\u00f3s tiverem aquelas matas v\u00e3o ter a fazenda maior do mundo, v\u00e3o ter mais cacau que o resto de toda a gente junta&#8221; (TSF, p. 69); &#8220;o tropeiro de agora poderia ter amanh\u00e3 uma grande fazenda de cacau&#8221; (TSF, p. 174); &#8220;ia comer os lucros do cacau&#8221; (TSF, p. 224); &#8220;Os outros era o cacau quem prendia, a ambi\u00e7\u00e3o de dinheiro&#8221; (TSF, p. 253); &#8220;os homens do cacau da Bahia&#8221; (CE, p. 89); &#8220;esse cacau t\u00e3o falado, que a tantos enriquecera&#8221; (S, P. 89).\u00a0 Topofit\u00f4nimo: &#8220;eleito deputado pela terra do cacau&#8221; (GCC, p. 58); &#8220;Naquele tempo a rivalidade entre as duas primeiras cidades da zona do cacau&#8221; (GCC, p. 116); &#8220;que marcava um passo a mais no progresso da zona do cacau&#8221; (GCC, p. 117); &#8220;progresso da regi\u00e3o do cacau&#8221; (GCC, p. 143); &#8220;N\u00e3o iria entregar a zona do cacau&#8221; (GCC, 214); &#8220;a zona do cacau \u00e9 uma s\u00f3&#8221; (GCC, p. 219); &#8220;falando da volta dos tempos de banditismo na zona do cacau&#8221; (GCC, p. 244); correndo a zona do cacau [&#8230;] Alarmou-se ent\u00e3o o deputado pela zona do cacau&#8221; (GCC, p. 271); &#8221; qual o destino da zona do cacau&#8221; (GCC, p. 275); &#8221; Agora era o novo chefe da terra do cacau.&#8221; (GCC, p. 277); &#8221; e um velho diz que ningu\u00e9m volta destas terras do cacau&#8221; (TSF, p. 21); &#8221; contava casos da Terra do cacau&#8221; (TSF, p. 25); &#8221; naquele caminho da terra do cacau&#8221; (TSF, p. 39); &#8221; nas estradas da terra do cacau&#8221; (TSF, p. 48); &#8221; essa terra do cacau&#8221; (TSF, p. 55); &#8221; Sua pontaria era a melhor de toda aquela zona do cacau&#8221; (TSF, p. 70); &#8221; end\u00eamico ent\u00e3o em toda a zona do cacau&#8221; (TSF, p. 84); &#8221; no tempo relativamente curto em que Virg\u00edlio estava na zona do cacau&#8221; (TSF, p. 93); &#8221; as hist\u00f3rias da terra do cacau [&#8230;] Durante algum tempo Ferradas marcara os limites da terra do cacau&#8221; (TSF, p. 117); &#8221; que era o outro lado das terras do cacau&#8221; (TSF, p. 118); &#8221; De Ferradas, partiam as novas estradas rec\u00e9m abertas da terra do cacau [&#8230;] respeitado como ele s\u00f3 na zona do cacau&#8221; (TSF, 122); &#8221; que chegavam de toda a zona do cacau&#8221; (TSF, p. 124); &#8221; os dois varado juntos as matas da terra do cacau&#8221; (TSF, p. 125); &#8221; pesava o clima da terra do cacau&#8221; (TSF, p. 132); &#8221; o que espantava era ele ser, apesar disto, um homem respeitado nas terras do cacau&#8221; (TSF, p. 135); &#8221; Desta terra do cacau sairia rico&#8221; (TSF, p. 165); &#8221; na terra do cacau [&#8230;] Mas Dami\u00e3o andava maluco pelas estradas do cacau&#8221; (TSF, p. 192); &#8221; n\u00e3o v\u00ea a mo\u00e7a bailando nas terras do cacau&#8221; (TSF, 194); &#8221; Sinh\u00f4 Badar\u00f3 pensou que se fossem iluminar todas as cruzes que iam se levantar de agora em diante as estradas da terra do cacau ficariam mais iluminada que mesmo as ruas de Ilh\u00e9us.&#8221; (TSF, p. 196); &#8221; encheram de sangue a terra negra do cacau&#8221; (TSF, 198); &#8221; se atrevia a viajar por estas estradas do cacau&#8221; (TSF, p. 199); &#8221; a voz do negro Dami\u00e3o, magro e sujo, doido manso choramingando pelos caminhos do cacau&#8221; (TSF, p. 201); &#8221; um cad\u00e1ver a mais nas estradas do cacau&#8221; (TSF, p. 216); &#8221; para outras terras que n\u00e3o sejam essas terras do cacau?&#8221; (TSF, p. 256); &#8221; em ro\u00e7a de cacau, nessas terras, meu filho, nasce at\u00e9 bispo. nasce estrada de ferro,\u00adnasce assassino, caxixe [&#8230;] que abriam clareiras de civiliza\u00e7\u00e3o na terra negra b\u00e1rbara do cacau&#8221; (TSF, p. 258); &#8221; hoje do cacau&#8221; (GCC, p. 11); &#8221; n\u00e3o eram sen\u00e3o homens da zona do cacau&#8221; (GCC, p. 30). Cultura: &#8220;perdura a tradi\u00e7\u00e3o das hist\u00f3rias do cacau [&#8230;] se re\u00fanem em torno aos cegos para ouvirem as hist\u00f3rias do tempo do come\u00e7o do cacau&#8221; (TSF, p. 198); &#8221; Os trabalhadores nas ro\u00e7as tinham o visgo do cacau mole preso aos p\u00e9s [&#8230;] tinham o visgo do cacau preso na alma [&#8230;] tudo que nascia junto com o cacau, se haviam apossado dele&#8221; (TSF, p. 215); &#8221; viviam os dois em fun\u00e7\u00e3o do cacau, do ouro dos frutos dos cacaueiros [&#8230;] onde nada lhe recordasse Ilh\u00e9us, o cacau, as mortes&#8221; (TSE, p. 216); &#8221; coberto pela sombra do cacau [&#8230;] visgo de cacau mole&#8221; (TSF, p. 217); &#8221; coberto de visgo de cacau que havia secado&#8221; (TSF, p. 220); &#8221; e sentia sujo, metido naquele visgo de cacau at\u00e9 o pesco\u00e7o&#8221; (TSF, p. 254); &#8221; a lei do cacau [&#8230;] os p\u00e9s livres do visgo de cacau moleque os prende ali&#8221; (TSF, p. 255); &#8221; Tudo \u00e9 o cacau&#8221; (TSF, p. 258). Poder: &#8220;e de maior n\u00famero de p\u00e9s de cacau&#8221; (GCC, p. 270); &#8221; N\u00e3o fomos n\u00f3s, os fazendeiros de cacau?&#8221; (GCC, p. 38); &#8221; Donos de ro\u00e7as de cacau.&#8221; (GCC, p. 96); &#8221; mesmo os coron\u00e9is do cacau&#8221; (GCC, p. 291); &#8221; Os coron\u00e9is do cacau&#8221; (GCC, p. 296); &#8221; um coronel do cacau&#8221; (GCC, p. 298); &#8221; dono das fazendas de cacau de S\u00e3o Jorge dos Ilh\u00e9us&#8221; (TSF, p. 194) cacau era dinheiro, era poder, era a vida toda, estava dentro deles, n\u00e3o apenas plantado sobre a terra negra e poderosa de seiva.&#8221; (TSF, p. 215). Marco hist\u00f3rico: &#8220;os filhos das fam\u00edlias de antes do aparecimento do cacau&#8221; (GCC, p. 30); &#8221; nem o podia ser no Ilh\u00e9us dos come\u00e7os do cacau&#8221; (GCC, p. 32); &#8221; eram tudo que sobrava de antiga fam\u00edlia ilheense de antes do cacau&#8221; (GCC, p. 42); &#8221; antes do cacau&#8221; (GCC, p. 43); &#8221; vinha dos primeiros tempos do cacau&#8221; (GCC, p. 78). Paisagem: &#8220;as ro\u00e7as de cacau&#8221; (GCC, p. 31); &#8221; das planta\u00e7\u00f5es de cacau&#8221; (GCC, p. 86); &#8221; iria correr sua sorte nas matas dessa terra do cacau&#8221; (GCC, p. 67). Padr\u00e3o de odor: &#8220;era o perfume das am\u00eandoas de cacau seco&#8221; (GCC, p. 125); &#8221; um cheiro de chocolate que \u00e9 o cheiro de cacau seco.&#8221; (TSF, p. 173). Motivo para enlouquecer: &#8220;O italiano metera-se pelo interior na alucina\u00e7\u00e3o do cacau [&#8230;] Devia-se sobretudo ao italiano, de cabe\u00e7a voltada para as ro\u00e7as de cacau&#8221; (GCC, p. 39). Pris\u00e3o: &#8220;Nas grilhetas do cacau\u2026[&#8230;] o destino da gente presa ao cacau&#8221; (TSF, p. 193). Amor: &#8220;Ester e cacau [&#8230;] deixou com Ester o coco de cacau [&#8230;]&#8221; (TSF, p. 54). Sedu\u00e7\u00e3o: &#8220;Dizem que \u00e9 aquele visgo do cacau mole que prende os homens ali [&#8230;] o visgo do cacau est\u00e1 pegando na sola dos seus p\u00e9s&#8221; (TSF, p. 195). Alta sociedade: &#8220;pois os coron\u00e9is do cacau n\u00e3o primavam pela religiosidade&#8221; (GCC, p.10). Atrativo para as pessoas: &#8220;Os p\u00e9s grudavam no mel do cacau&#8221; (GCC, p. 57). Caracter\u00edstica Psicol\u00f3gica humana (Frivolidade): &#8220;falava de cacau&#8221; (GCC, p. 163). Caracter\u00edstica Psicol\u00f3gica humana (Naturalidade): &#8220;N\u00e3o tem nem p\u00e9 de cacau&#8230;&#8221; (GCC, p. 156). Causa da fecundidade: &#8220;Essa terra d\u00e1 tudo enquanto der cacau\u2026&#8221; (TSF, p. 258). Causa da revolu\u00e7\u00e3o na vida econ\u00f4mica: &#8220;Uma nova vida come\u00e7ara com o aparecimento do cacau&#8221; (GCC, p. 25). Desflorestamento: &#8220;finalmente haviam terminado, quatro mil mudas de cacau cobriam a terra onde fora a floresta virgem, assustadora&#8221; (GCC, p. 268). Destino: &#8220;atrav\u00e9s das estradas do cacau&#8221; (TSF, 128). Dote: &#8220;ganhar ro\u00e7a de cacau sem o trabalho de plantar&#8221; (GCC, p. 73). Economia hist\u00f3rica: &#8220;A \u00e1rvore que influ\u00eda em ilh\u00e9us era a \u00e1rvore do cacau&#8221; (TSF, p. 172). Gent\u00edlico: &#8220;a renegar essa insubmissa gente do cacau&#8221; (GCC, p. 271). Import\u00e2ncia: &#8220;n\u00e3o havia conversa\u00e7\u00e3o em que a palavra cacau n\u00e3o entrasse como elemento primordial&#8221; (TSF, p. 172). Ingrediente de bebida alco\u00f3lica: &#8220;c\u00e1lices de licor de cacau&#8221; (DF, p. 81). Medida de valor: &#8220;por p\u00e9 de cacau que houvesse vingado&#8221; (GCC, 267). Mulher: &#8220;o ch\u00e3o cavado de enxada, de cacau cultivado&#8221; (GCC, p. 294). Nome de \u00f3rg\u00e3o de governo: &#8220;sua irm\u00e3 casara com um agr\u00f4nomo da Esta\u00e7\u00e3o Experimental de Cacau&#8221; (GCC, p. 38). O que causa medo: &#8220;das ro\u00e7as de cacau&#8221; (TSF, p. 49). Padr\u00e3o de valor pessoal: &#8220;pelos p\u00e9s de cacau plantados&#8221; (GCC, p. 32). Per\u00edodo hist\u00f3rico: &#8220;no come\u00e7o do cacau\u2026&#8221; (TSF, p. 117). Presente econ\u00f4mico melhor: &#8220;cresciam agora as ro\u00e7as de cacau&#8221; (GCC, p. 25). Sexo: &#8220;No cacau tem tanto mel&#8221; (GCC, p. 152). Trambique: &#8220;a gente nem sabe onde vai parar os p\u00e9s de cacau que a gente plantou&#8221; (TSF, p. 23). Viol\u00eancia: &#8220;onde s\u00f3 se falava em cacau e mortes.&#8221; (TSF, p. 47). Coment\u00e1rio: Identifica\u00e7\u00e3o concorda com Flora de Funga do Brasil (2024).<\/p><p style=\"text-align: justify;\">Imagens: <a href=\"https:\/\/drive.google.com\/file\/d\/1Tk51Hg5rV60n4qChP8nqbmgU2oZo3LnY\/view?usp=drive_link\" target=\"_blank\" rel=\"noopener\">Flor<\/a>, <a href=\"https:\/\/drive.google.com\/file\/d\/1SdnyZRx04mtC8Ih4ExMFtqiaoeK-rB_b\/view?usp=drive_link\" target=\"_blank\" rel=\"noopener\">Fruto imaturo<\/a>, <a href=\"https:\/\/drive.google.com\/file\/d\/11HKFiBrfYqdfzS7DWM71mer5qW9YMuUj\/view?usp=drive_link\" target=\"_blank\" rel=\"noopener\">Fruto aberto<\/a>, <a href=\"https:\/\/drive.google.com\/file\/d\/1RkTQyM6yTyaOZskVTV1oLRo7e4_6Yfdp\/view?usp=drive_link\" target=\"_blank\" rel=\"noopener\">Sementes frescas (Cacau mole)<\/a>, <a href=\"https:\/\/drive.google.com\/file\/d\/1L7fK-EFFEBTSvyLxohM4RJlz_xR8ZNOT\/view?usp=drive_link\" target=\"_blank\" rel=\"noopener\">Sementes secas<\/a><\/p><p style=\"text-align: justify;\"><strong>Cacaual<\/strong> s.m. <em>Theobroma cacao<\/em> Linnaeus (Malvaceae). Origem: Naturalizada. Produto agr\u00edcola: &#8220;quando as sombras viravam assombra\u00e7\u00f5es pelas matas e cacauais&#8221; (GCC, p. 267); &#8221; os homens curvados nos cafezais, nos cacauais, dobrados na Amaz\u00f4nia vendida, esfomeados nas cidades, explorados nos campos&#8221; (CE, p. 99); &#8221; desde os campos do sul do Chile aos cacauais da Bahia&#8221; (CE, p. 230). Topofit\u00f4nimo (lugar amaldi\u00e7oado): &#8220;Passavam sombras nos cacauais&#8221; (GCC, p. 268). Mercadoria: &#8220;t\u00e3o vigorosos e promissores quanto os cacauais do padre levara ela, envoltos embaixo cambraia e renda&#8221; (GCC. p. 11).<\/p><p style=\"text-align: justify;\"><strong>Cacaueiro<\/strong><sup>1<\/sup> a. <em>Theobroma cacao<\/em> Linnaeus (Malvaceae). Origem: Naturalizada. Topofit\u00f4nimo: &#8220;munic\u00edpios cacaueiros&#8221; (GCC, p. 214); &#8221; a servi\u00e7o da regi\u00e3o cacaueira&#8221; (GCC, p. 32); &#8221; \u00f3rg\u00e3o a servi\u00e7o da defesa dos interesses da regi\u00e3o cacaueira&#8221; (GCC, p. 53); &#8221; defender os sagrados interesses da regi\u00e3o cacaueira&#8221; (GCC, p. 112); &#8221; aos partid\u00e1rios do desenvolvimento da regi\u00e3o cacaueira repugnavam tais m\u00e9todos de luta&#8221; (GCC, p. 214); &#8221; para a regi\u00e3o cacaueira&#8221; (GCC, p. 270); &#8221; repercutiu o debate em munic\u00edpios da regi\u00e3o cacaueira&#8221; (DF, p. 16); &#8221; benfeitor da zona cacaueira&#8221; (TSF, p. 259). \u00a0<\/p><p style=\"text-align: justify;\"><strong>Cacaueiro<\/strong><sup>2<\/sup> s.m. <em>Theobroma cacao<\/em> Linnaeus (Malvaceae). Origem: Naturalizada. Produto agr\u00edcola: &#8220;vou colher cacau \/no cacaueiro&#8230;&#8221; (GCC, p. 152); &#8221; onde em tr\u00eas anos os cacaueiros come\u00e7avam a produzir&#8221; (GCC, p. 86); &#8221; apontava os cacaueiros&#8221; (GCC, p. 153); &#8221; plantar quatrocentos cacaueiros por tarefa&#8221; (GCC, p. 267); &#8221; nas ro\u00e7as floriam os cacaueiros&#8221; (GCC, p. 290); &#8221; uma \u00e1rvore que se chamava cacaueiro&#8221; (TSF, p. 20); &#8221; plantei muito cacaueiro com essas m\u00e3os que t\u00e3o aqui\u2026&#8221; (TSF, p. 23); &#8221; via o campo cultivado de cacaueiros [&#8230;] em breve ali seriam os cacaueiros&#8221; (TSF, p. 40); &#8221; a manh\u00e3 de sol dourava os cocos ainda verdes dos cacaueiros [&#8230;] cacaueiros jovens de cinco anos [&#8230;] os cacaueiros enfloraram&#8221; (TSF, p. 41); &#8221; plantaram cacau e,entre o cacau, a mandioca, o milho de que iam viver os tr\u00eas anos de espera at\u00e9 que os cacaueiros crescessem&#8221; (TSF, p. 42); &#8221; ele dando conta do estado dos cacaueiros [&#8230;] eram cacaueiros deles&#8221; (TSF, p. 43); &#8221; nessa manh\u00e3 ele ia entre os cacaueiros [&#8230;] via apenas os frutos dos cacaueiros&#8221; (TSF, p. 45); &#8221; posso te dizer que basta eu pisar numa terra e sei logo se ela presta ou n\u00e3o pro cacaueiro&#8221; (TSF, p. 56); &#8221; e nas suas \u00e1guas se misturavam as folhas ca\u00eddas dos cacaueiros [&#8230;] Seria tudo cacaueiro&#8221; (TSF, p. 77); &#8221; Raimunda se perdia entre os cacaueiros&#8221; (TSF, p. 79); &#8221; via os cacaueiros nascendo&#8221; (TSF, p. 108); &#8221; Cada filho vai plantar seu cacaueiro em riba do sangue do pai\u2026&#8221; (TSF, p. 108); &#8221; Mas os cacaueiros nasciam e frutificavam&#8221; (TSF, p. 194); &#8221; enterrava de novo o seu dinheiro num peda\u00e7o de terra para plantar cacaueiro\u2026 [&#8230;] entram por entre os cacaueiros(TSF, p. 195); &#8221; e quanto antes plant\u00e1\u00adla de\u00adcacaueiros&#8221; (TSF, p. 201); &#8221; amadurecendo os frutos dos cacaueiros&#8221; (TSF, p. 234); &#8221; mas se respeitavam os cacaueiros&#8221; (TSF, p. 240); &#8221; como as mudas de cacaueiros&#8221; (TSF, p. 243); &#8221; sobre os cacaueiros&#8221; (TSF, p. 255); &#8221; cinco nos demoravam os cacaueiros a dar os primeiros frutos&#8221; (TSF, p.260); &#8221; Natureza: &#8220;haviam colocado um cacaueiro novo&#8221; (TSF, p. 151); &#8221; Jess\u00e9 e mais dois homens plantaram o cacaueiro [&#8230;] apenas empurraram \u00e0s pressas o cacaueiro dentro do buraco [&#8230;] urinou em cima do cacaueiro&#8221; (TSF, p. 152); &#8221; Cultura: &#8220;viviam os dois em fun\u00e7\u00e3o do cacau, do ouro dos frutos dos cacaueiros&#8221; (TSF, p. 216); &#8221; nasce at\u00e9 bispo em p\u00e9 de cacaueiro\u2026&#8221; (TSF, p. 258). Prote\u00e7\u00e3o: &#8220;agora estavam ele e seus homens por tr\u00e1s de uns cacaueiros [&#8230;] Foram andando pelos cacaueiros.&#8221; (TSF, p. 196). Religi\u00e3o: &#8220;pedindo que o enterrem debaixo de um cacaueiro&#8221; (TSF, p. 195); &#8221; que iluminasse os cad\u00e1veres junto aos cacaueiros&#8221; (TSF, p. 196). Caracter\u00edstica Psicol\u00f3gica humana: &#8220;Tomou do fruto do cacaueiro&#8221; (TSF, p. 54); &#8221; Mercadoria: &#8220;e ordenara aos macacos jupar\u00e1s que se encarregassem de multiplicar os cacaueiros&#8221; (GCC, p. 11). Paisagem: &#8220;A\u00ed, plantio de um cacaueiro&#8221; (TSF, p. 142).<\/p><p style=\"text-align: justify;\"><strong>Caf\u00e9<\/strong> s.m. <em>Coffea arabica<\/em> Linnaeus (Rubiaceae). Origem: Naturalizada. Alimento: &#8220;Veja se esse caf\u00e9 sai ou n\u00e3o sai&#8221; (CA, p. 138); &#8221; que sorvia o caf\u00e9 em golinhos&#8221; (CA, p. 139); &#8221; Parecia esperar o exportador, mandou trazer caf\u00e9&#8221; (GCC, p. 218); &#8221; Bebiam o caf\u00e9 [&#8230;] pediu mais caf\u00e9&#8221; (GCC, p. 219); &#8221; caf\u00e9 \u00e9 indispens\u00e1vel [&#8230;] caf\u00e9 pequeno [&#8230;] O melhor \u00e9 manter a \u00e1gua na chaleira para n\u00e3o faltar caf\u00e9 [&#8230;] al\u00e9m do caf\u00e9 [&#8230;] mesmo caf\u00e9 [&#8230;] Caf\u00e9 completo [&#8230;] biscoitos acompanham o cafezinho&#8221; (DF, p. 4); &#8221; conversar e a tomar caf\u00e9&#8221; (DF, p. 85); &#8221; Depois tu compra farinha, carne, cacha\u00e7a, caf\u00e9&#8221; (TSF, p. 88); &#8221; Aceitou o caf\u00e9 que a criada trazia&#8221; (TSF, p. 185); &#8221; da cozinha chegava o suave aroma do caf\u00e9 coado pela ama&#8221; (DF, p. 205); &#8221; Ester prop\u00f4s que tomassem o caf\u00e9 na sala [&#8230;] Fel\u00edcia entrava com a bandeja de caf\u00e9 [&#8230;] que mexia sua x\u00edcara de caf\u00e9 [&#8230;] Gosto de caf\u00e9 bem doce&#8221; (TSF, p. 75); &#8221; beber a caneca de caf\u00e9&#8221; (TSF, p. 78); &#8221; Gabriela acabava de p\u00f4r na mesa os bules fumegantes de caf\u00e9 e leite&#8221; (GCC, p. 108); &#8221; servia-lhe uma pequena x\u00edcara de caf\u00e9 [&#8230;] a empregada esperou com a x\u00edcara de caf\u00e9&#8221; (GCC, p. 272); &#8221; Costumava acordar para o caf\u00e9 que dona Risoleta aprontava, de manh\u00e3, cedinho&#8221; (S, p. 64); &#8221; por que atrasava o magro caf\u00e9&#8221; (CA, p. 197); &#8221; Tendo feij\u00e3o e carne seca, caf\u00e9 e pinga, est\u00e3o contentes&#8221; (GCC, p. 97); &#8221; fervia \u00e1gua para caf\u00e9&#8221; (TSF, p. 222); &#8221; Levavam caf\u00e9, leite, doces de milho, rem\u00e9dios para os feridos&#8221; (CE, p. 151); &#8221; Nem farinha, nem a\u00e7\u00facar, nem caf\u00e9, nem sal&#8221; (CE, p. 179); &#8221; Os mantimentos faltam, n\u00e3o h\u00e1 caf\u00e9, nem a\u00e7\u00facar, nem farinha&#8221; (CE, p. 192); &#8221; uma bebida pardacenta pela manh\u00e3 \u00e0 qual os nazis chamavam de caf\u00e9&#8221; (CE, p. 323); &#8221; Poder pol\u00edtico: &#8220;Do poder central, o caf\u00e9 e o imperialismo se lan\u00e7avam sobre os Estados, fazendo os governadores, as c\u00e2maras, os senados [&#8230;] O caf\u00e9 de S\u00e3o Paulo dava um presidente, o caf\u00e9 de Minas dava outro [&#8230;] Mesmo as demais culturas do campo brasileiro desapareciam diante do rei-caf\u00e9 [&#8230;] E o caf\u00e9, soberano e \u00fanico, os desconhecia no seu governo, como desconhecia o povo sofrendo nas cidades e nos campos&#8221; (CE, p. 89); &#8221; Mas no interior n\u00e3o morava o ingl\u00eas, nem o alem\u00e3o, nem o ianque, todos esses que tinham dinheiro para emprestar ao governo, nem o brasileiro rico, o paulista e o mineiro do caf\u00e9&#8221; (CE, p. 91); &#8221; Lima Barreto resultava de tudo isso e da mis\u00e9ria em que vivia o povo brasileiro, como Coelho Neto resultava da vida pacata, c\u00f4moda, das camadas governantes, dos fazendeiros de caf\u00e9 n\u00e3o querendo saber como vivia a gente do pa\u00eds&#8221; (CE, p. 92); &#8221; a fortuna cafeeira iria poucos anos depois explodir no &#8216;modernismo'&#8221; (CE, p. 93); &#8221; O Presidente da Rep\u00fablica, Washington Lu\u00eds, representante dos interesses dos latifundi\u00e1rios de caf\u00e9&#8221; (CE, p. 238); &#8221; Um &#8220;modernista&#8221; [Oswald de Andrade] passando adiante do &#8220;modernismo&#8221; faz o necrol\u00f3gio do movimento e da burguesia do caf\u00e9 em novelas candentes de s\u00e1tira&#8221; (CE, p. 266); &#8221; gr\u00e3o-senhor do caf\u00e9&#8221; (GCC, p. 271). Mercadoria: &#8220;as planta\u00e7\u00f5es de caf\u00e9&#8221; (GCC, p. 11); &#8221; das pobres planta\u00e7\u00f5es de caf\u00e9&#8221; (GCC, p. 15); &#8221; Mundinho ainda era s\u00f3cio das fazendas de caf\u00e9&#8221; (GCC, p. 35); &#8221; Voc\u00ea sabe que minha fam\u00edlia negocia com caf\u00e9&#8221; (GCC, p. 35); &#8221; Podia ganhar tanto ou mais exportando caf\u00e9&#8221; (GCC, p. 58); &#8221; em geral eram apenas se\u00e7\u00f5es de grandes casas exportadoras de tabaco, caf\u00e9, algod\u00e3o e coco&#8221; (TSF, p. 186); &#8221; A pol\u00edtica vendia o pa\u00eds, contra\u00eda empr\u00e9stimos, girava em torno de um produto, ora a borracha, ora o caf\u00e9, ora o a\u00e7\u00facar, os literatos ignoravam o pa\u00eds&#8221; (CE, p. 86); &#8221; de la crisis del caf\u00e9&#8221; (CE, p. 235); &#8221; \u00c9 a \u00e9poca da queima do caf\u00e9&#8221; (CE, p. 271). Produto agr\u00edcola: &#8220;eu n\u00e3o troco por caf\u00e9&#8221; (TSF, p. 30); &#8221; as ro\u00e7as de caf\u00e9&#8221; (TSF, pp. 117, 118); &#8221; Campos que amamos, que conhecemos nas suas planta\u00e7\u00f5es de cana, de milho, de cacau, de caf\u00e9 e de algod\u00e3o, cidade e povoados t\u00e3o l\u00edricos, usinas e f\u00e1bricas, mares dos saveiros, das canoas e dos navios, &#8221; (CE, p. 14); &#8221; mas o governo continuava a responder \u00e0s ordens da oligarquia fazendeira, dos donos dos p\u00e9s de caf\u00e9 [&#8230;] Os presidentes que se sucediam n\u00e3o traziam nenhum car\u00e1ter progressista, vinham quase que diretamente das fazendas de caf\u00e9 de S\u00e3o Paulo e Minas&#8221; (CE, p. 88); &#8221; o n\u00famero de fazendas de mais de um milh\u00e3o de p\u00e9s de caf\u00e9, em 1927, \u00e9 de 21 com um total de 34 milh\u00f5es de cafeeiros&#8221; (CE, p. 89); &#8221; Epit\u00e1cio Pessoa, nordestino, \u00e9 igual a qualquer paulista ou mineiro fazendeiro de caf\u00e9 [&#8230;] Sua fazenda n\u00e3o tinha no nordeste o luxo das fazendas de caf\u00e9 do sul&#8221; (CE, p. 94); &#8221; cruza as ruas de Santos despejando caf\u00e9 sobre o mundo&#8221; (CE, p. 211). Economia hist\u00f3rica: &#8220;A hist\u00f3ria do Brasil nesses anos, que v\u00e3o de 1900 a 1922, \u00e9 a hist\u00f3ria do caf\u00e9 [&#8230;]\u00a0 A aboli\u00e7\u00e3o levou o caf\u00e9 a apoiar os republicanos [&#8230;] O caf\u00e9 luta contra Floriano domina o pa\u00eds com Prudente de Morais para n\u00e3o mais abandon\u00e1-lo at\u00e9 o ciclo dos levantes [&#8230;] Atrav\u00e9s do caf\u00e9 vinham os interesses ingleses e americanos em luta, mais os alem\u00e3es e os japoneses penetrando&#8221; (CE, p. 88); &#8221; planta\u00e7\u00f5es de cana e de caf\u00e9&#8221; (GCC, p. 25). Empresa comercial: &#8220;Um dia ela fora jovem nas ruas de Viena, as m\u00fasicas melodiosas saindo de cada caf\u00e9, de cada boca&#8221; (CE, p. 132); &#8221; e vai pra o Caf\u00e9 Madri&#8221; (S, p. 9); &#8221; O gerente do Caf\u00e9-Madri o chamara para dizer que, devido \u00e0 crise, a casa tinha resolvido dispensar um violinista [&#8230;] estava h\u00e1 mais tempo no Caf\u00e9&#8221; (S, p. 61); &#8221; Tocara num reles Caf\u00e9 uns dias&#8221; (S, p. 62); &#8221;\u00a0 e contavam nos caf\u00e9s [&#8230;] no caf\u00e9 de Zeca Tripa&#8221; (TSF, p. 98). Antropofit\u00f4nimo: &#8220;a de Caf\u00e9 Filho&#8221; (CE, p. 340). Reuni\u00e3o social: &#8220;com um convite para o exportador vir tomar caf\u00e9 na intend\u00eancia&#8221; (GCC, p. 217). Coment\u00e1rio: Identifica\u00e7\u00e3o concorda com Flora de Funga do Brasil (2024).<\/p><p style=\"text-align: justify;\">Imagens: <a href=\"https:\/\/drive.google.com\/file\/d\/1fir8hJQRgXyzXb5DArkdjvsv_sLQmP-9\/view?usp=drive_link\" target=\"_blank\" rel=\"noopener\">H\u00e1bito<\/a>, <a href=\"https:\/\/drive.google.com\/file\/d\/1fh-8IdlFagIl-_087FoGS4KI-bSbnZMG\/view?usp=drive_link\" target=\"_blank\" rel=\"noopener\">Flor<\/a>,\u00a0 \u00a0<a href=\"https:\/\/drive.google.com\/file\/d\/14X8vOslNppVtV0kPKkAx-t4-5fgzkC6U\/view?usp=drive_link\" target=\"_blank\" rel=\"noopener\">ramo frut\u00edfero<\/a>, <a href=\"https:\/\/drive.google.com\/file\/d\/1MtXJfdWspDqo7_hCFUiqOn4eEIZBRtyg\/view?usp=drive_link\" target=\"_blank\" rel=\"noopener\">fruto<\/a><\/p><p style=\"text-align: justify;\"><strong>Cafeeiro<\/strong><sup>1<\/sup> a. <em>Coffea<\/em> <em>arabica<\/em> Linnaeus (Rubiaceae). Origem: Naturalizada. Poder pol\u00edtico: &#8220;Os modernistas em geral procuram casamentos vantajosos na aristocracia cafeeira&#8221; (CE, p. 94); &#8221; \u00a0Vem de antes a interfer\u00eancia da economia cafeeira na pol\u00edtica nacional&#8221; (CE, p. 88). Coment\u00e1rio: Identifica\u00e7\u00e3o concorda com Flora de Funga do Brasil (2024).<\/p><p style=\"text-align: justify;\"><strong>Cafeeiro<\/strong><sup>2<\/sup> s.m. <em>Coffea<\/em> <em>arabica<\/em> Linnaeus (Rubiaceae). Origem: Naturalizada. Produto agr\u00edcola: &#8220;o n\u00famero de fazendas de mais de um milh\u00e3o de p\u00e9s de caf\u00e9, em 1927, \u00e9 de 21 com um total de 34 milh\u00f5es de cafeeiros&#8221; <em>(<\/em>CE, p. 89). Coment\u00e1rio: cf. Cafeeiro<sup>1<\/sup>.<\/p><p style=\"text-align: justify;\"><strong>Cafezal<\/strong> s.m. <em>Coffea arabica<\/em> Linnaeus (Rubiaceae). Origem: Naturalizada. Produto agr\u00edcola: &#8220;Os homens curvados nos cafezais, nos cacauais, dobrados na Amaz\u00f4nia vendida, esfomeados nas cidades, explorados nos campos&#8221; (CE, p. 99); &#8221; entra pelas fazendas, cafezais, algodoais, mandiocais e milharais&#8221; (CE, p. 211); &#8221; desde os cafezais de S\u00e3o Paulo \u00e0s planta\u00e7\u00f5es da Argentina&#8221; (CE, p. 230). \u00a0<\/p><p style=\"text-align: justify;\"><strong>Caj\u00e1<\/strong> s.m. <em>Spondias<\/em> <em>mombin<\/em> Linnaeus (Anacardiaceae). Origem: Nativa. Presente: &#8220;lhe ofertava sapotis e caj\u00e1s&#8221; (DF, p. 122). \u00a0Coment\u00e1rio: Identifica\u00e7\u00e3o concorda com Flora de Funga do Brasil (2024).<\/p><p style=\"text-align: justify;\">Imagens: <a href=\"https:\/\/drive.google.com\/file\/d\/1vsQS6WrIXJiWqtW3c1nmuXDZRILAEIT7\/view?usp=drive_link\" target=\"_blank\" rel=\"noopener\">H\u00e1bito<\/a>,\u00a0 \u00a0<a href=\"https:\/\/drive.google.com\/file\/d\/1tGCT67B3K3yfOuECD-h1PjX8bgcwHQp_\/view?usp=drive_link\" target=\"_blank\" rel=\"noopener\">Infloresc\u00eancia<\/a>,\u00a0 \u00a0<a href=\"https:\/\/drive.google.com\/file\/d\/1JfC2011ae_Np1WQGzWYOwW20iP62DH1v\/view?usp=drive_link\" target=\"_blank\" rel=\"noopener\">Flor<\/a>,\u00a0 \u00a0 <a href=\"https:\/\/drive.google.com\/file\/d\/19gfA8yQOa2FDxQDX6K4pgi1-8lQlynGi\/view?usp=drive_link\" target=\"_blank\" rel=\"noopener\">Fruto<\/a><\/p><p style=\"text-align: justify;\"><strong>Caju<\/strong> s.m. <em>Anacardium occidentale<\/em> Linnaeus (Anacardiaceae). Origem: Nativa. Alimento: &#8220;moam amendoins, camar\u00f5es secos, castanhas de caju, gengibre, sem esquecer a pimenta malagueta ao gosto do fregu\u00eas&#8221; (DF, p. 135); &#8221; V\u00e3o sair depois numa regi\u00e3o frut\u00edfera, laranjas, limas, mangas e cajus&#8221; (CE, p. 191). Coment\u00e1rio: Identifica\u00e7\u00e3o concorda com Flora de Funga do Brasil (2024).<\/p><p style=\"text-align: justify;\">Imagens:\u00a0 <a href=\"https:\/\/drive.google.com\/file\/d\/1iyfN-JtIpLcU7KvfmZwKf9Cq30zcCUpc\/view?usp=drive_link\" target=\"_blank\" rel=\"noopener\">H\u00e1bito<\/a>,\u00a0 <a href=\"https:\/\/drive.google.com\/file\/d\/1uK4eQTy4Pt4GaNlsJ_oFU-GWK6ORP02s\/view?usp=drive_link\" target=\"_blank\" rel=\"noopener\">Infloresc\u00eancia<\/a>,\u00a0 <a href=\"https:\/\/drive.google.com\/file\/d\/1pujsGaLA9hddLxEM6eVwFbm7xlfAWZjK\/view?usp=drive_link\" target=\"_blank\" rel=\"noopener\">Flor<\/a>,\u00a0 <a href=\"https:\/\/drive.google.com\/file\/d\/1FhsbPSTtqg2GyZTz7Vpzq_hyO7w40P6s\/view?usp=drive_link\" target=\"_blank\" rel=\"noopener\">Fruto Imaturo<\/a>, <a href=\"https:\/\/drive.google.com\/file\/d\/1Ye6eSADZ4Gy8JWshNTJuT26jLgoryHoK\/view?usp=drive_link\" target=\"_blank\" rel=\"noopener\">Fruto Maduro<\/a><\/p><p style=\"text-align: justify;\"><strong>Cana<\/strong><sup>1<\/sup> s.f. <em>Saccharum officinarum<\/em> Linnaeus (Poaceae [Gramineae]) Origem: Cultivada. Bebida alco\u00f3lica (cacha\u00e7a): &#8220;a conversar e a beber Cana de Ilh\u00e9us&#8221; (GCC, p. 252); &#8221; carga da boa Cana de Ilh\u00e9us&#8221; (GCC, p. 290); &#8221; apontou com o dedo as garrafas de Cana de Ilh\u00e9us&#8221; (GCC, p. 296). \u00a0<\/p><p style=\"text-align: justify;\"><strong>Cana<\/strong><sup>2<\/sup> s.f. <em>Saccharum<\/em> <em>officinarum<\/em> Linnaeus (Poaceae [Gramineae]) Origem: Cultivada. Produto agr\u00edcola: &#8220;planta\u00e7\u00f5es de cana e de caf\u00e9&#8221; (GCC, p. 25); &#8221; planta\u00e7\u00f5es de cana balan\u00e7ando ao vento&#8221; (GCC, p. 66); &#8221;\u00a0 Campos que amamos, que conhecemos nas suas planta\u00e7\u00f5es de cana, de milho, de cacau, de caf\u00e9 e de algod\u00e3o [&#8230;]&#8221; (CE, p. 14). Alimento (animal): &#8220;come\u00e7ou a cortar cana para uma besta que possu\u00eda&#8221; (TSF, p. 238). Trabalho \u00e1rduo: &#8220;o negro mel de cana do rosto de Firmino&#8221; (CE, p. 133).<\/p><p style=\"text-align: justify;\"><strong>Cana-de-a\u00e7\u00facar<\/strong> s.f. <em>Saccharum officinarum<\/em> Linnaeus (Poaceae [Gramineae]) Origem: Cultivada. Produto agr\u00edcola: &#8220;nem por cana-de-a\u00e7\u00facar&#8221; (TSF, p. 30); &#8221; nossos primos-irm\u00e3os morrendo nas planta\u00e7\u00f5es de cana-de-a\u00e7\u00facar como os mulatos do Brasil&#8221; (CE, p. 47). Coment\u00e1rio: Identifica\u00e7\u00e3o concorda com Flora de Funga do Brasil (2023).<\/p><p style=\"text-align: justify;\">Imagens: <a href=\"https:\/\/drive.google.com\/file\/d\/13vY2zo1b0frC5AQffHjiKWxoSHayJzdC\/view?usp=drive_link\" target=\"_blank\" rel=\"noopener\">H\u00e1bito<\/a>,\u00a0 \u00a0<a href=\"https:\/\/drive.google.com\/file\/d\/1TLlZZQp20p6AqawPhaSyOpfJVa_9tAst\/view?usp=drive_link\" target=\"_blank\" rel=\"noopener\">Colmo<\/a>,\u00a0 \u00a0 <a href=\"https:\/\/drive.google.com\/file\/d\/1UmpEfpbHxv0xoMNoz1GBiWPsCwHwr3zn\/view?usp=drive_link\" target=\"_blank\" rel=\"noopener\">Infloresc\u00eancia<\/a><\/p><p style=\"text-align: justify;\"><strong>Canavial<\/strong> s.m. <em>Saccharum officinarum<\/em> Linnaeus (Poaceae [Gramineae]) Origem: Cultivada. Produto agr\u00edcola: &#8220;ilha plantada de canaviais e pimenteiras&#8221; (GCC, p. 286).<\/p><p style=\"text-align: justify;\">Imagens: <a href=\"https:\/\/drive.google.com\/file\/d\/1h-d2t69mtpRgJnAT_RpXvLkFM-62yqcv\/view?usp=drive_link\" target=\"_blank\" rel=\"noopener\">Paisagem<\/a><\/p><p style=\"text-align: justify;\"><strong>Canavieiras<\/strong> s.f. <em>Saccharum officinarum<\/em> Linnaeus (Poaceae [Gramineae]) Origem: Cultivada. Topofit\u00f4nimo: &#8220;que os levasse para a escravid\u00e3o das fazendas de cacau de Ilh\u00e9us, Belmonte e Canavieiras&#8221; (S, p. 70).<\/p><p style=\"text-align: justify;\"><strong>Canela<\/strong> s.f. <em>Cinnamomum verum <\/em>J.Presl (Lauraceae). Origem: Cultivada. Padr\u00e3o de cor (mulher desejada): &#8220;A cor de canela? [&#8230;] sua cor de canela&#8221; (GCC, p. 154); &#8221; marcando de roxo a pele cor de canela&#8221; (GCC, p. 294); &#8221; sua cor queimada de canela [&#8230;] cor de canela&#8221; (GCC, p. 138); &#8221; sua cor de canela&#8221; (GCC, p. 264); &#8221; Um rasg\u00e3o na saia mostrava um peda\u00e7o de coxa cor de canela&#8221; (GCC, p. 106); &#8221; em sua carne cor de canela?&#8221; (GCC, p. 256). Mulher (sensualidade, desejo): &#8220;era de cravo e canela&#8221; (GCC, p. 296); &#8221; de Gabriela feita de cravo e de canela&#8221; (GCC, p. 199); &#8221; Gabriela, cravo e canela&#8221; (GCC, t\u00edtulo). Tocou o rosto de canela com a m\u00e3o de navalha&#8221; (GCC, p. 285). Coment\u00e1rio: Identifica\u00e7\u00e3o concorda com Flora de Funga do Brasil (2024).<\/p><p style=\"text-align: justify;\"><strong>Capim<\/strong> s.m. Esp\u00e9cie indeterminada (Fam\u00edlia indeterminada). Origem indeterminada. Abandono: &#8220;o carrossel armado no capim da Pra\u00e7a da Matriz estava parado havia uma semana&#8221; (CA, p. 83); &#8221; invadida pelo capim ap\u00f3s sua partida&#8221; (GCC, p. 157); &#8221; o capim invadiu a cozinha&#8221; (TSF, p. 52); &#8221; antes plantadas de capim&#8221; (TSF, p. 174). Local de descanso: &#8220;Deitavam no capim \u00famido&#8221; (S, p. 86). Mem\u00f3ria id\u00edlica: &#8220;que se largara da sua m\u00e3o e corria pelo capim&#8221; (S, p. 88). Mulher (fertilidade): &#8220;ch\u00e3o onde nasciam \u00e1rvores e medrava o capim&#8221; (GCC, p. 294). Ornamenta\u00e7\u00e3o (p\u00fablica): &#8220;no meio de uma larga pra\u00e7a plantada de capim&#8221; (TSF, p. 124).Viol\u00eancia (v\u00edtima): &#8220;os cavalos pisando o capim da pra\u00e7a&#8221; (TSF, p. 152). Trata-se de um termo gen\u00e9rico aplicado a um n\u00famero indeterminado de esp\u00e9cies vegetais herb\u00e1ceas que formam popula\u00e7\u00f5es aglomeradas e extensas. Menezes (1949, p. 53) afirma que ele \u00e9 aplicado a esp\u00e9cies das fam\u00edlias &#8220;Comelin\u00e1cias, Eriocaulales, Lili\u00e1cias e Leguminosas, muitas Ciper\u00e1cias e in\u00fameras Gram\u00ednias&#8221;.<\/p><p style=\"text-align: justify;\"><strong>Capinzal<\/strong> s.m. Esp\u00e9cie indeterminada (Fam\u00edlia indeterminada). Origem indeterminada. Quintal: &#8220;Havia ainda um capinzal&#8221; (S, p. 69).<\/p><p style=\"text-align: justify;\"><strong>Cara\u00edba<\/strong> s.f. <em>Tabebuia aurea<\/em> (Silva Manso) Benth. &amp; Hook.f. ex S.Moore (Bignoniaceae). Origem: Nativa. Topofit\u00f4nimo: &#8220;Entram em povoados: Monte Alto, Cara\u00edbas, Gabriel Lap\u00e3o, Tiririca do A\u00e7uru\u00e1, Rochedo [&#8230;] Em Cara\u00edbas s\u00e3o procurados por homens de Hor\u00e1cio de Matos&#8221; (CE, p. 171).<\/p><p style=\"text-align: justify;\">Imagens: <a href=\"https:\/\/drive.google.com\/file\/d\/1HFnMUwI5EJ4cWJGj85taAtlq1UNpLO2I\/view?usp=drive_link\" target=\"_blank\" rel=\"noopener\">Copa da \u00e1rvore<\/a> , <a href=\"https:\/\/drive.google.com\/file\/d\/1-OanUewHxalAWSHziHn8h0-NN0oimfR1\/view?usp=drive_link\" target=\"_blank\" rel=\"noopener\">Folha <\/a>,\u00a0 <a href=\"https:\/\/drive.google.com\/file\/d\/13d4co8F2DA-S5AYhq2RhhSULD9rrkrRO\/view?usp=drive_link\" target=\"_blank\" rel=\"noopener\">Flor<\/a><\/p><p style=\"text-align: justify;\"><strong>Carim\u00e3<\/strong> s.m. <em>Manihot esculenta<\/em> Crantz (Euphorbiaceae) Origem: Nativa. Alimento: &#8220;alguns bolos de aipim ou carim\u00e3&#8221; (DF, p. 4).<\/p><p style=\"text-align: justify;\"><strong>Carna\u00faba<\/strong> s.f. <em>Copernicia prunifera<\/em> (Mill.) H.E.Moore (Arecaceae [Palmae]). Origem: Nativa. Fonte de combust\u00edvel: &#8220;A marcha \u00e9 iluminada com grandes velas de cera de carna\u00faba&#8221; (CE, p. 154).<\/p><p style=\"text-align: justify;\">Imagens: <a href=\"https:\/\/drive.google.com\/file\/d\/1RiH3S-lOjHYDt2SNQsO6IpiksgGvuwuh\/view?usp=drive_link\" target=\"_blank\" rel=\"noopener\">H\u00e1bito<\/a>, <a href=\"https:\/\/drive.google.com\/file\/d\/1kV8kN-0xGEn-l1Cb9cJuTso9A9IbpuEp\/view?usp=drive_link\" target=\"_blank\" rel=\"noopener\">Frutos<\/a>, <a href=\"https:\/\/drive.google.com\/file\/d\/1C8AYDtL7LUB_l8-99aLMSjLaQKK6dnRS\/view?usp=drive_link\" target=\"_blank\" rel=\"noopener\">Cera<\/a><\/p><p style=\"text-align: justify;\"><strong>Carnaubeira<\/strong> s.f. <em>Copernicia prunifera<\/em> (Mill.) H.E.Moore (Arecaceae [Palmae]). Origem: Nativa. Paisagem (Caatinga): &#8220;Atrav\u00e9s da caatinga que come\u00e7a e dos bosques de carnaubeiras&#8221; (CE, p. 175). Coment\u00e1rio: identifica\u00e7\u00e3o concorda com Flora e Funga do Brasil (2024).<\/p><p style=\"text-align: justify;\"><strong>Carvalho<\/strong> s.m. <em>Quercus<\/em> sp. (Fagaceae). Origem: Cultivada. Material de mobili\u00e1rio: &#8220;pesada porta de carvalho&#8221; (DF, p. 37). Coment\u00e1rios: Corr\u00eaa (1978[1926], v. 2, p. 104-105) cita as esp\u00e9cies &#8220;<em>Maytenus<\/em> <em>evonymoides<\/em> Reiss\u00a0 da fam\u00edlia das Celastraceas [&#8230; e]\u00a0 <em>Terminalia<\/em> <em>rotundifolia<\/em> Glaz. da fam\u00edlia das Combretaceas&#8221;, acrescentando &#8220;<em>Rhopala<\/em> <em>rhombifolia<\/em> M. (<em>R. longepetiolata<\/em> Kl.), da fam\u00edlia das Proteaceas&#8221; como &#8220;Carvalho Branco&#8221;,\u00a0 &#8220;<em>Quercus<\/em> <em>palustris<\/em> Muenchh., da fam\u00edlia das Fagaceas&#8221; como &#8220;Carvalho da Am\u00e9rica&#8221; e &#8220;<em>Quercus<\/em> <em>pedunculata<\/em> Ehrh. (<em>Quercus<\/em> <em>robur<\/em> L. var. <em>pedunculata<\/em> N\u00e9e) da mesma fam\u00edlia&#8221; como &#8220;Carvalho da Europa&#8221;.<\/p><p style=\"text-align: justify;\"><strong>Castanha<\/strong> s.f. Esp\u00e9cie indeterminada (Fam\u00edlia indeterminada). Origem indeterminada. Alimento (Tempero): &#8220;o gengibre com o coco, o sal com a pimenta, o alho com a castanha&#8221; (DF, p. 135). Coment\u00e1rio: conforme citado, este nome pode referir-se a muitas &#8220;castanhas&#8221; utilizadas na culin\u00e1ria brasileira. Tratando-se da culin\u00e1ria bahiana \u00e9 poss\u00edvel que se trata da castanha do caju, mas o texto original n\u00e3o deixa qualquer indicativo que se trata desta castanha.<\/p><p style=\"text-align: justify;\"><strong>Castanheiro<\/strong> s.m. <em>Bertholletia excelsa<\/em> Bonpl. (Lecythidaceae). Origem: Nativa. Riqueza: &#8221; filho de pai latifundi\u00e1rio no Par\u00e1, dono de navios e ilhas, de seringais, matas de castanheiros&#8221; (DF, p. 33). Coment\u00e1rio: identifica\u00e7\u00e3o concorda com Flora e Funga do Brasil (2024).<\/p><p style=\"text-align: justify;\"><strong>Caxixe<\/strong> s.m. <em>Cucumis<\/em> sp. (Cucurbitaceae). Origem indeterminada. Falsidade Ideol\u00f3gica: &#8220;Quando o caxixe reinou&#8221; (GCC, p. 15); &#8221; Campeava o caxixe [&#8230;] e lhe ofereciam pouco para o vulto do caxixe&#8221; (GCC, p. 32); &#8221; J\u00e1 ouviram falar em caxixe? [&#8230;] vem um advogado com um coronel, faz caxixe&#8221; (TSF, p. 23); &#8221; O coronel Hor\u00e1cio fez um caxixe mais doutor Rui&#8221; (TSF, p. 24); &#8221; era um caxixe importante&#8221; (TSF, p. 76); &#8221; todos com os caxixes escandalosos [&#8230;] era em Tabocas que o caxixe medrava [&#8230;] devido a um caxixe bem feito [&#8230;] se resguardar completamente da possibilidade do caxixe futuro [&#8230;] fizera certa vez um caxixe que ficara c\u00e9lebre [&#8230;] na quietude da sua fazenda Claudionor estudara o caxixe&#8221; (TSF, p. 126); &#8221; em meio aos caxixes&#8221; (TSF, p. 127); &#8221; explicou o caxixe&#8221; (TSF, p. 146); &#8221; \u00c9 o maior caxixe que j\u00e1 vi falar&#8221; (TSF, p. 147); &#8221; Mas n\u00e3o teve nada porque a gente desfez o caxixe em dois tempos&#8221; (TSF, p. 158); &#8221; que fez o caxixe da medi\u00e7\u00e3o\u2026&#8221; (TSF, 164); &#8221; fizesse um caxixe bem feito e tomasse sua terra&#8221; (TSF, p. 174); &#8221; explicava ao p\u00fablico o \u201cinomin\u00e1vel caxixe\u201d que era registrar um t\u00edtulo de propriedade \u00e0 base de uma velha medi\u00e7\u00e3o j\u00e1 sem valor legal&#8221; (TSF, p. 177); &#8221; tentaria primeiro legalizar a situa\u00e7\u00e3o com um caxixe qualquer&#8221; (TSF, p. 180). Fecundidade: &#8220;em ro\u00e7a de cacau, nessas terras, meu filho, nasce at\u00e9 bispo, nasce estrada de ferro, nasce assassino, caxixe [&#8230;]&#8221;. Fofoca: &#8220;Ezequiel servia para j\u00fari e caxixe&#8221; (GCC, p. 215). Coment\u00e1rios: &#8220;Esbulho ou falsidade ideol\u00f3gica? A pr\u00e1tica do caxixe parece ser mais pr\u00f3xima da falsidade ideol\u00f3gica, pois se restringia \u00e0 manipula\u00e7\u00f5es fraudulentas de documentos cartoriais, sem viol\u00eancias f\u00edsicas. Tal viol\u00eancia ocorreria (e ocorria frequentemente) se os moradores ou o propriet\u00e1rio v\u00edtima resistisse e n\u00e3o entregasse a terra sem luta. A\u00ed se caracterizaria o esbulho (cf. GRECO, 2017, p. 761). Coment\u00e1rios: Menezes (1949, p. 72), associa o termo &#8220;Caxixi&#8221; \u00e0 Cascavel<\/p><p style=\"text-align: justify;\"><strong>Caxixeiro<\/strong> a. <em>Cucumis<\/em> sp. (Cucurbitaceae). Origem indeterminada. Insulto: &#8220;a Sinh\u00f4 o jornal fazia as acusa\u00e7\u00f5es de sempre: &#8216;caxixeiro'&#8221; (TSF, p. 175). \u00a0<\/p><p style=\"text-align: justify;\"><strong>Cebola<\/strong> s.f. <em>Allium cepa<\/em> Linnaeus (Amaryllidaceae). Origem: Cultivada. Alimento: &#8220;o suco de um lim\u00e3o; coentro; salsa; cebolinha verde; duas cebolas; [&#8230;]; Para depois: quatro tomates; uma cebola&#8221; (DF, p. 19); &#8221; Ralem duas cebolas, amassem o alho no pil\u00e3o; cebola e alho n\u00e3o empestam, n\u00e3o, senhoras, s\u00e3o frutos da terra, perfumados [&#8230;] (essas tolas acham a cebola fedorenta, que sabem elas dos odores puros? Vadinho gostava de comer cebola crua e seu beijo ardia) [&#8230;] Tomem de quatro tomates escolhidos, um piment\u00e3o, uma cebola [&#8230;]&#8221; (DF, p. 20); &#8221; Tomem do sal, do coentro, do alho e da cebola, alguns tomates e o suco de um lim\u00e3o&#8221; (DF, p. 135); &#8221; sal, lim\u00e3o, alho, cebola, tomate, pimenta, e azeite, azeite doce \u00e0 vontade&#8221; (DF, p. 105). Homem desejado: &#8220;nunca mais sua ardida boca de cebola crua! [&#8230;]&#8221; (DF, p. 20); &#8221; Toma de tudo isso em tua boca ardida, de cebola crua&#8221; (DF, p. 243); &#8221; o gosto ardido de gengibre, de pimenta, de cebola crua&#8221; (DF, p. 252). Religi\u00e3o (alimento de Orix\u00e1): &#8220;Oxum gosta de acar\u00e1 e de ipet\u00e9 feito com inhame, cebola e camar\u00e3o&#8221; (DF, p. 203). Mulher desejada: &#8220;Tu parece uma cebola, carnuda e sumarenta, boa de morder&#8230;&#8221; (DF, p. 201). Coment\u00e1rio: identifica\u00e7\u00e3o concorda com Flora e Funga do Brasil (2024).<\/p><p style=\"text-align: justify;\">Imagens: <a href=\"https:\/\/drive.google.com\/file\/d\/1JavXvW8YCh_K1ZmK4jWWbYXnMFLysh5B\/view?usp=drive_link\" target=\"_blank\" rel=\"noopener\">H\u00e1bito<\/a>,\u00a0 \u00a0<a href=\"https:\/\/drive.google.com\/file\/d\/19C6TJmclEpSWjAwkBzDbdEQnNVBvOd3k\/view?usp=drive_link\" target=\"_blank\" rel=\"noopener\">Bulbos<\/a><\/p><p style=\"text-align: justify;\"><strong>Cebolinha<\/strong> s.f. <em>Allium schoenoprasum <\/em>Linnaeus (Amaryllidaceae). Origem: Cultivada. Alimento: &#8220;o suco de um lim\u00e3o; coentro; salsa; cebolinha verde; duas cebolas &#8221; (DF, p. 19) Piquem o coentro bem picado, a salsa, alguns tomates, a cebolinha e meio piment\u00e3o&#8221; (DF, p. 20). Coment\u00e1rio: identifica\u00e7\u00e3o concorda com Flora e Funga do Brasil (2024).<\/p><p style=\"text-align: justify;\">Imagens: <a href=\"https:\/\/drive.google.com\/file\/d\/1l1v7zFUp3qywJMVGxhQjRvJ0t3TwJa0j\/view?usp=drive_link\" target=\"_blank\" rel=\"noopener\">H\u00e1bito<\/a>,\u00a0 \u00a0<a href=\"https:\/\/drive.google.com\/file\/d\/1Dy8TbGFwRfbA53NjHDzferveQbcA61LD\/view?usp=drive_link\" target=\"_blank\" rel=\"noopener\">bulbo<\/a><\/p><p style=\"text-align: justify;\"><strong>Cedro<\/strong> s.m. Esp\u00e9cie indeterminada (Fam\u00edlia indeterminada). Origem indeterminada. Material de mobili\u00e1rio: &#8220;Leito de cedro [&#8230;] levou a cama de cedro&#8221; (TSF, p. 109). Riqueza: &#8220;nem de cedro&#8221; (TSF, p. 109). Coment\u00e1rios: Corr\u00eaa (1978[1926], v. 2, p. 174-175), associa este nome \u00e0s esp\u00e9cies <em>Cabralea<\/em> <em>laevis<\/em> DC. &#8220;da fam\u00edlia das Meliaceas&#8221; e v\u00e1rias &#8220;esp\u00e9cies da fam\u00edlia das Pinaceas&#8221; como &#8220;<em>Juniperus<\/em> <em>communis<\/em> L. [e&#8230;] <em>Larix<\/em> <em>europaea<\/em> DC.&#8221;. Menezes (1949, p. 73) afirma tratar-se de uma designa\u00e7\u00e3o comum a esp\u00e9cies fornecedoras de madeira de grande qualidade pertencentes \u00e0s fam\u00edlias &#8220;Pin\u00e1cias, [&#8230;] Laur\u00e1cias e Meli\u00e1cias&#8221;.<\/p><p style=\"text-align: justify;\"><strong>Chuchu<\/strong> s.m. <em>Sicyos edulis<\/em> Jacquin (Cucurbitaceae). Origem: Naturalizada. Mercadoria: &#8220;contendo frutas, farinha de mandioca inhame, e aipim, carne de sol, chuchu e ab\u00f3bora&#8221; (DF, p. 22). \u00a0Coment\u00e1rio: identifica\u00e7\u00e3o concorda com Flora e Funga do Brasil (2024).<\/p><p style=\"text-align: justify;\">Imagens:\u00a0 <a href=\"https:\/\/drive.google.com\/file\/d\/1Hue4kO1JeCrNsFtPbsEiDk5pYRVDNZLc\/view?usp=drive_link\" target=\"_blank\" rel=\"noopener\">H\u00e1bito<\/a>, <a href=\"https:\/\/drive.google.com\/file\/d\/1-kQUzEupDBpXrF2wwnYd3cChnZ24NG5n\/view?usp=drive_link\" target=\"_blank\" rel=\"noopener\">Infloresc\u00eancia<\/a>,\u00a0 <a href=\"https:\/\/drive.google.com\/file\/d\/1_4Vi-MkrMNrUaA_wT1Qvhm3DJZiKCbdg\/view?usp=drive_link\" target=\"_blank\" rel=\"noopener\">Flor estaminada<\/a>,\u00a0 \u00a0<a href=\"https:\/\/drive.google.com\/file\/d\/1wJWjBR_meXVx0gez1lcrdCn-IKwjILVX\/view?usp=drive_link\" target=\"_blank\" rel=\"noopener\">Fruto inteiro<\/a>, <a href=\"https:\/\/drive.google.com\/file\/d\/1wJWjBR_meXVx0gez1lcrdCn-IKwjILVX\/view?usp=drive_link\" target=\"_blank\" rel=\"noopener\">Fruto em corte longitudinal\u00a0\u00a0<\/a><\/p><p style=\"text-align: justify;\"><strong>Cocada<\/strong> s.f. <em>Cocos nucifera<\/em> Linnaeus (Arecaceae [Palmae]). Origem: Naturalizada. Alimento: &#8220;com biscoitos ou cocadas&#8221; (DF, p. 66); &#8221; um prato com cocadas brancas&#8221; (DF, p. 165); &#8220;moquecas de aratu em folhas de banana, cocadas [&#8230; ] Al\u00e9m do caldeir\u00e3o de mungunz\u00e1 de milho branco, um espet\u00e1culo! [&#8230;] as gasosas de lim\u00e3o e de morango, os guaran\u00e1s&#8221; (DF, p. 178).<\/p><p style=\"text-align: justify;\"><strong>Coco<\/strong> s.m. <em>Cocos nucifera<\/em> Linnaeus (Arecaceae [Palmae]). Origem: Naturalizada. Alimento: &#8220;eram poemas de camar\u00e3o e dend\u00ea, de peixes e leite de coco, de carnes e pimenta&#8221; (GCC, p. 282); &#8221; Sobre a alva toalha, cuscuz de milho com leite de coco, banana-da-terra frita, inhame, aipim&#8221; (GCC, p. 108); &#8221; uma x\u00edcara de leite de coco, puro, sem \u00e1gua; uma x\u00edcara de azeite de dend\u00ea&#8221; (DF, p. 19); &#8221; Quando estiver quase cozido e s\u00f3 ent\u00e3o juntem o leite de coco e no finzinho o azeite de dend\u00ea&#8221; (DF, p. 20); &#8221; doce de gelatina e coco apelidado &#8216;creme do homem'&#8221; (DF, p. 143); &#8221; sem falar em algumas sobremesas como doce de coco, beiju e ambr\u00f3sia&#8221; (DF, 186); &#8221; moam o p\u00e3o assim amolecido em coco [&#8230;] o gengibre com o coco, o sal com a pimenta, o alho com a castanha&#8221; (DF, p. 135); &#8221; A seguir agreguem leite de coco&#8221; (DF, p. 136); &#8221; azeite de dend\u00ea, de coco ralado, uma pitada de pimenta do reino&#8221; (DF, p. 14); &#8221; de dois cocos escolhidos [&#8230;] o puro leite de coco sem mistura&#8221; (DF, p. 135); &#8221; o alvo beijou de tapioca molhado em leite de coco&#8221; (DF, p. 213). Dan\u00e7a: &#8220;aos cocos e as rumbas&#8221; (DF, p. 180); &#8221; um coco mexido&#8221; (GCC, p. 249); &#8221; Cantaram cocos da terra distante [&#8230;] Uma mo\u00e7a dan\u00e7ava o passo miudinho do coco&#8221; (S, p. 87); &#8221; Olha o coco das Alagoas!&#8221; (S, p. 88). Mercadoria: &#8220;em geral eram apenas se\u00e7\u00f5es de grandes casas exportadoras de tabaco, caf\u00e9, algod\u00e3o e coco&#8221; (TSF, p. 186). Mulher amada: &#8220;Meu doce de coco&#8221; (DF, p. 62). Religi\u00e3o (procedimento religioso): &#8220;folhas com sab\u00e3o de coco&#8221; (DF,\u00a0 p. 248).<\/p><p style=\"text-align: justify;\">Imagens: <a href=\"https:\/\/drive.google.com\/file\/d\/1BxDUNdrYiiBw33-Ac6sd_mHcF0cX3NMU\/view?usp=drive_link\" target=\"_blank\" rel=\"noopener\">H\u00e1bito<\/a>,\u00a0 <a href=\"https:\/\/drive.google.com\/file\/d\/1iF2P2_qYdZOHI8HANYFWxg_JsoyN1RL2\/view?usp=drive_link\" target=\"_blank\" rel=\"noopener\">Infrutesc\u00eancia<\/a>,\u00a0<a href=\"https:\/\/drive.google.com\/file\/d\/1zKxFjS8sRplmrdKchDlfw3Z-qFwFLF8h\/view?usp=drive_link\" target=\"_blank\" rel=\"noopener\">\u00a0Pireno inteiro<\/a>, <a href=\"https:\/\/drive.google.com\/file\/d\/1yIA2Wat8sXgszUgLASMoAz3_R4JzcAX1\/view?usp=drive_link\" target=\"_blank\" rel=\"noopener\">Pireno partido<\/a><\/p><p style=\"text-align: justify;\"><strong>Coentro<\/strong> s.m. <em>Coriandrum sativum<\/em> Linnaeus (Apiaceae [Umbeliferae]). Origem: Cultivada. Alimento: &#8220;o suco de um lim\u00e3o; coentro; salsa; cebolinha verde; duas cebolas&#8221; (DF, p. 19); &#8221; Piquem o coentro bem picado, a salsa, alguns tomates, a cebolinha e meio piment\u00e3o&#8221; (DF, p. 20); &#8221; carne tenra nos perfumes do coentro e do alecrim&#8221; (DF, p. 104); &#8221; Este prato deve ser servido com batatas do reino cozidas em \u00e1gua sem sal, ou farofa branca recoberta de coentro&#8221; (DF, p. 105); &#8221; Tomem do sal, do coentro, do alho e da cebola, alguns tomates e o suco de um lim\u00e3o&#8221; (DF, p. 135). Coment\u00e1rio: identifica\u00e7\u00e3o concorda com Flora e Funga do Brasil (2024).<\/p><p style=\"text-align: justify;\">Imagem: <a href=\"https:\/\/drive.google.com\/file\/d\/1GwYAWIpWhHNvCSvGHLs-03Or994IICte\/view?usp=drive_link\" target=\"_blank\" rel=\"noopener\">H\u00e1bito <\/a>, <a href=\"https:\/\/drive.google.com\/file\/d\/1husc0z3QzywkMiphdMbtSgq_n0x4pjln\/view?usp=drive_link\" target=\"_blank\" rel=\"noopener\">sementes<\/a><\/p><p style=\"text-align: justify;\"><strong>Coqueiral<\/strong> s.m. <em>Cocos<\/em> <em>nucifera<\/em> Linnaeus (Arecaceae [Palmae]). Origem: Naturalizada. Paisagem: &#8220;no caminho dos coqueirais do Malhado.&#8221; (GCC, p. 241); &#8221; Morreu tr\u00eas dias depois, quando, a bordo do Mara\u00fa, avistava os coqueirais de Ilh\u00e9us&#8221; (S, p. 89); &#8221; farras com mulheres nos coqueirais do Pontal&#8221; (GCC, p. 265). Desflorestamento: &#8220;derrubando os coqueirais&#8221; (TSF, p. 166). Dote: &#8220;herdeira de um coqueiral&#8221; (GCC, p. 77).<\/p><p style=\"text-align: justify;\"><strong>Coqueiro<\/strong> s.m. <em>Cocos nucifera<\/em> Linnaeus (Arecaceae [Palmae]). Origem: Naturalizada. Ornamenta\u00e7\u00e3o de jardim particular: &#8220;almo\u00e7ar num s\u00edtio de coqueiros&#8221; (GCC, p. 223); &#8221; o vento balan\u00e7ando os dois coqueiros do quintal&#8221; (TSF, p. 14). Paisagem: &#8220;os coqueiros no caminho do Malhado&#8221; (GCC, p. 231); &#8221; os coqueiros nascendo ao largo de todo o areal&#8221; (TSF, p. 172). Topofit\u00f4nimo: &#8220;Aquele que afundou na barra dos Coqueiros\u2026&#8221; (TSF, p. 156). Honraria: &#8220;no dia da posse armaram com flores e folhas de coqueiro um arco&#8221; (TSF, 258). Produto agr\u00edcola: &#8220;comprara os terrenos plantados de coqueiros e os vendia em lotes&#8221; (TSF, p. 166). Prote\u00e7\u00e3o ao sexo ad\u00faltero: &#8220;bangal\u00f4s ocultos entre coqueiros em praias selvagens&#8221; (DF, p. 185). Coment\u00e1rio: identifica\u00e7\u00e3o concorda com Flora e Funga do Brasil (2024).<\/p><p style=\"text-align: justify;\"><strong>Coroa-de-frade<\/strong> s.f. Esp\u00e9cie indeterminada (Cactaceae). Origem: Nativa. Paisagem (Caatinga): &#8220;No dia 19 a Coluna penetra na Estrada Cruel, em torno os mandacarus, os xique-xiques, as unhas-de-gato, as coroas-de-frade, toda a vegeta\u00e7\u00e3o inimiga, espinhenta, da caatinga violada&#8221; (CE, p. 178). \u00a0Coment\u00e1rios: Menezes (1949, p. 85), relaciona este termo ao nome &#8220;Mucun\u00e3&#8221;, identificado por ele como <em>Mucuna<\/em> <em>pruriens<\/em> DC., uma esp\u00e9cie de Fabaceae (Leguminosae) (cf. Flora e Funga do Brasil, 2024)<\/p><p style=\"text-align: justify;\"><strong>Cravo<\/strong><sup>1<\/sup> s.m. <em>Dianthus<\/em> <em>caryophyllus<\/em> L. (Caryophyllaceae). Origem: Cultivada. Religi\u00e3o (ato f\u00fanebre): &#8220;Ela comprou rosas e cravos, palmas e violetas, d\u00e1lias e saudades [&#8230;] tr\u00eas cravos amarelos e quatro saudades roxas [&#8230;] com ele amarrando cravos e saudades num pequeno buqu\u00ea e dando um n\u00f3&#8221; (DF, p. 103). Religi\u00e3o (Fervor religioso): &#8220;do bolso do velho palet\u00f3 que vestia retirou um cravo vermelho [&#8230;] colocou o cravo por baixo do quadro&#8221; (CA, p. 47). Homem: &#8220;o cravo foi visitar [&#8230;] o cravo p\u00f4s-se a chorar&#8221; (GCC, p. 189); &#8221; Ornamenta\u00e7\u00e3o masculina: &#8220;cravo na lapela&#8221; (GCC, p. 195). Presente: &#8220;De longe fazia sinais apontando o cravo [&#8230;] Quem lhe deu esse cravo, Sebastiana?&#8221; (S, p. 108). Resposta da natureza \u00e0 luminosidade do inverno: &#8220;rosas e cravos&#8221; (CA, p. 142). Sexo (pre\u00e7o): &#8220;n\u00e3o quero rosas nem cravos&#8221; (GCC, p. 9). Coment\u00e1rio: Inicialmente considerou-se esse nome sem associ\u00e1-lo a nenhuma esp\u00e9cie de <em>Dianthus<\/em>, contudo, Menezes (1949, p. 87) identifica o cravo &#8220;dos jardins&#8221; como <em>Dianthus<\/em> <em>caryophyllus<\/em> L., um nome correto e aceito na Flora e Funga do Brasil (2024), que tamb\u00e9m associa ao nome vern\u00e1culo.<\/p><p style=\"text-align: justify;\"><strong>Cravo<\/strong><sup>2<\/sup> s.m. <em>Syzygium aromaticum<\/em> (L.) Merr. &amp; L.M.Perry (Myrtaceae). Origem: Cultivada. Padr\u00e3o de odor: &#8220;e o cheiro de cravo tonteava&#8221; (GCC, p. 293); &#8221; O perfume de cravo enchia o quarto&#8221; (GCC, p. 121); &#8221; perfume de cravo a tontear?&#8230; GCC, p. 135); &#8221; O perfume de cravo? [&#8230;] seu perfume de cravo&#8221; (GCC, p. 154); &#8221; seu perfume de cravo&#8221; (GCC, p. 138); &#8221; o perfume de cravo [&#8230;] apenas o perfume de cravo ainda sentia&#8221; (GCC, p. 264); &#8221; Dela vinha um perfume de cravo [&#8230;] e aquele cheiro de cravo&#8221; (GCC, p. 106); &#8221; um perfume de cravo&#8221; (GCC, p. 107); &#8221; E aquele perfume de cravo, de tontear&#8221; (GCC, p. 120); &#8221; seu perfume de cravo no vento a passar&#8221; (GCC, P. 285); &#8221; Rosa rubra com cheiro de cravo, perfume de Gabriela&#8221; (GCC, p. 129). Mulher (sensualidade, desejo): &#8220;era de cravo e canela&#8221; (GCC, p. 296); &#8221; de Gabriela feita de cravo e de canela&#8221; (GCC, p. 199); &#8221; Gabriela, cravo e canela&#8221; (GCC, t\u00edtulo). Coment\u00e1rio: Menezes (1949, p. 87) identifica que este cravo &#8220;da \u00cdndia&#8221; como <em>Caryophyllus aromaticus<\/em> L., que \u00e9 um dos sin\u00f4nimos do citado\u00a0 <em>S. aromaticum<\/em> (cf. Flora e Funga do Brasil, 2023).<\/p><p style=\"text-align: justify;\">Imagens: <a href=\"https:\/\/drive.google.com\/file\/d\/1BaCzNDnoFfnunV4tCMrYB0UxL6VrobD5\/view?usp=drive_link\" target=\"_blank\" rel=\"noopener\">Bot\u00f5es secos<\/a> , <a href=\"https:\/\/drive.google.com\/file\/d\/1HSFomnpuzTc2Qj6yynfo_ZUIZrfR6OJk\/view?usp=drive_link\" target=\"_blank\" rel=\"noopener\">Fruto maduro<\/a> , <a href=\"https:\/\/drive.google.com\/file\/d\/1nrXkPRjKw-u-YZU4CEeK9y4MX-LjcMrn\/view?usp=drive_link\" target=\"_blank\" rel=\"noopener\">Fruto aberto e embri\u00e3o<\/a><\/p><p style=\"text-align: justify;\"><strong>Cris\u00e2ntemo<\/strong> s.m. <em>Chrysanthemum<\/em> sp. (Asteraceae [Compositae]). Origem: Cultivada. Amor: &#8220;As flores desabrochavam nas pra\u00e7as de Ilh\u00e9us, canteiros de rosas, cris\u00e2ntemos, d\u00e1lias, margaridas, malmequeres&#8221; (GCC, p. 125). Coment\u00e1rios: Menezes (1949, p. 88) cita para este nome comum duas esp\u00e9cies: <em>C. sinensis<\/em> Sab. e <em>C. indicum<\/em> L., que n\u00e3o s\u00e3o citadas para a Flora do Brasil (cf. Flora e Funga do Brasil, 2023)<\/p><p style=\"text-align: justify;\"><strong>Cro\u00e1<\/strong> s.m. <em>Neoglaziovia variegata<\/em> (Arruda) Mez (Bromeliaceae). Origem: Nativa. Paisagem (Caatinga): &#8220;atravessando noutros dias zonas de caatinga, mandacarus, quixabas, cro\u00e1s, favelas, palmat\u00f3rias, culumbis, toda uma vegeta\u00e7\u00e3o espinhenta, onde os caminhos eram uma utopia&#8221; (CE, p. 169).<\/p><p style=\"text-align: justify;\">Imagens: <a href=\"https:\/\/drive.google.com\/file\/d\/1AIX0cjDGBUM6Zm55yRz5L4ePyu0-h5Mc\/view?usp=drive_link\" target=\"_blank\" rel=\"noopener\">H\u00e1bito<\/a>, <a href=\"https:\/\/drive.google.com\/file\/d\/1fvqWg2DhlB5QDtg5GOwCuyv-65OJetGy\/view?usp=drive_link\" target=\"_blank\" rel=\"noopener\">Infloresc\u00eancia 1<\/a>, <a href=\"https:\/\/drive.google.com\/file\/d\/1jFQ5Ck4onDnZG1WiwbEsqesK0MofGfRH\/view?usp=drive_link\" target=\"_blank\" rel=\"noopener\">Infloresc\u00eancia 2<\/a>, <a href=\"https:\/\/drive.google.com\/file\/d\/1djhT8eWXEwIUuBJVHgIC7c9mJzhKAbHT\/view?usp=drive_link\" target=\"_blank\" rel=\"noopener\">Flor<\/a>,\u00a0 <a href=\"https:\/\/drive.google.com\/file\/d\/1iBXlSkwojJWmamuizNYDSIifKoxdI2D5\/view?usp=drive_link\" target=\"_blank\" rel=\"noopener\">infrutesc\u00eancia imatura<\/a><\/p><p style=\"text-align: justify;\"><strong>Culumbi<\/strong> s.m. <em>Mimosa pigra <\/em>Linnaeus \u00a0(Fabaceae [Leguminosae]). Origem: Nativa. Paisagem (Caatinga): &#8220;atravessando noutros dias zonas de caatinga, mandacarus, quixabas, cro\u00e1s, favelas, palmat\u00f3rias, culumbis, toda uma vegeta\u00e7\u00e3o espinhenta, onde os caminhos eram uma utopia&#8221; (CE, p. 169). \u00a0Coment\u00e1rios: Prov\u00e1vel corruptela de Calumbi, que Queiroz (2009, p. 184) associa \u00e0 citada esp\u00e9cie.\u00a0<\/p><p style=\"text-align: justify;\"><span style=\"font-style: inherit; font-weight: inherit; font-family: var( --e-global-typography-text-font-family ), Sans-serif;\">Imagens:\u00a0 \u00a0<a href=\"https:\/\/drive.google.com\/file\/d\/1vRK3IFTqLduhwDOSq5dbgTK6etL2m4_T\/view?usp=drive_link\" target=\"_blank\" rel=\"noopener\">Ramo flor\u00edfero<\/a>\u00a0 ,\u00a0 <a href=\"https:\/\/drive.google.com\/file\/d\/1Uvt9KInT5b2hLVn7sVZmDaWeJ141Aqvm\/view?usp=drive_link\" target=\"_blank\" rel=\"noopener\">Ramo frut\u00edfero<\/a>\u00a0 ,\u00a0 <a href=\"https:\/\/drive.google.com\/file\/d\/1fHFlYZxD_FCae5JkNahOsSmUxSwASohu\/view?usp=drive_link\" target=\"_blank\" rel=\"noopener\">Frutos maduros<\/a>\u00a0<\/span><\/p><\/div>\n\t\t\t\t\t\t\t\t\t<div class=\"elementor-tab-title elementor-tab-mobile-title\" aria-selected=\"false\" data-tab=\"4\" role=\"tab\" tabindex=\"-1\" aria-controls=\"elementor-tab-content-2624\" aria-expanded=\"false\">D<\/div>\n\t\t\t\t\t<div id=\"elementor-tab-content-2624\" class=\"elementor-tab-content elementor-clearfix\" data-tab=\"4\" role=\"tabpanel\" aria-labelledby=\"elementor-tab-title-2624\" tabindex=\"0\" hidden=\"hidden\"><p style=\"text-align: justify;\"><strong>D\u00e1lia<\/strong> s.f. <em>Dahlia<\/em> sp. (Asteraceae [Compositae]). Origem: Cultivada. Amor: &#8220;As flores desabrochavam nas pra\u00e7as de Ilh\u00e9us, canteiros de rosas, cris\u00e2ntemos, d\u00e1lias, margaridas, malmequeres&#8221; (GCC, p. 125). Religi\u00e3o (ato f\u00fanebre): &#8220;Ela comprou rosas e cravos, palmas e violetas, d\u00e1lias e saudades&#8221; (DF, p. 103). Resposta da natureza \u00e0s mudan\u00e7as de esta\u00e7\u00e3o: &#8220;dhalias e violetas&#8221; (CA, p. 142). Coment\u00e1rios: &#8220;Dhalia&#8221;Trata-se de uma varia\u00e7\u00e3o ortogr\u00e1fica de &#8220;D\u00e1lia&#8221;, usada na publica\u00e7\u00e3o original do romance, que se deu nos anos 30 do s\u00e9culo passado. Corr\u00eaa (1978[1926], v. 2, p. 511-514), identifica tr\u00eas esp\u00e9cies para este nome: <em>Dahlia<\/em> <em>coccinea<\/em> Cav. ( com v\u00e1rios sin\u00f4nimos), <em>D.<\/em> <em>imperialis<\/em> Roezl. [ex Ortgies] e <em>D. variabilis<\/em> Desf. (com v\u00e1rios sin\u00f4imos). Menezes (1949, p. 91), associa este nome \u00e0 <em>Dahlia variabilis<\/em> Desf., um sin\u00f4nimo de <em>D. pinnata<\/em> Cav. (cf. Flora e Funga do Brasil, 2023).<\/p><p style=\"text-align: justify;\"><strong>Dend\u00ea<\/strong> s.m. <em>Elaeis guineensis<\/em> Jacquin (Arecaceae [Palmae]). Origem: Naturalizada. Alimento: &#8220;eram poemas de camar\u00e3o e dend\u00ea, de peixes e leite de coco, de carnes e pimenta&#8221; (GCC, p. 282); &#8221; uma x\u00edcara de leite de coco, puro, sem \u00e1gua; uma x\u00edcara de azeite de dend\u00ea&#8221; (DF, p. 19); &#8221; Quando estiver quase cozido e s\u00f3 ent\u00e3o juntem o leite de coco e no finzinho o azeite de dend\u00ea&#8221; (DF, p. 20); &#8221; sirvam-lhe adun: jub\u00e1 de milho em dend\u00ea e mel de abelhas&#8221; (DF, p. 203); &#8221; seu marido era maluco por comida de dend\u00ea&#8221; (DF, p. 186); &#8221; zeladora do dend\u00ea e da pimenta&#8221; (DF, p. 88); &#8221; e finalmente o azeite de dend\u00ea [ &#8230;] duas x\u00edcaras bem medidas: flor de dend\u00ea, da cor de ouro velho, a cor do vatap\u00e1 [&#8230;] Para servi-lo falta apenas derramar um pouco de azeite de dend\u00ea&#8221; (DF, p. 136); &#8221; azeite de dend\u00ea, de coco ralado, uma pitada de pimenta do reino&#8221; (DF, p. 14); &#8221; para algum ignorante que n\u00e3o apreciasse o azeite de dend\u00ea&#8221; (DF, p. 37); &#8221; os l\u00e1bios amarelos do dend\u00ea&#8221; (DF, p. 133). Homem: &#8220;seus l\u00e1bios amarelos do dend\u00ea&#8221; (DF, p. 20). Feiti\u00e7o: &#8220;Farinha com azeite-de-dend\u00ea&#8221; (S, p. 48). Coment\u00e1rio: identifica\u00e7\u00e3o concorda com Flora e Funga do Brasil (2024).<\/p><\/div>\n\t\t\t\t\t\t\t\t\t<div class=\"elementor-tab-title elementor-tab-mobile-title\" aria-selected=\"false\" data-tab=\"5\" role=\"tab\" tabindex=\"-1\" aria-controls=\"elementor-tab-content-2625\" aria-expanded=\"false\">E<\/div>\n\t\t\t\t\t<div id=\"elementor-tab-content-2625\" class=\"elementor-tab-content elementor-clearfix\" data-tab=\"5\" role=\"tabpanel\" aria-labelledby=\"elementor-tab-title-2625\" tabindex=\"0\" hidden=\"hidden\"><p style=\"text-align: justify;\"><strong>Eucalipto<\/strong> s.m. <em>Eucalyptus<\/em> sp. (Myrtaceae). Origem: Cultivada. Homem: &#8220;como um triste eucalipto solit\u00e1rio&#8221; (GCC, p. 73). Coment\u00e1rios: Corr\u00eaa (1978[1926], v. 2. p. 614-634), associa a este nome (&#8220;Eucalypto&#8221;) as seguintes esp\u00e9cies: <em>E. acmenioides<\/em> Schauer, <em>E. botryoides<\/em> Smith, <em>E. cornuta<\/em> Labill, <em>E. goniocalyx<\/em> F. Mueller, <em>E. gummifera<\/em> Hochr., <em>E. gunnii<\/em> Hk., <em>E. macrorhyncha<\/em> F. Mueller, <em>E. maculata<\/em> Hk., <em>E. mircocorys<\/em> F. Mueller, <em>E. paniculata<\/em> Smith, <em>E. pilularis<\/em> Sm., <em>E. piperita<\/em> Sm., <em>E. planchoniana<\/em> F. Mueller, <em>E. Polyanthema <\/em>Schauer, <em>E. punctata<\/em> DC., <em>E. rostrata<\/em> Schlch., <em>E. rudis<\/em> Endl. entre outras. Menezes (1949, p. 99), cita as seguintes esp\u00e9cies: <em>E. globulos<\/em> Labil., <em>E. citriodora <\/em>Hook., <em>E. crebra<\/em> Muel., <em>E. obliqua<\/em> L&#8217;Heret., <em>E. robusta<\/em> Sm., <em>E. diversicolor<\/em> Muel., <em>E. amigdalina<\/em> Labil., <em>E. gonphocephala<\/em> DC. Silva et al. (1979, p. 502-504) cita apenas <em>E. globulus<\/em> Labil.<\/p><p style=\"text-align: justify;\"><strong>Eug\u00eania<\/strong> s.f. <em>Eugenia<\/em> sp. (Myrtaceae). Origem: Nativa. Antropofit\u00f4nimo: &#8220;Eug\u00eania \u00c1lvaro Moreira&#8221; (CE, p. 319). Coment\u00e1rios: <em>Eugenia <\/em>\u00a0\u00e9 um ep\u00edteto gen\u00e9rico pertencente \u00e0 fam\u00edlia Myrtaceae, entrando na composi\u00e7\u00e3o de bin\u00f4mios importantes como\u00a0 o da pitangueira (<em>E. uniflora<\/em> L.), esp\u00e9cies t\u00e3o comuns e cultivadas entre os brasileiros que o nome gen\u00e9rico transformou-se em um nome comum, utilizado principalmente entre bi\u00f3logos e outros profissionais especializados plantas (como vendedores de plantas ornamentais, de frutas da esta\u00e7\u00e3o etc.). Barroso et al. (1984, p. 163), afirma ser uma homenagem do autor do nome (Linnaeus) ao pr\u00edncipe Eug\u00eanio de Savoia (1663-1736), que foi um g\u00eanio militar do per\u00edodo e tido como mecenas, tendo patrocinado fil\u00f3sofos e escritores.<\/p><p style=\"text-align: justify;\"><strong>Euterpe<\/strong> s.f. <em>Euterpe<\/em> sp. (Arecaceae [Palmae]). Origem: Nativa. Agremia\u00e7\u00e3o social: &#8220;Euterpe 13 de Maio&#8221; (GCC, pp. 22, 112, 157); &#8221; Mas a Euterpe 3 de Maio&#8221; (TSF, p. 151). Coment\u00e1rios: <em>Euterpe<\/em> tamb\u00e9m \u00e9 um nome gen\u00e9rico associado \u00e0 esp\u00e9cies vegetais muito comuns, como o a\u00e7a\u00ed (<em>Euterpe<\/em> <em>oleracea<\/em> Mart.), de tal forma conhecido que tamb\u00e9m \u00e9 utilizado como nome comum para designar essas plantas (ou similares) por profissionais ligados aos vegetais (bi\u00f3logos, agr\u00f4nomos, vendedores de plantas comest\u00edveis e ornamentais). Etimologicamente,vem da mitologia grega, sendo o nome da musa da poesia l\u00edrica e da m\u00fasica (Ferreira, 2004) da\u00ed ser utilizado para denominar agremia\u00e7\u00f5es filarm\u00f4nicas.<\/p><\/div>\n\t\t\t\t\t\t\t\t\t<div class=\"elementor-tab-title elementor-tab-mobile-title\" aria-selected=\"false\" data-tab=\"6\" role=\"tab\" tabindex=\"-1\" aria-controls=\"elementor-tab-content-2626\" aria-expanded=\"false\">F<\/div>\n\t\t\t\t\t<div id=\"elementor-tab-content-2626\" class=\"elementor-tab-content elementor-clearfix\" data-tab=\"6\" role=\"tabpanel\" aria-labelledby=\"elementor-tab-title-2626\" tabindex=\"0\" hidden=\"hidden\"><p style=\"text-align: justify;\"><strong>Favela<\/strong> s.f. <em>Cnidoscolus quercifolius<\/em> Pohl (Euphorbiaceae) Origem: Nativa. Paisagem (Caatinga): &#8220;atravessando noutros dias zonas de caatinga, mandacarus, quixabas, cro\u00e1s, favelas, palmat\u00f3rias, culumbis, toda uma vegeta\u00e7\u00e3o espinhenta, onde os caminhos eram uma utopia&#8221; (CE, p. 169). Coment\u00e1rios: Corr\u00eaa (1978[1926], v.3, p. 42) cita o \u201cFaveleiro\u201d associando-o ao bin\u00f4mio \u201cJatropha phyllacantha Muell. Arg.\u201d, que, segundo Flora e Funga do Brasil (2023), trata-se de um sin\u00f4nimo de <em>C. quercifolius<\/em> Pohl.<\/p><p style=\"text-align: justify;\">Imagens: <a href=\"https:\/\/drive.google.com\/file\/d\/1K3ut_Fywqg5FumbjIidMycbl9QSj1Gvm\/view?usp=drive_link\" target=\"_blank\" rel=\"noopener\">H\u00e1bito<\/a>,\u00a0\u00a0<a href=\"https:\/\/drive.google.com\/file\/d\/1n1yw7u5hWwEZqGvi1xwslJp_x3xkAOgN\/view?usp=drive_link\" target=\"_blank\" rel=\"noopener\">Ramo flor\u00edfero<\/a><\/p><p style=\"text-align: justify;\"><strong>Feij\u00e3o<\/strong> s.m. <em>Phaseolus vulgaris<\/em> Linnaeus (Fabaceae [Leguminosae]). Origem: Cultivada. Alimento: &#8220;da carne de sol assada, do arroz, do feij\u00e3o, do doce de banana em rodinhas&#8221; (GCC, p. 111); &#8221; Tendo feij\u00e3o e carne seca, caf\u00e9 e pinga, est\u00e3o contentes&#8221; (GCC, p. 97); &#8221; e cozinhar feij\u00e3o&#8221; (GCC, p. 98); &#8221; Dindinha, j\u00e1 reparou como esse feij\u00e3o tem gosto de amarelo?&#8221; (S, p. 5); &#8221; Come\u00e7aram a mastigar o feij\u00e3o duro e os peda\u00e7os de carne [&#8230;] Com a faca de cabo quebrado puxou um carrapato de dentro do feij\u00e3o&#8221; (S, p. 6); &#8221; que catava feij\u00e3o&#8221; (S, p. 17); &#8221; descansava a panela de feij\u00e3o&#8221; (S, p. 69); &#8221; Um molecote comprava feij\u00e3o e carne-seca que o preto preparava no fogareiro do quarto&#8221; (S, p. 75). Mercadoria: &#8220;Oito dias antes tinha vindo Zacarias trazer milho e farinha de mandioca e levar carne-seca, cacha\u00e7a e feij\u00e3o do armaz\u00e9m da fazenda&#8221; (TSF, p. 43). Coment\u00e1rio: identifica\u00e7\u00e3o concorda com Flora e Funga do Brasil (2023) e Corr\u00eaa (1978[1926], v. 3, p. 71, como \u201cFeij\u00e3o Comum\u201d).<\/p><p style=\"text-align: justify;\">Imagens: <a href=\"https:\/\/drive.google.com\/file\/d\/1BLnfJuoG9e6qQ1MuTh0cwVe9tFfkhQO6\/view?usp=drive_link\" target=\"_blank\" rel=\"noopener\">H\u00e1bito<\/a>,\u00a0 <a href=\"https:\/\/drive.google.com\/file\/d\/1wvud9tvQG7qmkTZYzcW21rT7850mKk0e\/view?usp=drive_link\" target=\"_blank\" rel=\"noopener\">Flor<\/a>, <a href=\"https:\/\/drive.google.com\/file\/d\/1J3S1bLPlmITQcoL5VJTfpeJT2AWsmVeT\/view?usp=drive_link\" target=\"_blank\" rel=\"noopener\">Fruto fechado<\/a>, <a href=\"https:\/\/drive.google.com\/file\/d\/1VRQSv0_wIsNKq-8ySRYygdpAZWXW1f6N\/view?usp=drive_link\" target=\"_blank\" rel=\"noopener\">Fruto aberto<\/a><\/p><p style=\"text-align: justify;\"><strong>Feij\u00e3o-branco<\/strong> s.m. <em>Phaseolus vulgaris<\/em> Linnaeus (Fabaceae [Leguminosae]). Origem: Cultivada. Alimento: &#8220;n\u00e3o tolera inhame e feij\u00e3o branco&#8221; (DF, p. 203).<\/p><p style=\"text-align: justify;\"><strong>Feijoada<\/strong> s.f. <em>Phaseolus vulgaris<\/em> Linnaeus (Fabaceae [Leguminosae]). Origem: Cultivada. Alimento: &#8220;Nas barracas serviam, em pratos de flandres, sarapatel, feijoada, moqueca de peixe&#8221; (GCC, p. 48); &#8221; perdido por uma feijoada&#8221; (DF, p. 29); &#8221; e j\u00e1 programava uma feijoada&#8221; (DF, p. 93); &#8221; \u2014 Feijoada&#8230;&#8221; (S, p. 26); &#8221; oferecia feijoada e pinga aos admiradores e cantava sambas e marchas da moda&#8221; (S, p. 35).<\/p><p style=\"text-align: justify;\"><strong>Flor-estrela<\/strong> s.f. Esp\u00e9cie indeterminada (Fam\u00edlia indeterminada). Origem indeterminada. Caracter\u00edstica psicol\u00f3gica humana (valentia): &#8220;uma mulher que tivesse no peito como uma flor, uma estrela&#8221; (CA, p. 328).<\/p><p style=\"text-align: justify;\"><strong>Flor-roxa<\/strong> s.f. Esp\u00e9cie indeterminada (Fam\u00edlia indeterminada). Origem indeterminada. Religi\u00e3o (ato f\u00fanebre): &#8220;Pirulito p\u00f4s uma flor roxa entre seus dedos&#8221; <em>(<\/em>CA, p. 284).<\/p><p style=\"text-align: justify;\"><strong>Fruta-p\u00e3o<\/strong> s.f. <em>Artocarpus altilis <\/em>(Parkinson) Fosberg (Moraceae). Origem: Cultivada. Caracter\u00edstica psicol\u00f3gica humana (serenidade): &#8220;a brisa suave entre a jaqueira e o p\u00e9 de fruta-p\u00e3o&#8221; (DF, p. 157). Coment\u00e1rio: identifica\u00e7\u00e3o concorda com Flora e Funga do Brasil (2023); Corr\u00eaa (1978[1926], v.3, p. 340) associa a este nome o bin\u00f4mio \u201cArtocarpus incisa L.f.\u201d que n\u00e3o aparece no WFO (2023), mas encontra-se \u201c<i>Artocarpus incisus<\/i> (Thumb.) L. f.\u201d que \u00e9 sin\u00f4nimo de <i>A. altilis<\/i> (Parkinson) Fosberg.<\/p><p style=\"text-align: justify;\">Imagem: <a href=\"https:\/\/drive.google.com\/file\/d\/1zYh3XzualA3y-sh2itMbCak2BD9xXCaO\/view?usp=drive_link\" target=\"_blank\" rel=\"noopener\">H\u00e1bito<\/a>\u00a0 ,\u00a0 \u00a0<a href=\"https:\/\/drive.google.com\/file\/d\/1wI5RKMPBjPelUKBOgGSUSvYJyvVQBZlG\/view?usp=drive_link\" target=\"_blank\" rel=\"noopener\">Ramo frut\u00edfero<\/a>\u00a0 ,\u00a0 <a href=\"https:\/\/drive.google.com\/file\/d\/1f0EoUsXJ58adhFx80ppE1gUANA5wlGy3\/view?usp=drive_link\" target=\"_blank\" rel=\"noopener\">fruto<\/a>\u00a0 ,\u00a0 <a href=\"https:\/\/drive.google.com\/file\/d\/1QmbMspLSXGVL2E4b7eb-rBu1FF_Wa8JY\/view?usp=drive_link\" target=\"_blank\" rel=\"noopener\">fruto em corte longitudinal\u00a0<\/a> ,\u00a0 <a href=\"https:\/\/drive.google.com\/file\/d\/1T6hRNEZ-jrOuBXazjdF17sNoq-yio6Tl\/view?usp=drive_link\" target=\"_blank\" rel=\"noopener\">detalhe do corte longitudinal do fruto evidenciando \u00f3vulos<\/a>\u00a0\u00a0<\/p><p style=\"text-align: justify;\"><strong>Fumo<\/strong> s.m. <em>Nicotiana tabacum<\/em> Linnaeus (Solanaceae). Origem: Naturalizada. Tabagismo: &#8220;O fazendeiro escutava, a preparar um cigarro de palha de milho e fumo de rolo&#8221; (GCC, p. 141); &#8221; o fumo do cachimbo&#8221; (DF, p. 241); &#8221; as grandes m\u00e3o calosas seguravam o fumo&#8221; (TSF, p. 41); &#8221; Tem pouco fumo e a espera pode de morar [&#8230;] est\u00e1 quase contente porque agora s\u00f3 pensa nesse problema do fumo [&#8230;] fumo bom\u2026 esse \u00e9 sertanejo [&#8230;] Dami\u00e3o est\u00e1 pensando \u00e9 no fumo negro&#8221; (TSF, p. 64); &#8221; rolando o fumo lentamente na m\u00e3o calosa&#8221; (TSF, p. 210). Mercadoria: &#8220;iam encher os por\u00f5es do navio com sacos de cacau, fardos de fumo [&#8230;]&#8221; (CA, p. 113); &#8221; durante o dia ocupado com seus neg\u00f3cios de fumo&#8221; (DF, p. 85); &#8221; dois exportadores de fumo e de algod\u00e3o&#8221; (TSF, p. 186). Produto agr\u00edcola: &#8220;Hoje eles tinham outros escravos pretos, mulatos e brancos, nas extens\u00f5es das fazendas de fumo, de cacau&#8221; (S, p. 23). Coment\u00e1rios: identifica\u00e7\u00e3o concorda com Flora e Funga do Brasil (2024); Corr\u00eaa (1978[1926], v.3, p. 347-356) cita v\u00e1rios bin\u00f4mios, al\u00e9m de <em>N. tabacum<\/em> L., associados a este fit\u00f4nimo: \u201c<em>Nicotiana Langsdorffii<\/em> Wein.\u201d e \u201c<em>Nicotiana rustica<\/em> L.\u201d que, de acordo com WFO (2024), s\u00e3o esp\u00e9cies v\u00e1lidas, mas diferentes de <em>N. tabacum<\/em> L.<\/p><p style=\"text-align: justify;\">Imagens: <a href=\"https:\/\/drive.google.com\/file\/d\/1rAj3LE__XK6ZQHPn5sTls67GSua2cawq\/view?usp=drive_link\" target=\"_blank\" rel=\"noopener\">H\u00e1bito e infloresc\u00eancia<\/a>, <a href=\"https:\/\/drive.google.com\/file\/d\/1bYKPOVd5CR9AjL16fMT7Famx4yqoDjrF\/view?usp=drive_link\" target=\"_blank\" rel=\"noopener\">Flor<\/a><\/p><\/div>\n\t\t\t\t\t\t\t\t\t<div class=\"elementor-tab-title elementor-tab-mobile-title\" aria-selected=\"false\" data-tab=\"7\" role=\"tab\" tabindex=\"-1\" aria-controls=\"elementor-tab-content-2627\" aria-expanded=\"false\">G<\/div>\n\t\t\t\t\t<div id=\"elementor-tab-content-2627\" class=\"elementor-tab-content elementor-clearfix\" data-tab=\"7\" role=\"tabpanel\" aria-labelledby=\"elementor-tab-title-2627\" tabindex=\"0\" hidden=\"hidden\"><p><strong>Gengibre<\/strong> s.m. <em>Zingiber officinale <\/em>Roscoe (Zingiberaceae). Origem: Cultivada. Alimento: &#8220;moam amendoins, camar\u00f5es secos, castanhas de caju, gengibre, sem esquecer a pimenta malagueta ao gosto do fregu\u00eas [&#8230;] o gengibre com o coco, o sal com a pimenta, o alho com a castanha [&#8230;] se o vatap\u00e1, forte de gengibre, pimenta, amendoim&#8221; (DF, p. 135). Alimento (Tempero er\u00f3tico): &#8220;Jamais necessitei de gengibre e amendoim [&#8230;] Vi\u00fava no fog\u00e3o a cozinhar o vatap\u00e1, pesando o gengibre, o amendoim, a malagueta, e t\u00e3o somente&#8221; (DF, p. 136). Mulher desejada: &#8220;meu cobreado corpo de gengibre e mel [&#8230;] Tem gosto de mel e de pimenta, e de gengibre&#8230;&#8221; (DF, p. 136); &#8221; Tem gosto de mel e de pimenta, e de gengibre&#8230;&#8221; (DF, p. 244). Homem desejado: &#8220;o gosto ardido de gengibre, de pimenta, de cebola crua&#8221; (DF, p. 252). Coment\u00e1rio: identifica\u00e7\u00e3o concorda com Flora e Funga do Brasil (2023). Corr\u00eaa (1978[1926], v. 3, p. 380-383), prefere o bin\u00f4mio \u201c<em>Zingiber zingiber<\/em> Karst.\u201d, mas taut\u00f4nimos s\u00e3o considerados inaceit\u00e1veis pelo C\u00f3digo Internacional de Nomenclatura Bot\u00e2nica \u00a0(cf. TURLAND et al., 2018).<\/p><p>Imagens: <a href=\"https:\/\/drive.google.com\/file\/d\/1JAnvsZpYpV24d4BV1dzvEDeOL_clHreb\/view?usp=drive_link\" target=\"_blank\" rel=\"noopener\">H\u00e1bito<\/a>,\u00a0 <a href=\"https:\/\/drive.google.com\/file\/d\/1cAOfN0HId8FQkQ_3pB9dS5Kv_i0m9azg\/view?usp=drive_link\" target=\"_blank\" rel=\"noopener\">Rizoma<\/a><\/p><p style=\"text-align: justify;\"><strong>Glic\u00ednia<\/strong> s.f. <em>Wisteria sinensis<\/em> (Sims) Sweet (Fabaceae [Leguminosae]). Origem: Cultivada. Ornamenta\u00e7\u00e3o de roupa de cama: &#8220;com ramos de glic\u00ednia&#8221; (DF, p. 60). Coment\u00e1rios: Identifica\u00e7\u00e3o concorda com FLORA E FUNGA DO BRASIL (2024); Corr\u00eaa (1978[1926], v. 3, p. 418) associa este nome a \u201c<em>Wistaria chinensis<\/em> DC\u201d, mas trata-se\u00a0 de um nome com longa hist\u00f3ria taxon\u00f4mica; inicialmente Sims descreveu <em>Glycine sinensis<\/em> em 1819, mas essa esp\u00e9cie foi transferida por Sweet para o g\u00eanero <em>Wisteria<\/em> em 1826, contudo esta transfer\u00eancia j\u00e1 teria acontecido em 1825 no trabalho de De Candole; <em>W. sinensis<\/em> (Sims) Sweet \u00e9 o bin\u00f4mio e autoridade registrado no FLORA E FUNGA DO BRASIL (2024) sendo o que \u00e9 usado na China (cf. WFO, 2024), mas no WORLD FLORA ON LINE (2024) a autoridade \u00e9 diferente: <em>W. sinensis<\/em> (Sims) DC., uma pequena diferen\u00e7a entre os dois s\u00edtios oficiais de sistem\u00e1tica e nomenclatura de esp\u00e9cies vegetais.\u00a0<\/p><p style=\"text-align: justify;\"><strong>Goiaba<\/strong> s.f. <em>Psidium guajava<\/em> Linnaeus (Myrtaceae). Origem: Naturalizada. Alegria de viver: &#8220;Mastigar as goiabas&#8221; (GCC, p. 170); &#8221; Vida simples: a seu quintal de goiabas&#8221; (GCC, p. 170). Paisagem: &#8220;do quintal de goiaba, mam\u00e3o e pitanga&#8221; (GCC, p. 239). Coisas boas da vida: &#8220;De goiaba e pitanga&#8221; (GCC, p. 262). Mulher amada: &#8220;a morder goiabas no quintal&#8221; (GCC, p. 264). Lembran\u00e7as da situa\u00e7\u00e3o com o homem amado: &#8220;Queria um fog\u00e3o, um quintal de goiaba, mam\u00e3o e pitanga&#8221; (GCC, p. 285). Recanto tranquilo: &#8220;mordia goiabas, vermelhas pitangas&#8221; (GCC, 295). Coment\u00e1rio: identifica\u00e7\u00e3o concorda com Flora e Funga do Brasil (2024).<\/p><p style=\"text-align: justify;\">Imagens: <a href=\"https:\/\/drive.google.com\/file\/d\/1SpGI0JoZWpbsl4dW_92HrNFfkqr8F4jq\/view?usp=drive_link\" target=\"_blank\" rel=\"noopener\">Ramo frut\u00edfero<\/a>,\u00a0 <a href=\"https:\/\/drive.google.com\/file\/d\/1uFKkExop2f0nAP-iv1gBF92-0on-S4wK\/view?usp=drive_link\" target=\"_blank\" rel=\"noopener\">Fruto fechado<\/a>, <a href=\"https:\/\/drive.google.com\/file\/d\/1VMq3cW-w-zJ1vURIXMr0DXSJxwGWCFJP\/view?usp=drive_link\" target=\"_blank\" rel=\"noopener\">Fruto corte longitudinal<\/a><\/p><p style=\"text-align: justify;\"><strong>Goiabada<\/strong> s.f. <em>Psidium guajava<\/em> Linnaeus (Myrtaceae). Origem: Naturalizada. Alimento: &#8220;batendo o ritmo em latas vazias de goiabada&#8221; (DF, p. 70).<\/p><p style=\"text-align: justify;\"><strong>Goiabeira<\/strong> s.f. <em>Psidium guajava <\/em>Linnaeus (Myrtaceae). Origem: Naturalizada. Paisagem (quintal): &#8220;A lua, no alto dos c\u00e9us, iluminava o quintal de mamoeiros e goiabeiras.&#8221; (GCC, p. 120); &#8221; Prote\u00e7\u00e3o: dormindo \u00e0 sombra das goiabeiras&#8221; (GCC, p. 148); &#8221; por detr\u00e1s de uma goiabeira&#8221; (TSF, p. 58); &#8221; que conseguiu chegar at\u00e9 uma goiabeira perto da casa-grande do coronel.&#8221; (TSF, p. 58); &#8221; Liberdade: abriu a gaiola em frente \u00e0 goiabeira&#8221; (GCC, p. 170). Coment\u00e1rio: Corr\u00eaa (1978[1926], v. 3, p.429-432) concorda com identifica\u00e7\u00e3o.<\/p><p style=\"text-align: justify;\"><strong>Groselha<\/strong> s.f. <em>Ribes uva-crispa<\/em> Linnaeus (Grossulariaceae). Origem: Cultivada. Ingrediente de bebida alco\u00f3lica: &#8220;Marilda e a empregada serviam licores feitos em casa: de ovos, de violetas, de groselha, de umbu, de ara\u00e7\u00e1&#8221; (DF, p. 152). Coment\u00e1rios: Este bin\u00f4mio \u00e9 associado ao fit\u00f4nimo \u201cGroselheira-espinhosa\u201d tanto em Corr\u00eaa (1978[1926], v. 3, p. 496), como na FLORA E FUNGA DO BRASIL (2024).<\/p><p style=\"text-align: justify;\"><strong>Guaran\u00e1<\/strong> s.m. <em>Paullinia cupana<\/em> Kunth (Sapindaceae). Origem: Nativa. Alimento (Bebida refrescante): &#8220;as gasosas de lim\u00e3o e de morango, os guaran\u00e1s&#8221; (DF, p. 178); &#8221; encharcando-se de cerveja, gasosa e guaran\u00e1&#8221; (DF, p. 179). Coment\u00e1rio: identifica\u00e7\u00e3o concorda com Flora e Funga do Brasil (2024) e Corr\u00eaa (1978[1926], v. 3, p. 545-555).<\/p><\/div>\n\t\t\t\t\t\t\t\t\t<div class=\"elementor-tab-title elementor-tab-mobile-title\" aria-selected=\"false\" data-tab=\"8\" role=\"tab\" tabindex=\"-1\" aria-controls=\"elementor-tab-content-2628\" aria-expanded=\"false\">H<\/div>\n\t\t\t\t\t<div id=\"elementor-tab-content-2628\" class=\"elementor-tab-content elementor-clearfix\" data-tab=\"8\" role=\"tabpanel\" aria-labelledby=\"elementor-tab-title-2628\" tabindex=\"0\" hidden=\"hidden\"><p style=\"text-align: justify;\"><strong>Heliotr\u00f3pio<\/strong> s.m. <em>Heliotropium<\/em> sp. (Heliotropiaceae). Origem: Nativa. Padr\u00e3o de odor: &#8220;em perfume de heliotr\u00f3pio&#8221; (DF, p. 158). Coment\u00e1rios: Menezes (1949, p. 114) cita o Heliotr\u00f3pio dos Jardins, identificando como <em>Heliotropium<\/em> <em>peruvianum<\/em> L (sin\u00f4nimo de <em>Heliotropium<\/em> <em>arborescens<\/em> L., que, de acordo com o s\u00edtio Flora e Funga do Brasil [2024], n\u00e3o ocorre dentro das fronteiras nacionais). Silva et al. (1979, p. 578-579), tamb\u00e9m cita <em>H. peruvianum <\/em>L. para &#8220;Heliotropia&#8221;.<\/p><p style=\"text-align: justify;\"><strong>Hera<\/strong> s.f. <em>Hedera helix<\/em> Linnaeus (Araliaceae). Origem: Cultivada. Abandono: &#8220;hera cresceu pelas varandas&#8221; (TSF, p. 52). Coment\u00e1rios: identifica\u00e7\u00e3o concorda com Flora e Funga do Brasil (2024); Corr\u00eaa (1978[1926], v.4, p.24) tamb\u00e9m associa esse nome \u00e0 <i>H. helix<\/i>, acrescentando ainda <i>Evolvulus sericeus<\/i> Sw. (Convolvulaceae).<\/p><p style=\"text-align: justify;\">Imagens: <a href=\"https:\/\/drive.google.com\/file\/d\/1Egh4-q2SLn_mPBPHKx_7QJqLsfSeFTtw\/view?usp=drive_link\" target=\"_blank\" rel=\"noopener\">H\u00e1bito<\/a><\/p><p style=\"text-align: justify;\"><strong>Hortel\u00e3<\/strong> s.m. <em>Mentha piperita<\/em> Linnaeus (Lamiaceae [Labiatae]) Origem: Cultivada. Padr\u00e3o de sabor: &#8220;e tendo chupado uma pastilha de hortel\u00e3 para limpar a boca do gosto de pimenta e mel daquele beijo impudico&#8221; (DF, p. 211). Coment\u00e1rios: Corr\u00eaa (1978[1926], v. 4, p. 168) associa esse nome \u00e0 <em>Mentha<\/em> <em>sativa<\/em> L. (= <em>M.<\/em> <em>aquatica<\/em> L., seg. FLORA E FUNGA DO BRASIL, 2024) e <em>M. sylvestris<\/em> L. (= <em>M. uliginosa <\/em>Salisb<em>., <\/em>seg. IPNI, 2024 )<\/p><p style=\"text-align: justify;\"><strong>Hort\u00eansia<\/strong> s.f. <em>Hydrangea macrophylla<\/em> (Thunb.) Ser. (Hydrangeaceae). Origem: Cultivada. Padr\u00e3o de cor: &#8220;colcha de cetim azul-hort\u00eansia [&#8230;] segundo ele o lindo azul-hort\u00eansia era um roxo fun\u00e9reo&#8221; (DF, p. 60); &#8221; derrubou-a em cima da colcha azul-hort\u00eansia&#8221; (DF, p. 61); &#8221; azul- rei, azul-pervanche, hort\u00eansia, verde-mar&#8221; (DF, p. 105). Coment\u00e1rios: identifica\u00e7\u00e3o concorda com Flora e Funga do Brasil (2023); Corr\u00eaa (1978[1926], v. 4, 177-179) prefere o associar este fit\u00f4nimo \u00e0 <em>Hydrangea<\/em> <em>hortensia<\/em> DC., por\u00e9m, de acordo com WFO (2023), este bin\u00f4mio n\u00e3o foi proposto por De Candole e sim por Siebold, fazendo <em>H<\/em>. <em>hortensia<\/em> Siebold, que foi colocado entre os sin\u00f4nimos de <em>H. macrophylla<\/em>.<\/p><p style=\"text-align: justify;\">Imagens: <a href=\"https:\/\/drive.google.com\/file\/d\/1Oz0GCkz4lgcP6t6G9qcS-Iutk44RnwZl\/view?usp=drive_link\" target=\"_blank\" rel=\"noopener\">H\u00e1bito<\/a>, <a href=\"https:\/\/drive.google.com\/file\/d\/1TJ-K-4xAA4BnRVZ2ysFkWOUAvC4onEv_\/view?usp=drive_link\" target=\"_blank\" rel=\"noopener\">Infloresc\u00eancia<\/a><\/p><\/div>\n\t\t\t\t\t\t\t\t\t<div class=\"elementor-tab-title elementor-tab-mobile-title\" aria-selected=\"false\" data-tab=\"9\" role=\"tab\" tabindex=\"-1\" aria-controls=\"elementor-tab-content-2629\" aria-expanded=\"false\">I<\/div>\n\t\t\t\t\t<div id=\"elementor-tab-content-2629\" class=\"elementor-tab-content elementor-clearfix\" data-tab=\"9\" role=\"tabpanel\" aria-labelledby=\"elementor-tab-title-2629\" tabindex=\"0\" hidden=\"hidden\"><p style=\"text-align: justify;\"><strong>Inhame<\/strong> s.m. <em>Colocasia<\/em> <em>esculenta<\/em> (L.) Schott \u00a0(Araceae). Origem: Cultivada. Alimento: &#8220;Sobre a alva toalha, cuscuz de milho com leite de coco, banana-da-terra frita, inhame, aipim&#8221; (GCC, p. 108). Alimento (religioso): &#8220;Oxum gosta de acar\u00e1 e de ipet\u00e9 feito com inhame, cebola e camar\u00e3o [&#8230;] n\u00e3o tolera inhame e feij\u00e3o branco [&#8230;] Suas comidas s\u00e3o ojoj\u00f3 de inhame, eb\u00f4 de milho branco&#8221; (DF, p. 203). Produto agr\u00edcola: &#8220;cultivavam mandioca milho, batata doce, inhame&#8221; (GCC, p. 267). Antropofit\u00f4nimo: &#8220;Elixir de Inhame, mulato grosso&#8221; (DF, p. 173). Mercadoria: &#8220;contendo frutas, farinha de mandioca inhame, e aipim, carne de sol, chuchu e ab\u00f3bora&#8221; (DF, p. 22). Coment\u00e1rios: Menezes (1949, p. 117) afirma que este nome comum est\u00e1 associado a representantes das fam\u00edlias &#8220;Ar\u00e1cias, Dioscori\u00e1cias e [&#8230;] Amarilid\u00e1cias&#8221;, sendo que na Bahia ele est\u00e1 mais associado a membros da fam\u00edlia &#8220;Dioscori\u00e1cias&#8221;. Existe na verdade uma grande confus\u00e3o na aplica\u00e7\u00e3o dos nomes &#8220;Inhame&#8221; e &#8220;Car\u00e1&#8221;, nos dias atuais, nos supermercados, o nome &#8220;Inhame&#8221; \u00e9 geralmente aplicado aos tub\u00e9rculos provenientes de esp\u00e9cies de Araceae, como <em>Alocasia<\/em> <em>cucullata<\/em> (Lour.)G. Don (Inhame-chin\u00eas, cf. Flora e Funga do Brasil, 2024); o nome &#8220;car\u00e1&#8221; \u00e9 mais aplicado a representantes da fam\u00edlia Dioscoriaceae, principalmente aos tub\u00e9rculos a\u00e9reos da esp\u00e9cie <em>Dioscores<\/em> <em>bulbifera<\/em> L. (car\u00e1-moela); Corr\u00eaa (1978[1926], v. 4, p. 307-308), afirma que com este nome comum s\u00e3o conhecidas v\u00e1rias esp\u00e9cies de Araceae, \u201cmas o \u2018Inhame\u2019 propriamente dito \u00e9 <em>Colocasia<\/em> <em>antiquorum<\/em> Schott\u201d, sendo que tal bin\u00f4mio \u00e9, segundo FLORA E FUNGA DO BRASIL (2024), sin\u00f4nimo de <em>C. esculenta <\/em>(L.) Schott, nome considerado \u201caceito\u201d e associado ao fit\u00f4nimo \u201cInhame\u201d.<\/p><p>Imagens: <a href=\"https:\/\/drive.google.com\/file\/d\/1FEuhVxJ7qOYeepi5K2ZQ9XUzu11lblwt\/view?usp=drive_link\" target=\"_blank\" rel=\"noopener\">H\u00e1bito<\/a>, <a href=\"https:\/\/drive.google.com\/file\/d\/1sODptLmr5UwE3QZS5bDQiXAgocbznA01\/view?usp=drive_link\" target=\"_blank\" rel=\"noopener\">infloresc\u00eancia<\/a><\/p><\/div>\n\t\t\t\t\t\t\t\t\t<div class=\"elementor-tab-title elementor-tab-mobile-title\" aria-selected=\"false\" data-tab=\"10\" role=\"tab\" tabindex=\"-1\" aria-controls=\"elementor-tab-content-26210\" aria-expanded=\"false\">J<\/div>\n\t\t\t\t\t<div id=\"elementor-tab-content-26210\" class=\"elementor-tab-content elementor-clearfix\" data-tab=\"10\" role=\"tabpanel\" aria-labelledby=\"elementor-tab-title-26210\" tabindex=\"0\" hidden=\"hidden\"><p style=\"text-align: justify;\"><strong>Jaca<\/strong> s.f. <em>Artocarpus heterophyllus<\/em> Lamarck (Moraceae). Origem: Naturalizada. Alimento: &#8220;o sol brilhava sobre o amarelo das jacas maduras&#8221; (GCC, p. 48); &#8221; um peda\u00e7o assado de charque com farinha, uma jaca madura, comidos \u00e0s pressas na hora do sol a pino&#8221; (GCC, p. 152); &#8221; n\u00e3o comeria jaca colhida pelo negro Dami\u00e3o&#8221; (TSF, p. 66). Algo que prende: &#8220;\u00e9 feito visgo de jaca&#8221; (TSF, p. 23). Coment\u00e1rio: identifica\u00e7\u00e3o concorda com Flora e Funga do Brasil (2024).<\/p><p style=\"text-align: justify;\">Imagens: <a href=\"https:\/\/drive.google.com\/file\/d\/1eyE-i2Pzj95BTMy0BEqHic8NzZQXgRsR\/view?usp=drive_link\" target=\"_blank\" rel=\"noopener\">Ramo frut\u00edfero imaturo<\/a>, <a href=\"https:\/\/drive.google.com\/file\/d\/13_v9oubFApdAbaMtIti7jA2b1PmAzgek\/view?usp=drive_link\" target=\"_blank\" rel=\"noopener\">Fruto maduro<\/a>, <a href=\"https:\/\/drive.google.com\/file\/d\/17I7TYvJg2uzneSZYoCUt0QMC1ydjGkz8\/view?usp=drive_link\" target=\"_blank\" rel=\"noopener\">Fruto aberto<\/a><\/p><p style=\"text-align: justify;\"><strong>Jaca-mole<\/strong> s.f. <em>Artocarpus heterophyllus<\/em> Lamarck (Moraceae). Origem: Naturalizada. Alimento: &#8220;derrubavam uma jaca-mole de uma jaqueira qualquer e era a sobremesa&#8221; (TSF, p. 78); &#8221; que ia buscar jaca-mole nas grandes jaqueiras, cachos de banana-ouro nos \u00adbananais onde viviam as cobras&#8221; (TSF, p. 60). Mulher: &#8220;que nem visgo de jaca-mole.&#8221; (TSF, p. 60).<\/p><p style=\"text-align: justify;\"><strong>Jacarand\u00e1<\/strong> s.m. <em>Dalbergia nigra<\/em> (Vell.) Allem\u00e3o ex Benth. (Fabaceae [Leguminosae]). Origem: Nativa. Material de mobili\u00e1rio: &#8220;no leito monumental de jacarand\u00e1 maci\u00e7o e cheiro de alfazema&#8221; (DF, p. 159); &#8221; para o leito de jacarand\u00e1&#8221; (TSF, p. 50); &#8221; pronto para seu amor na cama de jacarand\u00e1&#8221; (TSF, p. 104); &#8221; Mas que deixasse essas hist\u00f3rias, esses detalhes para os momentos de intimidade no leito de jacarand\u00e1 que ocupava dois ter\u00e7os do quarto de dormir&#8221; (CE, p. 31). Coment\u00e1rios: Corr\u00eaa (1978[1926], v. 4, p. 376-379) cita v\u00e1rias esp\u00e9cies associadas ao nome \u201cJacarand\u00e1\u201d: <em>Dalbergia<\/em> <em>brasiliensis<\/em> Vog., <em>Dalbergia<\/em> <em>cuiabensis<\/em> Benth., <em>Dalbergia<\/em> <em>violacea<\/em> (Vog. ) Malme, <em>Machaerium<\/em> <em>amplum<\/em> Benth., <em>Machaerium<\/em> <em>mucronulatum<\/em> Mart., <em>Machaerium<\/em> <em>triste<\/em> Vog., <em>Swartzia<\/em> <em>psilonema<\/em> Harms; FLORA E FUNGA DO BRASIL (2024) tamb\u00e9m associa <em>D. brasiliensis<\/em> Vogel ao fit\u00f4nimo, guardando <em>D. nigra<\/em> (Vell.) Alem\u00e3o ex Benth. para \u201cJacarand\u00e1-da-Bahia\u201d.<\/p><p style=\"text-align: justify;\">Imagens:\u00a0 <a href=\"https:\/\/drive.google.com\/file\/d\/1TQ8eTx52ZYE6Du552XoSZvlQ7pksTvae\/view?usp=drive_link\" target=\"_blank\" rel=\"noopener\">H\u00e1bito<\/a>\u00a0 ,\u00a0 <a href=\"https:\/\/drive.google.com\/file\/d\/1DaW0lx1pbVlU9CPI0YZK8wXvWuVr4GSO\/view?usp=drive_link\" target=\"_blank\" rel=\"noopener\">Tronco<\/a>\u00a0 ,\u00a0 <a href=\"https:\/\/drive.google.com\/file\/d\/1QiWxsvXpSX4MznZGGnWtyMkiChygIMZ9\/view?usp=drive_link\" target=\"_blank\" rel=\"noopener\">ramo frut\u00edfero<\/a><\/p><p style=\"text-align: justify;\"><strong>Jalap\u00e3o<\/strong> s.m. <em>Operculina<\/em> <em>macrocarpa<\/em> (L.) Urb. (Convolvulaceae). Origem indeterminada. Topofit\u00f4nimo: &#8220;escala a serra Jalap\u00e3o para chegar a 22 \u00e0 margem direita do rio do Sono&#8221; (CE, p. 192); &#8221; Em Pedro Afonso cruzam o rio do Sono, marchando a vanguarda da Coluna para o Maranh\u00e3o, atrav\u00e9s de Jalap\u00e3o&#8221; (CE, p. 148). Coment\u00e1rios: Menezes (1949, p. 122), relaciona este nome a batata-de-purga, que ele determina (p. 36) como <em>Ipomoea<\/em> <em>operculina<\/em> M. (talvez <em>Ipomoea operculata <\/em>Mart., seg. IPNI), que atualmente \u00e9 identificada como <em>Operculina<\/em> <em>macrocarpa<\/em> (L.) Urb., \u00e0 qual s\u00e3o associados nomes como &#8220;Jalapina&#8221; e &#8220;Jalap&#8221;, al\u00e9m de batata-de-purga (Flora e Funga do Brasil, 2023). Ferreira (2004, p. 1147), tamb\u00e9m associa este nome \u00e0 citada esp\u00e9cie de Convolvulaceae e, da mesma forma, associando-o ao nome Batata-de-purga. Curiosamente, no local citado nas fontes amadianas, atualmente um procurad\u00edssimo ponto tur\u00edstico em Tocantins, n\u00e3o tem registro da referida esp\u00e9cie (cf. SPLINK, 2023); Corr\u00eaa (1978[1926], v. 4, p. 420) associa este fit\u00f4nimo \u00e0 <em>Parathesis<\/em> <em>serrulata<\/em> (Sw.) Mez (Primulaceae, antes Myrsinaceae), que n\u00e3o \u00e9 citada na FLORA E FUNGA DO BRASIL (2023), afirmando que a \u201cJalapa verdadeira\u201d pertenceria \u00e0 esp\u00e9cie <i>Ipomoea jalapa <\/i>Pursh, que, de acordo com Flora e Funga do Brasil (2024) n\u00e3o ocorre no Brasil.<\/p><p style=\"text-align: justify;\">Imagens: <a href=\"https:\/\/drive.google.com\/file\/d\/1yJCd22SRr1nKLSZADBcwgxVk6_WmOhaI\/view?usp=drive_link\" target=\"_blank\" rel=\"noopener\">H\u00e1bito<\/a>, <a href=\"https:\/\/drive.google.com\/file\/d\/1VLEwGP2KB_2IGf4ORwsuSSSsP2mGBz4O\/view?usp=drive_link\" target=\"_blank\" rel=\"noopener\">Flor vista lateral<\/a>, <a href=\"https:\/\/drive.google.com\/file\/d\/1knfTUDTRAXacWFK7jVqRb4yH7ecy9G5k\/view?usp=drive_link\" target=\"_blank\" rel=\"noopener\">Flor vista distal<\/a>, <a href=\"https:\/\/drive.google.com\/file\/d\/1o5WngmGIZj1cTxHUmSibOQRfb0VknOlX\/view?usp=drive_link\" target=\"_blank\" rel=\"noopener\">Fruto<\/a><\/p><p style=\"text-align: justify;\"><strong>Jambo<\/strong> s.m. <em>Syzygium malaccense<\/em> (L.) Merr. &amp; L.M.Perry (Myrtaceae). Origem: Cultivada. Antropofit\u00f4nimo: &#8220;Dora Cu de Jambo&#8221; (GCC, p. 214). Coment\u00e1rio: identifica\u00e7\u00e3o concorda com Flora e Funga do Brasil (2024). Corr\u00eaa (1978[1926], v. 4, p. 427-428) relaciona <em>Eugenia<\/em> <em>malaccensis<\/em> L. [sin\u00f4nimo de <em>S. malaccense<\/em> (L.) Merr &amp; L.M. Perry, segundo WFO (2024)], ao fit\u00f4nimo \u201cJambeiro vermelho\u201d.<\/p><p style=\"text-align: justify;\">Imagens: <a href=\"https:\/\/drive.google.com\/file\/d\/1_xA_Ln4KAFDHuUPAOdwPQNHraeV6qAvc\/view?usp=drive_link\" target=\"_blank\" rel=\"noopener\">H\u00e1bito<\/a>; <a href=\"https:\/\/drive.google.com\/file\/d\/1WPEwmu-E1LHq5ipJmyp7OTlvXp8fqfni\/view?usp=drive_link\" target=\"_blank\" rel=\"noopener\">Ramo flor\u00edfero<\/a><\/p><p style=\"text-align: justify;\"><strong>Jaqueira<\/strong> s.f. <em>Artocarpus heterophyllus<\/em> Lamarck (Moraceae). Origem: Naturalizada. Prote\u00e7\u00e3o(esconderijo de franco-atiradores): &#8220;a jaqueira o esconde da estrada&#8221; (TSF, p. 66); &#8221; era uma jaqueira frondosa [&#8230;] nunca atirei em nenhum dessa jaqueira [&#8230;] O negro Dami\u00e3o chega \u00e0 jaqueira&#8221; (TSF, p. 60); &#8221; atr\u00e1s de uma jaqueira perto do atalho [&#8230;] T\u00e3o detr\u00e1s da jaqueira\u2026 [&#8230;] A cabe\u00e7a de um dos assaltantes apareceu por detr\u00e1s da jaqueira acertando a pontaria [&#8230;] a cabe\u00e7a do homem atr\u00e1s da jaqueira balan\u00e7ou como um fruto maduro e caiu [&#8230;] Tiveram que se afastar um pouco das jaqueiras&#8221; (TSF, p. 196); &#8221; A lua sobe sobre a jaqueira&#8221; (TSF, p. 63). Fonte de alimento: &#8220;derrubavam uma jaca-mole de uma jaqueira qualquer e era a sobremesa&#8221; (TSF, p. 78). Caracter\u00edstica psicol\u00f3gica humana (serenidade): &#8221; a brisa suave entre a jaqueira e o p\u00e9 de fruta-p\u00e3o&#8221; (DF, p. 157). Produto agr\u00edcola: &#8220;que ia buscar jaca-mole nas grandes jaqueiras, cachos de banana ouro nos bananais onde viviam as cobras&#8221; (TSF, p. 60). Corr\u00eaa (1978[1926], v. 4, p. 438) associa este fit\u00f4nimo \u00e0 <em>Artocarpus integrifolia<\/em> Lf., que, de acordo com Flora e Funga do Brasil (2024), apesar de ser um nome aceito, esta esp\u00e9cie n\u00e3o ocorre no Brasil, em lugar disso, este s\u00edtio associa ao fit\u00f4nimo \u201cJaca\u201d \u00e0 esp\u00e9cie <em>A. heterophyllus<\/em> Lam.<\/p><p style=\"text-align: justify;\">imagem: <a href=\"https:\/\/drive.google.com\/file\/d\/1nP7lwQ16lysP8sEj_nBV8Ff4WhxDdHJ1\/view?usp=drive_link\" target=\"_blank\" rel=\"noopener\">H\u00e1bito<\/a>\u00a0\u00a0<\/p><p style=\"text-align: justify;\"><strong>Jasmim<\/strong> s.m. <em>Chrysojasminum odoratissimum<\/em> (L.) Banfi (Oleaceae). Origem: Cultivada. Padr\u00e3o de odor: &#8220;L\u00e1 fora, perfumada de jasmim [&#8230;] perfume de jasmim&#8221; (DF, p. 157). Coment\u00e1rios: Inicialmente considerou-se deixar este nome sem associ\u00e1-lo a uma esp\u00e9cie, contudo Menezes (1949, p. 123) afirma que, apesar de tratar-se da denomina\u00e7\u00e3o de diversas esp\u00e9cies pertencentes \u00e0s mais variadas fam\u00edlias, a mais comum seria <em>Jasminum<\/em> <em>odoratissimum<\/em> L. (Oleaceae), com o que tamb\u00e9m concorda a p\u00e1gina da Flora e Funga do Brasil (2024). Corr\u00eaa (1978[1926], v. 4, p. 490) relaciona este fit\u00f4nimo \u00e0s esp\u00e9cies <em>J. dichotomum<\/em> Vahl, <em>J. azoricum<\/em> L., <em>J. grandiflorum<\/em> L. e <em>J. pubescens<\/em> Willd., al\u00e9m de <em>J. odoratissimum<\/em> L.; contudo, Banfi (2014) transferiu todo o t\u00e1xon <em>Jasminum<\/em> sect. <em>Alternifolia<\/em> para o g\u00eanero <em>Chrysojasminum<\/em>, incluindo a antiga esp\u00e9cie lineana, combina\u00e7\u00e3o essa aceita pelo IPNI (2024) e WFO (2024).<\/p><p style=\"text-align: justify;\"><strong>Jasmineiro<\/strong> s.m. <em>Chrysojasminum odoratissimum<\/em> (L.) Banfi\u00a0 (Oleaceae).\u00a0Origem: Cultivada. Mulher desejada: &#8220;mesmo quando Malvina estava no port\u00e3o da casa nova sob o jasmineiro em flor&#8221; (GCC, p. 75). Ornamenta\u00e7\u00e3o particular (Jardim): &#8220;com um jasmineiro \u00e0 porta&#8221; (GCC, p. 73). Padr\u00e3o de odor: &#8220;que o cheiro pecaminoso dos jasmineiros&#8221; (TSF, p. 154). Coment\u00e1rios: ver anterior.\u00a0<\/p><p style=\"text-align: justify;\"><strong>Jatob\u00e1<\/strong> s.m. <em>Hymenaea<\/em> <em>courbaril<\/em> L. (Fabaceae [Leguminosae]). Origem: Nativa. Topofit\u00f4nimo: &#8220;A travessia foi feita pelo povoado de V\u00e1rzea Redonda a uma l\u00e9gua e meia de Jatob\u00e1, onde Siqueira encurralara o inimigo [&#8230;] mantendo sob ass\u00e9dio at\u00e9 26 a vila de Jatob\u00e1&#8221; (CE, p. 163). Coment\u00e1rios: Inicialmente este nome ficou sem ser associado a uma esp\u00e9cie bot\u00e2nica, mas Menezes (1949, p. 124) associa este termo ao nome &#8220;Jata\u00ed&#8221;, identificando-o como <em>Hymenaea<\/em> <em>courbaril<\/em> L., no que \u00e9 acompanhado pelo s\u00edtio da Flora e Funga do Brasil (2024). Corr\u00eaa (1978[1926], v. 4, p. 500-502), relaciona a este fit\u00f4nimo os nomes <em>H. altissima<\/em> Ducke, <em>H. martiana<\/em> Hayne e <em>H. splendida<\/em> Vog., destes nomes, todos aceitos e corretos segundo a Flora e Funga do Brasil (2024), apenas <em>H. altissima<\/em> Ducke tamb\u00e9m \u00e9 relacionado ao fit\u00f4nimo \u201cJatob\u00e1\u201d.<\/p><p style=\"text-align: justify;\">Imagens: <a href=\"https:\/\/drive.google.com\/file\/d\/1dw5ONmDp3rxLJ9qH6PJo8tuEklriGAzL\/view?usp=drive_link\" target=\"_blank\" rel=\"noopener\">Flor<\/a>, <a href=\"https:\/\/drive.google.com\/file\/d\/1YMd-utnBNUBqbHUAFQ67xoRJH0mKnMd_\/view?usp=drive_link\" target=\"_blank\" rel=\"noopener\">Fruto<\/a><\/p><p style=\"text-align: justify;\"><strong>Jenipapo<\/strong> s.m. <em>Genipa americana<\/em> Linnaeus (Rubiaceae). Origem: Nativa. Ingrediente de bebida alco\u00f3lica: &#8220;De jenipapo ou de abacaxi?&#8221; (GCC, p. 42); &#8221; Sorveu o licor de jenipapo&#8221; (GCC, p. 44); &#8221; Dor de cabe\u00e7a maior s\u00f3 com licor de jenipapo&#8230;&#8221; (DF, p. 82); &#8221; no jenipapo do S\u00e3o Jo\u00e3o&#8221; (DF, p. 93); &#8221; seu famoso licor de jenipapo&#8221; (DF, p. 115). Referencial: &#8220;sobre os jenipapos&#8221; (DF, p. 157). Coment\u00e1rio: identifica\u00e7\u00e3o concorda com Flora e Funga do Brasil (2024), como &#8220;genipapo&#8221; e com Corr\u00eaa (1978[1926], v. 4, p. 515) como \u201cJenipapeiro\u201d.<\/p><p style=\"text-align: justify;\"><strong>Jil\u00f3<\/strong> s.m. <em>Solanum aethiopicum<\/em> Linnaeus (Solanaceae). Origem: Cultivada. Mercadoria: &#8220;sacos de alva farinha de mandioca. Bananas cor de ouro, ab\u00f3boras amarelas, verdes jil\u00f3s, quiabos, laranjas&#8221; (GCC, p. 48). Coment\u00e1rio: identifica\u00e7\u00e3o concorda com Flora e Funga do Brasil (2024), como &#8220;gilo&#8221;; Corr\u00eaa (1978[1926], v. 4, p. 543-545) relaciona o fit\u00f4nimo \u00e0 esp\u00e9cie <em>Solanum gilo<\/em> Raddi, que \u00e9 sin\u00f4nimo de <em>S. aethiopicum<\/em> L., de acordo com a Flora e Funga do Brasil (2024).<\/p><p style=\"text-align: justify;\">imagens: <a href=\"https:\/\/drive.google.com\/file\/d\/1qYuq0bNyj0TPJiNVqhgcSx1arI7UMUXv\/view?usp=drive_link\" target=\"_blank\" rel=\"noopener\">H\u00e1bito <\/a>, <a href=\"https:\/\/drive.google.com\/file\/d\/1D3TvzYty5ryD2Q2m7nknkUt1cHKuwxUs\/view?usp=drive_link\" target=\"_blank\" rel=\"noopener\">Flor <\/a>, <a href=\"https:\/\/drive.google.com\/file\/d\/1tco76Y8gBmLmtBkv6RU44rIIlYnra63u\/view?usp=drive_link\" target=\"_blank\" rel=\"noopener\">Fruto fechado<\/a> , <a href=\"https:\/\/drive.google.com\/file\/d\/1alL2DX3X8MVyo07n6cYMTam3TBRIFjZS\/view?usp=drive_link\" target=\"_blank\" rel=\"noopener\">fruto aberto<\/a><\/p><p style=\"text-align: justify;\"><strong>Juazeiro<\/strong> s.m. <em>Sarcomphalus joazeiro<\/em> (Mart.) Hauenshild (Rhamnaceae). Origem: Nativa. Topofit\u00f4nimo: &#8220;se metera ele com uma tipa em Juazeiro [&#8230;] o marido n\u00e3o s\u00f3 terminara com a sujeita como nem mais dormia em Juazeiro&#8221; (DF, p. 191); &#8221; Desde aquele dia que, em Juazeiro, a companhia se dissolveu vendendo o urso e o pano para fazer o dinheiro das passagens, Laudelino entristeceu&#8221; (S, p. 95). Coment\u00e1rios: Esta identifica\u00e7\u00e3o concorda com\u00a0 Flora e Funga do Brasil (2024) e tamb\u00e9m com Corr\u00eaa (1978[1926], v. 4, p. 558), que todavia, usou \u201c<em>Zizyphus joazeiro<\/em> Mart.\u201d, uma variante ortogr\u00e1fica de <em>Ziziphus joazeiro<\/em> Mart., agora sin\u00f4nimo de <em>S. joazeiro<\/em> (Mart.) Hauenshild.<\/p><p style=\"text-align: justify;\">Imagens: <a href=\"https:\/\/drive.google.com\/file\/d\/1QWl7F4Lk0FYTvD2qQZfplsz4jgiuvwfO\/view?usp=drive_link\" target=\"_blank\" rel=\"noopener\">H\u00e1bito<\/a> , <a href=\"https:\/\/drive.google.com\/file\/d\/1lOG9H8z9hMytR2hwD4VHR5JxzMD8YtnG\/view?usp=drive_link\" target=\"_blank\" rel=\"noopener\">Ramo flor\u00edfero<\/a> ,\u00a0 <a href=\"https:\/\/drive.google.com\/file\/d\/1mMkkkrPBVeTcK7e89qwQ_1DzqvDX9hhI\/view?usp=drive_link\" target=\"_blank\" rel=\"noopener\">Ramo Frut\u00edfero<\/a><\/p><p style=\"text-align: justify;\"><strong>Junco<\/strong> s.m. Esp\u00e9cie indeterminada (Fam\u00edlia indeterminada). Origem indeterminada. Topofit\u00f4nimo: &#8220;Passam por Brejo em Brasa, por Junco, Gavi\u00e3o, Algod\u00e3o e, na madrugada de 25 est\u00e3o em Tabuleiro Alto&#8221; (CE, p. 178). Coment\u00e1rios: Menezes (1949, p. 126), associa este nome a diversas esp\u00e9cies como <em>Lepidosperma<\/em> <em>officinalis<\/em> (provavelmente referindo-se \u00e0 esp\u00e9cie <em>L. officinale<\/em> Arruda ex Almeida, um nome ainda obscuro entre os bot\u00e2nicos [cf. WFO , 2023]) \u00a0e <em>Rhynchospora<\/em> <em>cyperoides<\/em> (um nome publicado por Martius e atualmente figura entre os sin\u00f4nimos de <em>R. holoschoenoides<\/em> (Rich.) Herter [cf. Flora e Funga do Brasil, 2024]); esse mesmo autor associa o nome &#8220;Junco&#8221; a um outro nome comum: &#8220;Dand\u00e1&#8221;, sugerindo (p. 91) que pode ser identificado como <em>Cyperus<\/em> <em>jongus<\/em> L. (um nome n\u00e3o registrado, cf. IPNI.org [2024], talvez uma variante ortogr\u00e1fica de <em>C. longus<\/em> L.) ou <em>C. rotundus <\/em>L., que \u00e9 referido para o Brasil (cf. Flora e Funga do Brasil, 2024). Corr\u00eaa (1978[1926], v. 4, p.562-566) associa 16 nomes de esp\u00e9cies, restringindo apenas \u00e0 fam\u00edlia das Cyperaceae.<\/p><p style=\"text-align: justify;\"><strong>Jurubeba<\/strong> s.f. <em>Solanum paniculatum<\/em> Linnaeus (Solanaceae). Origem: Nativa. Medicinal: &#8220;cujas descobertas relativas \u00e0s faculdades medicinais da jurubeba&#8221; (DF, p. 173); &#8221; chegou a sorrir em meio aos fortes argumentos do doutor Sinval Costa Lima, o da jurubeba&#8221; (DF, p. 174). Coment\u00e1rios: Corr\u00eaa (1978[1926], v. 4, p. 583-585) relaciona oito esp\u00e9cies de Solanum a este\u00a0 fit\u00f4nimo: <em>S. angustifolium<\/em> Lam., <em>S. bonariensis <\/em>L., <em>S. cuneifolium<\/em> Dun., S. diphyllum L., <em>S. fastigiatum<\/em> Willd., <em>S. glaucum<\/em> Dun., <em>S. robustum<\/em> Wendl., <em>S. torvum<\/em> Sw., associando <em>S. paniculatum<\/em> L. ao fit\u00f4nimo \u201cjurubebinha\u201d (p. 586); a Flora e Funga do Brasil (2024) associa \u201cJurubeba\u201d \u00e0 Cactaceae <em>Brasiliopuntia brasiliensis<\/em> (Willd.) A. Berger.<\/p><p style=\"text-align: justify;\">Imagens: <a href=\"https:\/\/drive.google.com\/file\/d\/1Y1JffxsW5-TfWuA9W4lr8s0hUZGlLH2C\/view?usp=drive_link\" target=\"_blank\" rel=\"noopener\">Ramo flor\u00edfero<\/a> ,\u00a0 <a href=\"https:\/\/drive.google.com\/file\/d\/1VeYWW0lNCnkiy4Ul0s19yw7DpkZ_d0LE\/view?usp=drive_link\" target=\"_blank\" rel=\"noopener\">Fruto<\/a><\/p><\/div>\n\t\t\t\t\t\t\t\t\t<div class=\"elementor-tab-title elementor-tab-mobile-title\" aria-selected=\"false\" data-tab=\"11\" role=\"tab\" tabindex=\"-1\" aria-controls=\"elementor-tab-content-26211\" aria-expanded=\"false\">L<\/div>\n\t\t\t\t\t<div id=\"elementor-tab-content-26211\" class=\"elementor-tab-content elementor-clearfix\" data-tab=\"11\" role=\"tabpanel\" aria-labelledby=\"elementor-tab-title-26211\" tabindex=\"0\" hidden=\"hidden\"><p><strong>Laranja<\/strong>\u00a0s.f.\u00a0<em>Citrus sinensis<\/em>\u00a0(L.) Osbeck (Rutaceae). Origem: Cultivada. Alimento: &#8220;enquanto descascava uma laranja&#8221; (CA, p. 110); &#8221; que chupava a terceira laranja&#8221; (CA, p. 113); &#8221; tentando roubar frutas nos cestos de laranjas, limas, tangerinas, umbus e sapotis&#8221; (DF, p. 70); &#8221; V\u00e3o sair depois numa regi\u00e3o frut\u00edfera, laranjas, limas, mangas e cajus&#8221; (CE, p. 191). Mercadoria: &#8220;sacos de alva farinha de mandioca. Bananas cor de ouro, ab\u00f3boras amarelas, verdes jil\u00f3s, quiabos, laranjas&#8221; (GCC, p. 48); &#8221; Num canto uma negra velha vendia laranjas e cocada&#8221; (CA, p. 110); &#8221; que v\u00eam para vender sua farinha, seu milho, suas bananas e laranjas&#8221; (TSF, p. 198); &#8221; Hoje, essa casa transformou-se num sobradinho com uma quitanda embaixo, bem fornecida de bananas e laranjas&#8221; (S, p. 19). Ingrediente de bebida alco\u00f3lica: &#8220;Temos tamb\u00e9m de laranja e de maracuj\u00e1&#8221; (GCC, p. 42). Mulher virgem: &#8220;qual deles capaz de lhe arrebatar as flores de laranja e a virgindade&#8221; (DF, p. 120). Coment\u00e1rio: identifica\u00e7\u00e3o concorda com Flora e Funga do Brasil (2024).<\/p><p>imagem:\u00a0<a href=\"https:\/\/drive.google.com\/file\/d\/1paZQxIY7XzCAGuCPvWH1R_l-g1VQowSd\/view?usp=drive_link\" target=\"_blank\" rel=\"noopener\">Fruto\u00a0<\/a><\/p><p style=\"text-align: justify;\"><strong>Laranjeira<\/strong> s.f. <em>Citrus sinensis<\/em> (L.) Osbeck (Rutaceae). Origem: Cultivada. Mulher virgem: &#8220;as flores virginais da laranjeira&#8221; (DF, p. 120); &#8221; sem as flores virginais da laranjeira&#8221; (DF, p. 121); &#8221; as flores de laranjeira&#8221; (TSF, p. 235). Coment\u00e1rio: identifica\u00e7\u00e3o concorda com Flora e Funga do Brasil (2024); Corr\u00eaa (1978[1926], v. 4, p. 619-621) associa este fit\u00f4nimo \u00e0 esp\u00e9cie <em>Citrus aurantium<\/em> L. com muitas variedades, sendo uma delas <em>C. aurantium<\/em> v. <em>sinensis<\/em> L., que \u00e9 sin\u00f4nimo de <em>C. sinensis<\/em> (L.) Osbeck.<\/p><p style=\"text-align: justify;\"><strong>Lil\u00e1s<\/strong> a. <em>Syringa vulgaris<\/em> Linnaeus (Oleaceae). Origem: Cultivada. Padr\u00e3o de cor: &#8220;estampados em lil\u00e1s&#8221; (DF, p. 60).\u00a0 Coment\u00e1rios: Corr\u00eaa (1978[1926], v. 4, p. 645-646) concorda com esta identifica\u00e7\u00e3o, mas esta esp\u00e9cie n\u00e3o \u00e9 citada na Flora e Funga do Brasil (2024), apenas existindo um registro dela cultivada no Brasil (Rio Grande do Sul) em 1938 (cf. SPLINK, 2024).<\/p><p style=\"text-align: justify;\"><strong>Lima<\/strong> s.f. <em>Citrus aurantifolia <\/em>(Christm.) Swingle (Rutaceae). Origem: Cultivada. Alimento: &#8220;tentando roubar frutas nos cestos de laranjas, limas, tangerinas, umbus e sapotis&#8221; (DF, p. 70); &#8221; V\u00e3o sair depois numa regi\u00e3o frut\u00edfera, laranjas, limas, mangas e cajus&#8221; (CE, p. 191). Antropofit\u00f4nimo: &#8220;Lima Barreto resultava de tudo isso e da mis\u00e9ria em que vivia o povo brasileiro, como Coelho Neto resultava da vida pacata, c\u00f4moda, das camadas governantes, dos fazendeiros de caf\u00e9 n\u00e3o querendo saber como vivia a gente do pa\u00eds&#8221; (CE, p. 92); &#8221; doutor Sinval Costa Lima&#8221; (DF, p. 174). Coment\u00e1rios: Corr\u00eaa (1978[1926], v. 4, p. 620) associa este fit\u00f4nimo \u00e0 \u201cCitrus aurantium var. lumia\u201d, mas esta variedade n\u00e3o \u00e9 citada na Flora e Funga do Brasil (2024).<\/p><p style=\"text-align: justify;\"><strong>Lim\u00e3o<\/strong> s.m. <em>Citrus limon<\/em> (L.) Osbeck (Rutaceae). Origem: Cultivada. Alimento: &#8220;as gasosas de lim\u00e3o e de morango, os guaran\u00e1s&#8221; (DF, p. 178); &#8221; o suco de um lim\u00e3o; coentro; salsa; cebolinha verde; duas cebolas&#8221; (DF, p. 19); &#8221; Lavem os siris inteiros em \u00e1gua de lim\u00e3o&#8221; (DF, p. 20); &#8221; Tomem do sal, do coentro, do alho e da cebola, alguns tomates e o suco de um lim\u00e3o&#8221; (DF, p. 135); &#8221; sal, lim\u00e3o, alho, cebola, tomate, pimenta, e azeite, azeite doce \u00e0 vontade&#8221; (DF, p. 105). Ingrediente de bebida alco\u00f3lica: &#8220;eles providenciaram uma batida de lim\u00e3o&#8221; (DF, p. 90). Coment\u00e1rio: Corr\u00eaa (1978[1926], v. 4, p.655) relaciona este fit\u00f4nimo \u00e0 <em>C. limonum <\/em>Risso, que \u00e9 um dos sin\u00f4nimos de <em>C. limon <\/em>(L.) Osbeck segundo a Flora e Funga do Brasil (2024), que tamb\u00e9m identifica a este fit\u00f4nimo.<\/p><p style=\"text-align: justify;\">Imagens: <a href=\"https:\/\/drive.google.com\/file\/d\/1f-HaOl8kkPwi1u3L6EY9U0cKAdjFdIjB\/view?usp=drive_link\" target=\"_blank\" rel=\"noopener\">Flor <\/a>,\u00a0 <a href=\"https:\/\/drive.google.com\/file\/d\/1bC7cwei7aqa6th4IgxSJTB-hlE15jwfu\/view?usp=drive_link\" target=\"_blank\" rel=\"noopener\">Fruto<\/a>\u00a0 , <a href=\"https:\/\/drive.google.com\/file\/d\/17O8FV5nOc9EF45WF3Zr2vA7GNFNgTBUZ\/view?usp=drive_link\" target=\"_blank\" rel=\"noopener\">Fruto aberto<\/a><\/p><p style=\"text-align: justify;\"><strong>Linho<\/strong> s.m. <em>Linum usitatissimum<\/em> Linnaeus (Linaceae). Origem: Cultivada. Material de vestu\u00e1rio: &#8220;E, me diga, Pitanga, quanto voc\u00ea est\u00e1 cobrando hoje por um traje de linho branco? [&#8230;] Linho comum?&#8221; (DF, p. 95); &#8221; casimiras, tropicais, linhos, m\u00f3veis, perfumes, tudo de contrabando&#8221; (DF, p. 191); &#8221; roupas de linho branco&#8221; (TSF, p. 118). Coment\u00e1rio: O s\u00edtio da Flora e Funga do Brasil (2024) n\u00e3o cita essa esp\u00e9cie, mas o SPLINK (2024) a registra associando-a \u00e0 ambientes cultivados; Corr\u00eaa (1978[1926], v. 4, p. 664-665) concorda com essa identifica\u00e7\u00e3o.<\/p><\/div>\n\t\t\t\t\t\t\t\t\t<div class=\"elementor-tab-title elementor-tab-mobile-title\" aria-selected=\"false\" data-tab=\"12\" role=\"tab\" tabindex=\"-1\" aria-controls=\"elementor-tab-content-26212\" aria-expanded=\"false\">M<\/div>\n\t\t\t\t\t<div id=\"elementor-tab-content-26212\" class=\"elementor-tab-content elementor-clearfix\" data-tab=\"12\" role=\"tabpanel\" aria-labelledby=\"elementor-tab-title-26212\" tabindex=\"0\" hidden=\"hidden\"><p><strong>Macambira<\/strong> s.f. <em>Bromelia<\/em> <em>laciniosa<\/em> Mart. ex Schult. f. (Bromeliaceae). Origem: Nativa. Paisagem (Caatinga): &#8220;a flora opressiva dos mandacarus e das macambiras&#8221; (CE, p. 178). Coment\u00e1rios: Menezes (1949, p. 134) identifica como <em>Bromelia<\/em> <em>laciniosa<\/em> M[art. ex Schultes f.]; A forma como Jorge Amado utiliza a esp\u00e9cie para caracterizar a Caatinga, qualificando-a como &#8220;opressiva&#8221;, lembra as descri\u00e7\u00f5es desse ambiente feitas por Euclides da Cunha (1982[1902], pp. 117, 141). Tanto l\u00e1, como aqui, o nome parece referir-se mesmo ao bin\u00f4mio <em>B. laciniosa<\/em>, uma vez que ele aparece tamb\u00e9m em Martius (1841, c. 38), que descrevia o mesmo tipo vegetacional (cf. FRAN\u00c7A &amp; FONSECA, 2020, p. 132-133); Corr\u00eaa (1978[1926], v. 5, p. 4-5) associa este fit\u00f4nimo tanto \u00e0 \u201c<em>Bromelia<\/em> <em>laciniosa<\/em> Mart.\u201d e \u00e0 \u201c<em>Encholirion<\/em> .<em>spectabile<\/em> Mart.\u201d, que, no sert\u00e3o do Nordeste brasileiro, est\u00e1 associado a esta \u00faltima esp\u00e9cie, cuja autoridade do nome correta \u00e9 <em>Encholirium<\/em> <em>spectabile<\/em> Mart. ex Schult. &amp; Schult.f. (cf. FLORA E FUNGA DO BRASIL, 2024) geralmente traz um complemento especificador como \u201cMacambira-de-flecha\u201d ou \u201cMacambira-de-lajedo\u201d (cf. SPLINK, 2024).<\/p><p>Imagens: <a href=\"https:\/\/drive.google.com\/file\/d\/1XYApifmMEL9zaralBtRFJSVUbN_OoVGK\/view?usp=drive_link\" target=\"_blank\" rel=\"noopener\">Flor\u00a0 <\/a>,\u00a0 <a href=\"https:\/\/drive.google.com\/file\/d\/1ahk9D3ifv6cOT62RqbJB2KdUNefNcsF4\/view?usp=drive_link\" target=\"_blank\" rel=\"noopener\">Fruto imaturo\u00a0<\/a> ,\u00a0 <a href=\"https:\/\/drive.google.com\/file\/d\/1K5_NvrY-J9Ox5OLjxviScUYrJ64JBBgN\/view?usp=drive_link\" target=\"_blank\" rel=\"noopener\">Fruto maduro<\/a><\/p><p><strong>Macieira<\/strong> s.f. <em>Malus pumila<\/em> Mill. (Rosaceae). Origem: Cultivada. Ornamenta\u00e7\u00e3o particular (Jardim): &#8220;Nos jardins de sua casa plantara at\u00e9 macieira e pereira&#8221; (GCC, p. 52). Coment\u00e1rio: identifica\u00e7\u00e3o concorda com Flora e Funga do Brasil (2023); Corr\u00eaa (1978[1926], v. 5, p. 20-21) relaciona este nome europeu \u00e0 <em>Pyrus malus <\/em>L., que \u00e9 um sin\u00f4nimo de <em>M. pumila<\/em> Mill. (cf. FLORA E FUNGA DO BRASIL, 2024).<\/p><p>Imagens: <a href=\"https:\/\/drive.google.com\/file\/d\/1bmz33Qg0tA408gefSInmaZS513iqHJT6\/view?usp=drive_link\" target=\"_blank\" rel=\"noopener\">Fruto<\/a> , <a href=\"https:\/\/drive.google.com\/file\/d\/1q0_xpWV_VGULLPq9AOlaPe7_Du3pG3p2\/view?usp=drive_link\" target=\"_blank\" rel=\"noopener\">Fruto cortado<\/a> , <a href=\"https:\/\/drive.google.com\/file\/d\/1WHZsups5WOqQQZe2xrpyQ0y10kwhoe-Q\/view?usp=drive_link\" target=\"_blank\" rel=\"noopener\">semente<\/a><\/p><p><strong>Maconha<\/strong> s.f. <em>Cannabis sativa<\/em> Linnaeus (Cannabaceae). Origem: Cultivada. Entorpecente: &#8220;coca\u00edna, morfina, hero\u00edna, \u00f3pio, maconha [&#8230;] nos sombrios esconderijos dos fumadores de maconha&#8221; (DF, p. 101). Coment\u00e1rio: No s\u00edtio da Flora e Funga do Brasil (2024) n\u00e3o cita o g\u00eanero para o Brasil, contudo no SPLINK (2024) encontram-se v\u00e1rios registros da esp\u00e9cie aqui cultivada.<\/p><p>Imagens: <a href=\"https:\/\/drive.google.com\/file\/d\/1qmA-F50EjBZBqkpq7fn_Fk6Z9N4uzAYy\/view?usp=drive_link\" target=\"_blank\" rel=\"noopener\">H\u00e1bito<\/a><\/p><p><strong>Madressilva<\/strong> s.f. Esp\u00e9cie indeterminada (Fam\u00edlia indeterminada). Origem indeterminada. Vida dom\u00e9stica: &#8220;Conversavam tranq\u00fcilos assuntes da vida di\u00e1ria, os filhos da gata negra, as travessuras e gra\u00e7as das irm\u00e3s pequenas faziam conjeturas sobre o crescimento da madressilva que se enrascava no caramanch\u00e3o [&#8230;]&#8221; (CE, p. 75). Coment\u00e1rio: Menezes (1949, p. 135) cita &#8220;Madre Silva&#8221; como sendo <em>Lonicera<\/em> <em>caprifolium<\/em> L., uma &#8220;Caprifoli\u00e1cea&#8221;, mas este nome n\u00e3o \u00e9 citado para a flora do Brasil (FLORA E FUNGA DO BRASIL, 2024); Corr\u00eaa (1978[1926], v. 5, p. 27-28) relaciona este fit\u00f4nimo a v\u00e1rias esp\u00e9cies de <em>Alstroemeria<\/em> (Alstroemeriaceae).<\/p><p><strong>Magn\u00f3lia<\/strong> s.f. <em>Magnolia grandiflora<\/em> Linnaeus (Magnoliaceae). Origem: Cultivada. Antropofit\u00f4nimo: &#8220;Dona Magn\u00f3lia&#8221; (DF, pp. 163, 187, 188, 189, 190, 191) a fulva Magn\u00f3lia&#8221; (DF, p. 163); &#8221; e era Magn\u00f3lia&#8221; (DF, p. 210); &#8221; essa sua criada Magn\u00f3lia F\u00e1tima das Neves [&#8230;] Magn\u00f3lia&#8221; (DF, p. 187). Coment\u00e1rio: identifica\u00e7\u00e3o concorda com Flora e Funga do Brasil (2024); Corr\u00eaa (1978[1926], v. 5, p. 30-31) relaciona este fit\u00f4nimo a v\u00e1rias esp\u00e9cies de <em>Magnolia<\/em>, al\u00e9m de <em>M. g<\/em><em>randiflora<\/em> L.<\/p><p>Imagens: <a href=\"https:\/\/drive.google.com\/file\/d\/1d4YYiuEVWYyWzY_yQEPpwri4fKAWt_yF\/view?usp=drive_link\" target=\"_blank\" rel=\"noopener\">Ramo Flor\u00edfero<\/a>, <a href=\"https:\/\/drive.google.com\/file\/d\/1Hv_qTI5rmH-sw1jMsQdb49rC9dPv9bjo\/view?usp=drive_link\" target=\"_blank\" rel=\"noopener\">Flor<\/a><\/p><p><strong>Malagueta<\/strong> s.f. <em>Capsicum frutescens<\/em> Linnaeus (Solanaceae). Origem: Naturalizada. Alimento (Tempero er\u00f3tico): &#8220;Vi\u00fava no fog\u00e3o a cozinhar o vatap\u00e1, pesando o gengibre, o amendoim, a malagueta, e t\u00e3o somente.&#8221; (DF, p. 136). Mulher desejada: &#8220;de malagueta e mel&#8221; (DF, p. 104). Coment\u00e1rio: identifica\u00e7\u00e3o concorda com Flora e Funga do Brasil (2024) e com Corr\u00eaa (1978[1926], v. 5, p.35-36).\u00a0<\/p><p>Imagens:\u00a0 <a href=\"https:\/\/drive.google.com\/file\/d\/1NLcFLD5Q1HYlnYAXO3R26rf0RBszzqTK\/view?usp=drive_link\" target=\"_blank\" rel=\"noopener\">H\u00e1bito<\/a> , <a href=\"https:\/\/drive.google.com\/file\/d\/1U8Dtubfa4UCc1Ga023KjsnqpOqpAgNc_\/view?usp=drive_link\" target=\"_blank\" rel=\"noopener\">Flor<\/a> ,\u00a0 <a href=\"https:\/\/drive.google.com\/file\/d\/17Au4Zzb9ggb3IsUaF00BeG92bVfW6YVk\/view?usp=drive_link\" target=\"_blank\" rel=\"noopener\">Fruto<\/a><\/p><p><strong>Malmequer<\/strong> s.m. Esp\u00e9cie indeterminada (Asteraceae [Compositae]). Origem indeterminada. Amor: &#8220;As flores desabrochavam nas pra\u00e7as de Ilh\u00e9us, canteiros de rosas, cris\u00e2ntemos, d\u00e1lias, margaridas, malmequeres&#8221; (GCC, p. 125). Coment\u00e1rio: Menezes (1949, p. 135) cita como &#8220;Mal-me-quer&#8221; v\u00e1rias esp\u00e9cies de Compostas: <em>Wedelia<\/em> <em>paludosa<\/em> DC.; <em>Chrysanthemum<\/em> <em>carinatum<\/em> Schoub.; <em>C. coronarium<\/em> L. e <em>Aspilea<\/em> <em>fofiacia<\/em> Bar. (nome n\u00e3o encontrado no IPNI [2024], talvez uma variante de <em>Aspilia<\/em> <em>foliacea<\/em> Baker); Corr\u00eaa (1978[1926], v. 5, 38-39) associa este fit\u00f4nimo a v\u00e1rios g\u00eaneros de Asteraceae como <em>Chrysantemum<\/em>, <em>Grindelia<\/em>, <em>Onoseris<\/em> e <em>Viguiera<\/em>.<\/p><p><strong>Mam\u00e3o<\/strong> s.m. <em>Carica papaya<\/em> Linnaeus (Caricaceae). Origem: Naturalizada. Amor: &#8220;Queria um fog\u00e3o, um quintal de goiaba, mam\u00e3o e pitanga&#8221; (GCC, p. 285). Paisagem: &#8220;do quintal de goiaba, mam\u00e3o e pitanga&#8221; (GCC, p. 239). Coment\u00e1rio: identifica\u00e7\u00e3o concorda com Flora e Funga do Brasil (2024).<\/p><p>Imagens: <a href=\"https:\/\/drive.google.com\/file\/d\/1O8drugEseRtgtVHxBot3pxiIfGCq711V\/view?usp=drive_link\" target=\"_blank\" rel=\"noopener\">Flor<\/a> , <a href=\"https:\/\/drive.google.com\/file\/d\/1qcqWlgf1SU6lwQ8FwTTglrij1hTDQ29H\/view?usp=drive_link\" target=\"_blank\" rel=\"noopener\">Fruto aberto<\/a>\u00a0<\/p><p><strong>Mamoeiro<\/strong> s.m. <em>Carica papaya<\/em> Linnaeus (Caricaceae). Origem: Naturalizada. Paisagem: &#8220;A lua, no alto dos c\u00e9us, iluminava o quintal de mamoeiros e goiabeiras.&#8221; (GCC, p. 120). Coment\u00e1rio: identifica\u00e7\u00e3o concorda com Flora e Funga do Brasil (2023) e Corr\u00eaa (1978[1926], v. 5, p. 59-61).<\/p><p>Imagens: <a href=\"https:\/\/drive.google.com\/file\/d\/1_0umyyJcPWdm0tfSMdZdpY7b2FejjU4I\/view?usp=drive_link\" target=\"_blank\" rel=\"noopener\">H\u00e1bito<\/a><\/p><p><strong>Mandacaru<\/strong> s.m. <em>Cereus jamacaru<\/em> De Candole (Cactaceae). Origem: Nativa. Paisagem (Caatinga): &#8220;atravessando noutros dias zonas de caatinga, mandacarus, quixabas, cro\u00e1s, favelas, palmat\u00f3rias, culumbis, toda uma vegeta\u00e7\u00e3o espinhenta, onde os caminhos eram uma utopia&#8221; (CE, p. 169); &#8221; a flora opressiva dos mandacarus e das macambiras [&#8230;] No dia 19 a Coluna penetra na Estrada Cruel, em torno os mandacarus, os xique-xiques, as unhas-de-gato, as coroas-de-frade, toda a vegeta\u00e7\u00e3o inimiga, espinhenta, da caatinga violada&#8221; (CE, p. 178). Coment\u00e1rio: identifica\u00e7\u00e3o concorda com Flora e Funga do Brasil (2023); Corr\u00eaa (1978[1926], v. 5, p. 70) relaciona este fit\u00f4nimo \u00e0 <i>Cereus peruvianus <\/i>Mill., que, segundo a FLORA E FUNGA DO BRASIL (2024), trata-se de um sin\u00f4nimo de <em>C. hildmannianus<\/em> K. Schum.<\/p><p>Imagens: <a href=\"https:\/\/drive.google.com\/file\/d\/1x6cLQgdd4W4fXywaIZyuwRpK8GV0Gci9\/view?usp=drive_link\" target=\"_blank\" rel=\"noopener\">H\u00e1bito<\/a> , <a href=\"https:\/\/drive.google.com\/file\/d\/1SaQ3dbatGLrYkXluAq19jCxiS29zERei\/view?usp=drive_link\" target=\"_blank\" rel=\"noopener\">Flor<\/a> , <a href=\"https:\/\/drive.google.com\/file\/d\/15x1oZtEEvDio-jsWJy9Uq7PqQY_hjAZn\/view?usp=drive_link\" target=\"_blank\" rel=\"noopener\">Fruto imaturo<\/a> , <a href=\"https:\/\/drive.google.com\/file\/d\/1NQBMM-PTjepPgfvqZ5nmsIWq9CAz6M_Y\/view?usp=drive_link\" target=\"_blank\" rel=\"noopener\">Fruto maduro<\/a><\/p><p><strong>Mandioca<\/strong> s.f. <em>Manihot esculenta<\/em> Crantz (Euphorbiaceae) Origem: Nativa. Produto agr\u00edcola: &#8220;cultivavam mandioca milho, batata doce, inhame [&#8230;] Com a mandioca e o milho, a batata doce e o aipim, n\u00e3o conseguiam viver&#8221; (GCC, p. 267); &#8221; plantar cacau, milho e mandioca&#8221; (TSF, p. 20); &#8221; plantaram cacau e, entre o cacau, a mandioca, o milho de que iam viver os tr\u00eas anos de espera at\u00e9 que os cacaueiros crescessem.&#8221; (TSF, p. 42); &#8221; Oito dias antes tinha vindo Zacarias trazer milho e farinha de mandioca e levar carne-seca, cacha\u00e7a e feij\u00e3o do armaz\u00e9m da fazenda&#8221; (TSF, p. 43); &#8221; largaram fogo numa planta\u00e7\u00e3o de mandioca&#8221; (TSF, p. 199); &#8221; iniciou um inc\u00eandio nas planta\u00e7\u00f5es de mandioca&#8221; (TSF, p. 229); &#8221; O fogo devorava cart\u00f3rios, planta\u00e7\u00f5es de milho e mandioca armaz\u00e9ns com cacau seco, matavam-se homens&#8221; (TSF, p. 240). Alimento: &#8220;os bolinhos de mandioca e puba&#8221; (GCC, p. 39); &#8221; cheiro bom de comidas de milho e mandioca&#8221; (CA, p. 39); &#8221; deixava bolo de milho e de aipim, cuscuz de mandioca tamb\u00e9m&#8221; (GCC, p. 81). Mercadoria: &#8220;sacos de alva farinha de mandioca.&#8221; (GCC, p. 48); &#8221; contendo frutas, farinha de mandioca inhame, e aipim, carne de sol, chuchu e ab\u00f3bora&#8221; (DF, p. 22). Homem (p\u00eanis): &#8220;enorme raiz de mandioca&#8221; (DF, p. 6). Coment\u00e1rio: identifica\u00e7\u00e3o concorda com Flora e Funga do Brasil (2024); Corr\u00eaa (1978[1926], v. 5, p. 72-72) relaciona este fit\u00f4nimo \u00e0 <em>Manihot<\/em> <em>utilissima<\/em> Pohl, que \u00e9 um sin\u00f4nimo posteriormente publicado de <em>M. esculenta<\/em> Crantz<\/p><p>Imagens: ver aipim.<\/p><p><strong>Mandiocal<\/strong> s.m. <em>Manihot esculenta<\/em> Crantz (Euphorbiaceae) Origem: Nativa. Produto agr\u00edcola: &#8220;entra pelas fazendas, cafezais, algodoais, mandiocais e milharais&#8221; (CE, p. 211).<\/p><p><strong>Manga<\/strong> s.f. <em>Mangifera indica<\/em> Linnaeus (Anacardiaceae). Origem: Cultivada. Alimento: &#8220;Refresco de manga?&#8221; (GCC, p. 235); &#8221; manga e sapoti na sobremesa&#8221; (DF, p. 247); &#8221; V\u00e3o sair depois numa regi\u00e3o frut\u00edfera, laranjas, limas, mangas e cajus&#8221; (CE, p. 191). Topofit\u00f4nimo: &#8220;esta [a coluna] chega \u00e0 Chuva de Manga&#8221; (CE, p. 148). Coment\u00e1rio: identifica\u00e7\u00e3o concorda com Flora e Funga do Brasil (2024).<\/p><p>Imagens: <a href=\"https:\/\/drive.google.com\/file\/d\/18OaKCHx21cr9sMdd1IxElffxUs4Hs_GR\/view?usp=drive_link\" target=\"_blank\" rel=\"noopener\">H\u00e1bito<\/a> , <a href=\"https:\/\/drive.google.com\/file\/d\/1K6dMIpLGAyWMRKIuEHVyrSOMsMtDEi28\/view?usp=drive_link\" target=\"_blank\" rel=\"noopener\">Flor<\/a> , <a href=\"https:\/\/drive.google.com\/file\/d\/1aVUAfHhv6n-ah_K_Z9_IFPWkVQ8M89RQ\/view?usp=drive_link\" target=\"_blank\" rel=\"noopener\">Fruto no p\u00e9<\/a>, <a href=\"https:\/\/drive.google.com\/file\/d\/1zBCF61xySXLRKrN7CwSgHk6qoZEEFNzs\/view?usp=drive_link\" target=\"_blank\" rel=\"noopener\">Fruto comercializado<\/a><\/p><p><strong>Manga-espada<\/strong> s.f. <em>Mangifera indica<\/em> Linnaeus (Anacardiaceae). Origem: Cultivada. Alimento: &#8220;comer manga espada&#8221; (GCC, p. 170).<\/p><p><strong>Mangaba<\/strong> s.f. <em>Hancornia speciosa<\/em> Gomes (Apocynaceae). Origem: Nativa. Material para fazer dispositivo que atravessava os rios: &#8220;se a verdade \u00e9 que a Coluna conduzia um &#8220;apareio de mangaba&#8221; que colocava sobre os rios e sobre o qual passava?&#8221; (CE, p. 166). Coment\u00e1rio: identifica\u00e7\u00e3o concorda com Flora e Funga do Brasil (2024).<\/p><p>Imagens:\u00a0 <a href=\"https:\/\/drive.google.com\/file\/d\/1r5Xfp6fHZGhLOXB8OV8Zj1VDPJzsTkNo\/view?usp=drive_link\" target=\"_blank\" rel=\"noopener\">Flor<\/a>\u00a0 ,\u00a0 <a href=\"https:\/\/drive.google.com\/file\/d\/1Kkc48IvDp9hP8GGwcwYt1iwi7Cz-wycr\/view?usp=drive_link\" target=\"_blank\" rel=\"noopener\">Fruto<\/a><\/p><p><strong>Mangabeira<\/strong> s.f. <em>Hancornia speciosa<\/em> Gomes (Apocynaceae). Origem: Nativa. Topofit\u00f4nimo: &#8220;marchando da\u00ed para S\u00e3o Raimundo das Mangabeiras&#8221; (CE, p. 151); &#8221; Agora, amiga, penetram pela chapada das Mangabeiras&#8221; (CE, p. 192). Antropofit\u00f4nimo: &#8220;Dr. Francisco Mangabeira&#8221; (CE, p. 276). Coment\u00e1rio: Corr\u00eaa (1978[1926], v. 5, p. 82-83) concorda com a identifica\u00e7\u00e3o, mas atribui a autoria da esp\u00e9cie \u00e0 M\u00fcller Argoviensis, o que est\u00e1 incorreto.<\/p><p><strong>Mangueira<\/strong> s.f. <em>Mangifera indica<\/em> Linnaeus (Anacardiaceae). Origem: Cultivada. Brinquedo de crian\u00e7a: &#8220;numa mangueira, um balan\u00e7o onde uma menina da idade de Dora se divertia&#8221; (CA, p. 220); &#8221; o rapaz voltou a balan\u00e7ar a irm\u00e3 entre mangueiras&#8221; (CA, p. 224). Paisagem: &#8220;havia um frio h\u00famido que o vento trazia das ch\u00e1caras onde balou\u00e7avam mangueiras e sapotizeiros&#8221; (CA, p. 67). Riqueza: &#8220;palacete com mangueiras na frente e bancos sob a sombra&#8221; (S, p. 53). Coment\u00e1rios: esta identifica\u00e7\u00e3o concorda com a Flora do Brasil (FLORA E FUNGA DO BRASIL, 2024) e com Corr\u00eaa (1978[1926], v. 5, p. 87-88).<\/p><p><strong>Manjeric\u00e3o<\/strong> s.m. <em>Ocimum basilicum<\/em> Linnaeus (Lamiaceae [Labiatae]) Origem: Cultivada. Mulher amada: &#8220;minha flor de manjeric\u00e3o&#8221; (DF, p. 14, 62). Coment\u00e1rio: identifica\u00e7\u00e3o concorda com Flora e Funga do Brasil (2024).<\/p><p>Imagens:\u00a0 <a href=\"https:\/\/drive.google.com\/file\/d\/1B2mpqlwRkCaMQsOa5Cy72u0OS63bPkZ5\/view?usp=drive_link\" target=\"_blank\" rel=\"noopener\">H\u00e1bito<\/a>\u00a0 ,\u00a0 <a href=\"https:\/\/drive.google.com\/file\/d\/1Bh3j9GV1Uri1S6YxQoDAcdZxh_qd-tPc\/view?usp=drive_link\" target=\"_blank\" rel=\"noopener\">Infloresc\u00eancia<\/a>\u00a0 ,\u00a0 <a href=\"https:\/\/drive.google.com\/file\/d\/13gc-XoYmap9e1Vwpmanutw7nJJO8k4ME\/view?usp=drive_link\" target=\"_blank\" rel=\"noopener\">Flor<\/a>\u00a0 ,\u00a0 <a href=\"https:\/\/drive.google.com\/file\/d\/1SoQ2VVkvijMvt3v_6CHu3RQR7J8Q0Pcx\/view?usp=drive_link\" target=\"_blank\" rel=\"noopener\">Sementes<\/a><\/p><p><strong>Maracuj\u00e1<\/strong> s.m. <em>Passiflora edulis<\/em> Sims (Passifloraceae). Origem: Nativa. Ingrediente de bebida alco\u00f3lica: &#8220;Temos tamb\u00e9m de laranja e de maracuj\u00e1&#8221; (GCC, p. 42). Mulher amada: &#8220;onde j\u00e1 se viu, minha Flor de maracuj\u00e1&#8221; (DF, p. 221). Esta identifica\u00e7\u00e3o concorda com a Flora do Brasil (FLORA E FUNGA DO BRASIL, 2024); Corr\u00eaa (1978[1926], v. 5, p. 108-119) associa este nome a v\u00e1rias esp\u00e9cies de <em>Passiflora<\/em>.<\/p><p>Imagens: <a href=\"https:\/\/drive.google.com\/file\/d\/1-N_qZNviGyHqGWGxBWfHKw9M8JHhSsvB\/view?usp=drive_link\" target=\"_blank\" rel=\"noopener\">H\u00e1bito<\/a>\u00a0 ,\u00a0 <a href=\"https:\/\/drive.google.com\/file\/d\/1L0z0u1AU-2GDkgBC_i9cDAIL9KvpTu4w\/view?usp=drive_link\" target=\"_blank\" rel=\"noopener\">Flor<\/a>\u00a0 ,\u00a0 <a href=\"https:\/\/drive.google.com\/file\/d\/1DWfcCYorVivJbCy6X5ijzJ0sAYqPysQ2\/view?usp=drive_link\" target=\"_blank\" rel=\"noopener\">Fruto imaturo<\/a>\u00a0 ,\u00a0 <a href=\"https:\/\/drive.google.com\/file\/d\/15rqS_ZBz0RN5-3Efv51orla0_CaS_B6U\/view?usp=drive_link\" target=\"_blank\" rel=\"noopener\">Fruto maduro fechado<\/a>\u00a0 ,\u00a0 <a href=\"https:\/\/drive.google.com\/file\/d\/1YzIKDud9NBrb8_eC43lHNzIPalpwjsbk\/view?usp=drive_link\" target=\"_blank\" rel=\"noopener\">Fruto maduro aberto<\/a><\/p><p><strong>Margarida<\/strong> s.f. <em>Chrysanthemum<\/em> sp. (Asteraceae [Compositae]). Origem: Cultivada. Antropofit\u00f4nimo: &#8220;boa tarde, dona Margarida [&#8230;] mas a vi\u00fava Margarida Santos assentou de novo o lorgnon de ouro&#8221; (CA, p. 106). Amor: &#8220;As flores desabrochavam nas pra\u00e7as de Ilh\u00e9us, canteiros de rosas, cris\u00e2ntemos, d\u00e1lias, margaridas, malmequeres&#8221; (GCC, p. 125). Resposta da natureza \u00e0s mudan\u00e7as estacionais: &#8220;margaridas e onze horas&#8221; (CA, p. 142). Coment\u00e1rio: Menezes (1949, p. 140), relaciona este nome \u00e0s esp\u00e9cies de Asteraceae &#8220;<em>Aster<\/em> <em>sinensis<\/em> L.; <em>Callistephus<\/em> <em>chinensis<\/em> Ness e <em>Coreopsis<\/em> <em>lanciolata<\/em> &#8220;; Corr\u00eaa (1978[1926], v. 5, p. 135-136)\u00a0 associa este fit\u00f4nimo \u00e0 <em>Aster<\/em> <em>amellus<\/em> L. e <em>Chrysanthemum<\/em> <em>frutescens<\/em> L.<\/p><p><strong>Mastru\u00e7o<\/strong> s.m. <em>Dysphania ambrosioides<\/em> (L.) Mosyakin &amp; Clemants (Amaranthaceae). Origem: Naturalizada. Medicinal: &#8220;Por volta das oito horas da noite, sinh\u00e1 Ricardina chegou, com um ramo de mastru\u00e7o na m\u00e3o [&#8230;] P\u00f4s o doente em p\u00e9, bateu-lhe com o mastru\u00e7o na testa&#8221; (S, p. 81); &#8220;Agora bote azeite doce com esse mastru\u00e7o no lugar da maldita&#8221; (S, p. 82). Coment\u00e1rio: identifica\u00e7\u00e3o concorda com Flora e Funga do Brasil (2024); Corr\u00eaa (1978[1926], v. 5, p. 160) relaciona este fit\u00f4nimo \u00e0 <em>Cardamine<\/em> <em>chenopodiifolia<\/em> Pers. e\u00a0 <em>Senebiera<\/em> <em>didyma<\/em> Pers.<\/p><p>Imagens:\u00a0 <a href=\"https:\/\/drive.google.com\/file\/d\/1P9ZjbqZVlyV1sQfz2jyXDZd-sSFTuw5f\/view?usp=drive_link\" target=\"_blank\" rel=\"noopener\">H\u00e1bito<\/a>\u00a0 ,\u00a0 <a href=\"https:\/\/drive.google.com\/file\/d\/1ifK_2KcgF0wEn4v6walDJDDURzQAsHYZ\/view?usp=drive_link\" target=\"_blank\" rel=\"noopener\">infloresc\u00eancia<\/a>\u00a0 ,\u00a0 <a href=\"https:\/\/drive.google.com\/file\/d\/1GjWw2h-6E223YMS38Z15GVh4owVT2vhs\/view?usp=drive_link\" target=\"_blank\" rel=\"noopener\">Flor<\/a><\/p><p><strong>Mate<\/strong> s.m. <em>Ilex paraguariensis <\/em>A.St.-Hil. (Aquifoliaceae). Origem: Nativa. Padr\u00e3o de cor: &#8220;Com sua tez mate de cabo-verde, suave&#8221; (DF, p. 29); &#8221; cor de mate&#8221; (DF, pp. 34, 136); &#8221; onde a cor mate de Flor ressaltava transfigurada&#8221; (DF, p. 48); &#8221; tom de rosa ch\u00e1, de mate e de finura&#8221; (DF, p. 113). Coment\u00e1rio: identifica\u00e7\u00e3o concorda com Flora e Funga do Brasil (2024).<\/p><p><strong>Maxixe<\/strong> s.m. <em>Cucumis anguria<\/em> Linnaeus (Cucurbitaceae). Origem: Nativa. Dan\u00e7a: &#8220;um maxixe embolado&#8221; (GCC, p. 249); &#8221; de quando em quando um maxixe&#8221; (TSF, p. 236); &#8221; cantando o maxixe de nome Dei Meu Cora\u00e7\u00e3o&#8221; (TSF, p. 254); &#8221; A que dan\u00e7ava maxixe nas noites da selva e da caatinga&#8221; (CE, p. 129); &#8221; a mulata &#8220;On\u00e7a&#8221; se rebolava no maxixe dengoso [&#8230;] onde as ancas tinham vida pr\u00f3pria no ritmo do maxixe [&#8230;] &#8220;On\u00e7a&#8221; se estra\u00e7alha no maxixe [&#8230;] Os homens estavam perdidos, como nas noites l\u00fabricas de maxixe&#8221; (CE, p. 133); &#8221; nessa noite dan\u00e7ou seu maxixe como uma dan\u00e7a de vit\u00f3ria&#8221; (CE, p. 134). Topofit\u00f4nimo: &#8220;Avan\u00e7am por Ro\u00e7a de Dentro, lutando a\u00ed e lutando em Maxixe&#8221; (CE, p. 176). Coment\u00e1rio: identifica\u00e7\u00e3o concorda com Flora e Funga do Brasil (2024) e com Corr\u00eaa (1978[1926], v. 5, p. 180-181).<\/p><p>Imagens:\u00a0 <a href=\"https:\/\/drive.google.com\/file\/d\/1nmdHDMX6C6PaAWWhCXgvvpS7DDuhlXT4\/view?usp=drive_link\" target=\"_blank\" rel=\"noopener\">Flor<\/a>\u00a0 ,\u00a0 <a href=\"https:\/\/drive.google.com\/file\/d\/1MEsDM2085uasnwgQ19iW_YHYtBm1Tw9d\/view?usp=drive_link\" target=\"_blank\" rel=\"noopener\">Fruto no p\u00e9<\/a>\u00a0 ,\u00a0 <a href=\"https:\/\/drive.google.com\/file\/d\/1GHyCGc9fWZkkq190uof6_dJ-aqY4EQGL\/view?usp=drive_link\" target=\"_blank\" rel=\"noopener\">Fruto comercializado<\/a>\u00a0,\u00a0 <a href=\"https:\/\/drive.google.com\/file\/d\/1M56iGxF24HSAuii7HRRgFRgGaugT0ObR\/view?usp=drive_link\" target=\"_blank\" rel=\"noopener\">Fruto fechado e aberto<\/a><\/p><p><strong>Mel\u00e3o-bravo<\/strong> s.m. Esp\u00e9cie indeterminada (Fam\u00edlia indeterminada). Origem indeterminada. Instrumento para lavar roupa: &#8220;esfregando o sab\u00e3o enrolado em folhas de mel\u00e3o bravo&#8221; (S, p. 73).<\/p><p><strong>Milharal<\/strong> s.m. <em>Zea mays<\/em> Linnaeus (Poaceae [Gramineae]) Origem: Cultivada. Produto agr\u00edcola: &#8220;imensamente mais pesado que no milharal&#8221; (TSF, p. 78); &#8221; entra pelas fazendas, cafezais, algodoais, mandiocais e milharais&#8221; (CE, p. 211).<\/p><p>Imagem: <a href=\"https:\/\/drive.google.com\/file\/d\/1LKWTlBTD3Y46_O8rHYvNi6rBoDAhqKqa\/view?usp=drive_link\" target=\"_blank\" rel=\"noopener\">Paisagem<\/a><\/p><p><strong>Milho<\/strong> s.m. <em>Zea mays<\/em> Linnaeus (Poaceae [Gramineae]) Origem: Cultivada. Alimento: &#8220;na esta\u00e7\u00e3o vendem doces de milho, mingau, mugunz\u00e1, pamonha, canjica&#8221; (CA, p. 313); &#8221; cheiro bom de comidas de milho e mandioca&#8221; (CA, p. 314); &#8221; Negras vendiam mingau e cuscuz, milho cozido e bolos de tapioca&#8221; (GCC, p. 17); &#8221; os doces de aipim, de milho&#8221; (GCC, p. 39); &#8221; deixava bolo de milho e de aipim, cuscuz de mandioca tamb\u00e9m&#8221; (GCC, p. 81); &#8221; Sobre a alva toalha, cuscuz de milho com leite de coco, banana-da-terra frita, inhame, aipim&#8221; (GCC, p. 108); &#8221; um manu\u00ea de milho&#8221; (DF, p. 165); &#8221; sirvam-lhe adun: jub\u00e1 de milho em dend\u00ea e mel de abelhas&#8221; (DF, p. 203); &#8221; essa \u00e9 tamb\u00e9m a festa do milho, canjicas, manu\u00eas, pamonhas, cuscuz, mungunz\u00e1, as espigas crepitando nas fogueiras&#8221; (CE, p. 142); &#8221; Levavam caf\u00e9, leite, doces de milho, rem\u00e9dios para os feridos&#8221; (CE, p. 151). Produto agr\u00edcola: &#8220;cultivavam mandioca milho, batata doce, inhame [&#8230;] Com a mandioca e o milho, a batata doce e o aipim, n\u00e3o conseguiam viver&#8221; (GCC, p. 267); &#8221; ele plantava uma ro\u00e7a de milho com mais dois irm\u00e3os&#8221; (TSF, p. 19); &#8221; A ro\u00e7a de milho bastaria para eles dois [&#8230;] plantar cacau, milho e mandioca&#8221; (TSF, p. 20); &#8221; plantaram cacau e, entre o cacau, a mandioca, o milho de que iam viver os tr\u00eas anos de espera at\u00e9 que os cacaueiros crescessem&#8221; (TSF, p. 42); &#8221; Oito dias antes tinha vindo Zacarias trazer milho e farinha de mandioca&#8221; (TSF, p. 43); &#8221; O fogo devorava cart\u00f3rios, planta\u00e7\u00f5es de milho e mandioca [&#8230;]&#8221; (TSF, p. 240); &#8221; Campos que amamos, que conhecemos nas suas planta\u00e7\u00f5es de cana, de milho, de cacau, de caf\u00e9 e de algod\u00e3o&#8221; (CE, p. 14). Mulher: &#8220;meu manu\u00ea de milho verde, meu acaraj\u00e9 cheiroso, minha franguinha gorda&#8221; (DF, p. 6); &#8221; uma espiga de milho&#8221; (DF, p. 38). Tabagismo: &#8220;raspando a palha de milho com um canivete&#8221; (TSF, p. 210); &#8221; O fazendeiro escutava, a preparar um cigarro de palha de milho e fumo de rolo&#8221; (GCC, p. 141). Mercadoria: &#8220;que v\u00eam para vender sua farinha, seu milho [&#8230;]&#8221; (TSF, p. 198). Coment\u00e1rio: identifica\u00e7\u00e3o concorda com Flora e Funga do Brasil (2024) e com Corr\u00eaa (1978[1926], v. 5, 201-205).<\/p><p>Imagens: <a href=\"https:\/\/drive.google.com\/file\/d\/1g8lj_uT3cSYrheHnE4ow4iHOjdopMSb6\/view?usp=drive_link\" target=\"_blank\" rel=\"noopener\">H\u00e1bito\u00a0 com infloresc\u00eancias estaminadas<\/a>\u00a0 ,\u00a0 <a href=\"https:\/\/drive.google.com\/file\/d\/1SVQ9ZszRTngnlETU2i6bqbiNOOIxrGha\/view?usp=drive_link\" target=\"_blank\" rel=\"noopener\">Infrutesc\u00eancia no p\u00e9<\/a> ,\u00a0 <a href=\"https:\/\/drive.google.com\/file\/d\/1D04u6knZLoEDVRah4xRAGrpcpxCpWxNi\/view?usp=drive_link\" target=\"_blank\" rel=\"noopener\">Infrutesc\u00eancia com br\u00e1cteas<\/a>\u00a0 ,\u00a0 I<a href=\"https:\/\/drive.google.com\/file\/d\/10NGQipqApsR7K0DGKfxHoZRJdAVzUfHV\/view?usp=drive_link\" target=\"_blank\" rel=\"noopener\">nfrutesc\u00eancia aberta com frutos imaturos<\/a><\/p><p><strong>Milho-branco<\/strong> s.m. <em>Zea mays<\/em> Linnaeus (Poaceae [Gramineae]) Origem: Cultivada. Alimento: &#8220;Al\u00e9m do caldeir\u00e3o de mungunz\u00e1 de milho branco, um espet\u00e1culo!&#8221; (DF, p. 178); &#8221; Suas comidas s\u00e3o ojoj\u00f3 de inhame, eb\u00f4 de milho branco&#8221; (DF, p. 203).<\/p><p><strong>Mocug\u00ea<\/strong> s.m. <em>Couma rigida <\/em>Muell. Arg. (Apocynaceae). Origem: Nativa. Topofit\u00f4nimo: &#8220;Prestes envia o destacamento de Djalma Dutra \u00e0 cidade do Mocug\u00ea [&#8230;] O destacamento Dutra vai sustentar em Mocug\u00ea um combate desigual com as for\u00e7as de Doca Medrado a\u00ed estacionadas&#8221; (CE, p. 175); &#8221; quando a sua vanguarda, chefiada por Ari, \u00e9 tiroteada pelo inimigo emboscado nos altos da serra e nas primeiras casas de Mocug\u00ea&#8221; (CE, p. 176). Coment\u00e1rio: Inicialmente, este nome foi associado \u00e0 <em>Clusia nemorosa<\/em> G. Mey. (Clusiaceae), contudo \u00a0\u00a0Menezes (1949, p. 144), associa este nome \u00e0 esp\u00e9cie &#8221; <em>Couma<\/em> <em>rigida<\/em> M.&#8221;, uma Apocynaceae, no que \u00e9 acompanhado pela Flora do Brasil (FLORA E FUNGA DO BRASIL, 2024), como &#8220;mucug\u00ea&#8221;, sendo que nesta \u00faltima fonte <em>C. nemorosa<\/em> \u00e9 associada ao nome mucug\u00ea-bravo; Corr\u00eaa (1978[1926], v. 5, p. 243) tamb\u00e9m identifica este fit\u00f4nimo como <em>C. rigida<\/em> Muell. Arg., mas coloca \u201cMocug\u00ea\u201d entre as variantes ortogr\u00e1ficas de \u201cMucuj\u00ea\u201d.<\/p><p>imagens: <a href=\"https:\/\/drive.google.com\/file\/d\/1KJxQBPhvOac021WkweV6lFwTVyVFwvpK\/view?usp=drive_link\" target=\"_blank\" rel=\"noopener\">H\u00e1bito<\/a>\u00a0 ,\u00a0 <a href=\"https:\/\/drive.google.com\/file\/d\/1irKHUrERUijeLbM6JUFy7pJIeoSKRwQn\/view?usp=drive_link\" target=\"_blank\" rel=\"noopener\">Flor<\/a>\u00a0 ,\u00a0 <a href=\"https:\/\/drive.google.com\/file\/d\/1rP36LMfUOps2ydibYw0guoi_sE9rAUY0\/view?usp=drive_link\" target=\"_blank\" rel=\"noopener\">Ramo frut\u00edfero<\/a>\u00a0 ,\u00a0 <a href=\"https:\/\/drive.google.com\/file\/d\/1k1qNXWcOZxwWhuqNI26OOgEErcKsMYF0\/view?usp=drive_link\" target=\"_blank\" rel=\"noopener\">fruto<\/a>\u00a0 \u00a0<\/p><p><strong>Morango<\/strong> s.m. <em>Fragaria<\/em> <em>vesca<\/em> L. (Rosaceae). Origem: Cultivada. Alimento: &#8220;as gasosas de lim\u00e3o e de morango, os guaran\u00e1s&#8221; (DF, p. 178). Coment\u00e1rio: Inicialmente optou-se por n\u00e3o associar este nome a uma esp\u00e9cie bot\u00e2nica, contudo Menezes (1949, p. 145) identifica este nome com a esp\u00e9cie &#8220;<em>Fragaria<\/em> <em>vesca<\/em> L.&#8221; no que \u00e9 acompanhado pela Flora do Brasil (FLORA E FUNGA DO BRASIL, 2024); Corr\u00eaa (1978[1926], v. 5, p. 228-230) afirma existir outra esp\u00e9cie: \u201c<em>Fragaria chiloensis<\/em> Duchesne\u201d mas trata-se de um sin\u00f4nimo que n\u00e3o foi validamente publicado (cf. FLORA E FUNGA DO BRASIL, 2024).<\/p><p>Imagens: <a href=\"https:\/\/drive.google.com\/file\/d\/1VrDZIdcf_PbyBG_4kynus7SIRdVffglL\/view?usp=drive_link\" target=\"_blank\" rel=\"noopener\">Fruto no p\u00e9<\/a>\u00a0 ,\u00a0 <a href=\"https:\/\/drive.google.com\/file\/d\/18fGRjOrtLo7lBuaQHgSgM6T31Qwrr-5Q\/view?usp=drive_link\" target=\"_blank\" rel=\"noopener\">Fruto isolado<\/a>\u00a0 ,\u00a0 <a href=\"https:\/\/drive.google.com\/file\/d\/1EuTJIdPUOmXQnUQzssIwzeNlJIB-9Goj\/view?usp=drive_link\" target=\"_blank\" rel=\"noopener\">Fruto comercializado<\/a><\/p><p><strong>Mulungu<\/strong> s.m. <em>Erythrina<\/em> sp. (Fabaceae [Leguminosae]). Origem: Nativa. Topofit\u00f4nimo: &#8220;Siqueira luta em Mulungu&#8221; (CE, p. 162). Coment\u00e1rios: Menezes (1949, p. 146) afirma que este nome deve ser associado \u00e0 &#8220;<em>Erythrina<\/em> <em>mulungu<\/em> M.&#8221; mas em seguida acrescenta que &#8220;s\u00e3o do mesmo tipo e com o mesmo apelido a <em>E. corallodendron<\/em> L.; <em>E. crista-galli<\/em> L.; <em>E. falcata<\/em>&#8220;. Silva et al. (1979, p. 725-726), tamb\u00e9m associam este nome \u00e0 <em>E. mulungu<\/em> Mart.; Corr\u00eaa (1978[1926], v. 5, p. 261-263) cita para este fit\u00f4nimo <em>E. mulungu <\/em>Mart., <em>E. falcata<\/em> Benth., <em>E. velutina<\/em> Willd., <em>E. verna<\/em> Vell.<\/p><\/div>\n\t\t\t\t\t\t\t\t\t<div class=\"elementor-tab-title elementor-tab-mobile-title\" aria-selected=\"false\" data-tab=\"13\" role=\"tab\" tabindex=\"-1\" aria-controls=\"elementor-tab-content-26213\" aria-expanded=\"false\">N<\/div>\n\t\t\t\t\t<div id=\"elementor-tab-content-26213\" class=\"elementor-tab-content elementor-clearfix\" data-tab=\"13\" role=\"tabpanel\" aria-labelledby=\"elementor-tab-title-26213\" tabindex=\"0\" hidden=\"hidden\"><p style=\"text-align: justify;\"><strong>Noz<\/strong> s.f. <em>Juglans regia<\/em> Linnaeus (Juglandaceae). Origem: Cultivada. Oportunidade n\u00e3o aproveitada: &#8220;Deus d\u00e1 nozes a quem n\u00e3o tem dentes&#8230;&#8221; (DF, p. 191).<\/p><p style=\"text-align: justify;\"><strong>Noz-moscada<\/strong> s.f. <em>Myristica fragrans<\/em> Houtt. (Myristicaceae). Origem: Cultivada. Modera\u00e7\u00e3o no casamento: &#8220;Subnitrato de bismuto, aspirina, azul de metileno, noz-moscada, as quantidades precisas, nem um gr\u00e3o a mais ou a menos. Assim o casamento&#8221; (DF, p. 170). Coment\u00e1rio: identifica\u00e7\u00e3o concorda com Flora e Funga do Brasil (2024) e Corr\u00eaa (1978[1926], v. 5, p. 297-298).<\/p><p>Imagem: <a href=\"https:\/\/drive.google.com\/file\/d\/1H_vszo9ZlbZwK07i0gJVP9C_upNWoe-l\/view?usp=drive_link\" target=\"_blank\" rel=\"noopener\">Fruto<\/a><\/p><\/div>\n\t\t\t\t\t\t\t\t\t<div class=\"elementor-tab-title elementor-tab-mobile-title\" aria-selected=\"false\" data-tab=\"14\" role=\"tab\" tabindex=\"-1\" aria-controls=\"elementor-tab-content-26214\" aria-expanded=\"false\">O<\/div>\n\t\t\t\t\t<div id=\"elementor-tab-content-26214\" class=\"elementor-tab-content elementor-clearfix\" data-tab=\"14\" role=\"tabpanel\" aria-labelledby=\"elementor-tab-title-26214\" tabindex=\"0\" hidden=\"hidden\"><p style=\"text-align: justify;\"><strong>Olivier<\/strong> s.m. <em>Olea europaea<\/em> Linnaeus (Oleaceae). Origem: Cultivada. Antropofit\u00f4nimo: &#8220;Maria Rosa Olivier&#8221; (CE, p. 364). Coment\u00e1rio: identifica\u00e7\u00e3o concorda com Flora e Funga do Brasil (2024).<\/p><p style=\"text-align: justify;\"><strong>Oliva<\/strong> s.f. <em>Olea europaea<\/em> Linnaeus (Oleaceae). Origem: Cultivada. Antropofit\u00f4nimo: &#8220;Zitelmann Oliva&#8221; (DF, p. 81). Coment\u00e1rio: identifica\u00e7\u00e3o concorda com Flora e Funga do Brasil (2024).<\/p><p style=\"text-align: justify;\"><strong>Oliveira<\/strong> s.f. <em>Olea europaea<\/em> Linnaeus (Oleaceae). Origem: Cultivada. Antropofit\u00f4nimo: &#8220;Manuel de Oliveira&#8221; (TSF, pp. 189, 185, 191, 237, 258). Coment\u00e1rio: identifica\u00e7\u00e3o concorda com Flora e Funga do Brasil (2024) e Corr\u00eaa (1978[1926], v. 5, p. 310).<\/p><p style=\"text-align: justify;\">Imagens: <a href=\"https:\/\/drive.google.com\/file\/d\/1BV2vYeREEqgGRWxwn1xIppo4f_gfSCNE\/view?usp=drive_link\" target=\"_blank\" rel=\"noopener\">Fruto imaturo<\/a> , <a href=\"https:\/\/drive.google.com\/file\/d\/1XIpS5P5GGKLc-Yacz_HCKSZL3Qz3E0Wk\/view?usp=drive_link\" target=\"_blank\" rel=\"noopener\">Fruto maduro<\/a>\u00a0 ,\u00a0 <a href=\"https:\/\/drive.google.com\/file\/d\/1l3gpzQdZfo6TDH3Fphn0FUDjfmV1htqb\/view?usp=drive_link\" target=\"_blank\" rel=\"noopener\">Fruto\u00a0 acumulado para extra\u00e7\u00e3o do azeite (Lagar)<\/a><\/p><p style=\"text-align: justify;\"><strong>Onze-horas<\/strong> s.f. <em>Portulaca<\/em> <em>grandiflora<\/em> Hook. (Portulacaceae). Origem indeterminada. Resposta da natureza \u00e0s mudan\u00e7as de esta\u00e7\u00e3o: &#8220;margaridas e onze horas&#8221; (CA, p. 142); &#8221; As p\u00e9talas das onze-horas abriam-se por entre a relva&#8221; (GCC, p. 125). Coment\u00e1rio: Menezes (1949, p. 150-151) identifica este nome com a esp\u00e9cie &#8220;<em>Portulaca<\/em> <em>grandiflora<\/em> Hoot. Portulac\u00e1cia [&#8230;]&#8221;, nome que aparece como correto e aceito na Flora do Brasil (FLORA E FUNGA DO BRASIL, 2024), apenas com a corre\u00e7\u00e3o do nome do autor do bin\u00f4mio.<\/p><p style=\"text-align: justify;\">Imagem: <a href=\"https:\/\/drive.google.com\/file\/d\/1IycM-Tek0k9mnxZPPyssYtUo6x-SpHjA\/view?usp=drive_link\" target=\"_blank\" rel=\"noopener\">Flor<\/a>\u00a0\u00a0<\/p><p style=\"text-align: justify;\"><strong>Orqu\u00eddea<\/strong> s.f. Esp\u00e9cie indeterminada (Orchidaceae). Origem indeterminada. Amor: &#8220;explodiam fant\u00e1sticas orqu\u00eddeas [&#8230;] das orqu\u00eddeas selvagens&#8221; (GCC, p. 125). Presente: &#8220;Vadinho ofertou-lhe uma orqu\u00eddea \u00e0s escondidas&#8221; (DF, p. 49). Coment\u00e1rio: Menezes (1949, p. 151), cita algumas esp\u00e9cies que ele considera as mais comuns &#8220;<em>Cattleya bicolor<\/em> Lind., <em>C. labiata<\/em> L., <em>C. aclandiae <\/em>Lind., <em>Laelia crispa<\/em> Reich., <em>L. purpurata<\/em> Lind.&#8221;<\/p><p style=\"text-align: justify;\">\u00a0<\/p><\/div>\n\t\t\t\t\t\t\t\t\t<div class=\"elementor-tab-title elementor-tab-mobile-title\" aria-selected=\"false\" data-tab=\"15\" role=\"tab\" tabindex=\"-1\" aria-controls=\"elementor-tab-content-26215\" aria-expanded=\"false\">P<\/div>\n\t\t\t\t\t<div id=\"elementor-tab-content-26215\" class=\"elementor-tab-content elementor-clearfix\" data-tab=\"15\" role=\"tabpanel\" aria-labelledby=\"elementor-tab-title-26215\" tabindex=\"0\" hidden=\"hidden\"><p style=\"text-align: justify;\"><strong>Palma<\/strong> s.f. Esp\u00e9cie indeterminada (Fam\u00edlia indeterminada). Origem indeterminada. Religi\u00e3o (ato f\u00fanebre): &#8220;Ela comprou rosas e cravos, palmas e violetas, d\u00e1lias e saudades&#8221; (DF, p. 103). Coment\u00e1rio: Segundo Menezes (1949, p. 152) trata-se de uma &#8220;designa\u00e7\u00e3o impropriamente usada na Bahia para a palmat\u00f3ria [Cactaceae] sem espinhos&#8221;<\/p><p style=\"text-align: justify;\"><strong>Palmat\u00f3ria<\/strong> s.f. Esp\u00e9cie indeterminada (Cactaceae). Origem: Nativa. Paisagem (Caatinga): &#8220;atravessando noutros dias zonas de caatinga, mandacarus, quixabas, cro\u00e1s, favelas, palmat\u00f3rias, culumbis, toda uma vegeta\u00e7\u00e3o espinhenta, onde os caminhos eram uma utopia&#8221; (CE, p. 169). Menezes (1949, p. 153), afirma que este nome \u00e9 aplicado a v\u00e1rias esp\u00e9cies de Cactaceae, tais como: &#8220;<em>Opuntia brasiliensis<\/em> HAW, [&#8230;] <em>O. bahiensis<\/em>; <em>O. vulgaris<\/em> Mill.&#8221;; Corr\u00eaa (1978[1926], v. 5, p. 333-334) associa este fit\u00f4nimo a v\u00e1rias esp\u00e9cies de Cactaceae: <em>Opuntia<\/em> <em>monacantha<\/em> Haw., <em>Opuntia<\/em> <em>orbiculata<\/em> Salm.-Dyck e <em>O. palmadora<\/em> Britton &amp; Rose; a Flora do Brasil tamb\u00e9m relaciona este fit\u00f4nimo a outras esp\u00e9cies desta mesma fam\u00edlia: <em>Brasiliopuntia<\/em> <em>brasiliensis<\/em> (K. Schum.) A. Berger. e <em>Nopalea<\/em> <em>cochenillifera<\/em> (L.) Salm.-Dyck (FLORA E FUNGA DO BRASIL, 2024).<\/p><p style=\"text-align: justify;\"><strong>Palmares<\/strong> s.m. Esp\u00e9cie indeterminada (Arecaceae [Palmae]). Origem: Nativa. Antropofit\u00f4nimo: &#8220;Zumbi dos Palmares&#8221; (CA, p. 315).<\/p><p style=\"text-align: justify;\"><strong>Palmeira<\/strong> s.f. Esp\u00e9cie indeterminada (Arecaceae [Palmae]). Origem: Nativa. Antropofit\u00f4nimo: &#8220;Faziam compara\u00e7\u00f5es com o sempre lembrado dr. Argileu Palmeira&#8221; (GCC, p. 241). Topofit\u00f4nimo: &#8220;cidade das palmeiras ao vento&#8221; (TSF, p. 172); &#8221; Ele, com seu penacho, entra nas cidades, nas maiores que encontra no seu caminho: Rio Verde, Santana do Parana\u00edba, Palmeiras [&#8230;]&#8221; (CE, p. 198). Economia hist\u00f3rica: &#8220;que as palmeiras apenas nasciam nas praias&#8221; (TSF, p. 172). Coment\u00e1rio: Corr\u00eaa (1978[1926], v. 5, p. 334) afirma que palmeira \u00e9 o nome dado a todas as plantas pertencentes \u00e0s Arecaceae (Palmae).<\/p><p style=\"text-align: justify;\"><strong>Palmeir\u00e3o<\/strong> s.m. Esp\u00e9cie indeterminada (Arecaceae [Palmae]). Origem: Nativa. Antropofit\u00f4nimo: &#8220;Rosa Palmeir\u00e3o&#8221; (CA, pp. 251, 263, 284, 286, 287, 328).<\/p><p style=\"text-align: justify;\"><strong>Palmeira-imperial<\/strong> s.f. <em>Roystonea oleracea <\/em>(Jacq.) O.F.Cook (Arecaceae [Palmae]). Origem: Cultivada. Mulher: &#8220;palmeira imperial&#8221; (DF, p. 45). Coment\u00e1rio: identifica\u00e7\u00e3o concorda com Flora e Funga do Brasil (2024); Corr\u00eaa (1978[1926], v. 5, p. 353) associa este fit\u00f4nimo \u00e0 <em>Roystonea<\/em> <em>regia<\/em> Cook.<\/p><p style=\"text-align: justify;\">Imagens: <a href=\"https:\/\/drive.google.com\/file\/d\/19_3QNg3l8iTgi3UeCOCsplCqi0RK4daA\/view?usp=drive_link\" target=\"_blank\" rel=\"noopener\">H\u00e1bito<\/a>\u00a0 ,\u00a0 <a href=\"https:\/\/drive.google.com\/file\/d\/1M1lCeFIiJxGMUs-bHnDqC6KxH_LAqKdW\/view?usp=drive_link\" target=\"_blank\" rel=\"noopener\">infloresc\u00eancia<\/a><\/p><p style=\"text-align: justify;\"><strong>Palmito<\/strong> s.m. Esp\u00e9cie indeterminada (Arecaceae [Palmae]). Origem: Nativa. Alimento: &#8220;tudo que resta \u00e9 o palmito de quando em vez encontrado na estrada dif\u00edcil&#8221; (CE, p. 204).<\/p><p style=\"text-align: justify;\"><strong>Parreira<\/strong> s.f. <em>Vitis vinifera<\/em> Linnaeus (Vitaceae). Origem: Cultivada. Antropofit\u00f4nimo: &#8220;Ari Parreiras&#8221; (CE, p. 263).<\/p><p style=\"text-align: justify;\"><strong>Patchuli<\/strong> s.m. <em>Pogostemon cablin<\/em> (Blanco) Benth. (Lamiaceae [Labiatae]) Origem: Cultivada. Padr\u00e3o de odor: &#8220;toalha cheirando a patchuli&#8221; (DF, p. 46); &#8221; enquanto botavam patchuli na \u00e1gua de enxaguar para a roupa ficar cheirando [&#8230;] Certos fregueses n\u00e3o gostavam, dizendo que patchuli fedia a negro&#8221; (S, p. 72). Silva et al. (1979, p. 764-765) cita &#8220;Patichouli&#8221; associando \u00e0 &#8220;<em>Pogostemum patchouly <\/em>Trist. et Pellet.&#8221;, que \u00e9 sin\u00f4nimo de <em>P. cablin<\/em>, conforme FLORA E FUNGA DO BRASIL, (2024), que tamb\u00e9m concorda com a identifica\u00e7\u00e3o; Corr\u00eaa (1978[1926], v. 5, p. 376) concorda em associar este \u201cPatcholi\u201d \u00e0 <em>P. patchouli<\/em> Pelletier.<\/p><p style=\"text-align: justify;\"><strong>Pau-brasil<\/strong> s.m. <em>Paubrasilia echinata<\/em> (Lam.) Gagnon, H.C.Lima &amp; G.P.Lewis (Fabaceae [Leguminosae]). Origem: Nativa. Mercadoria: &#8220;essas dezenas de l\u00e9guas povoadas de silv\u00edcolas e de pau-brasil&#8221; (GCC, p. 11). Coment\u00e1rio: identifica\u00e7\u00e3o concorda com Flora e Funga do Brasil (2024); Corr\u00eaa (1978[1926], v. 5, p. 380-383) identifica este fit\u00f4nimo como <em>Caesalpinia<\/em> <em>echinata<\/em> Lam., um sin\u00f4nimo da citada <em>\u00a0P. echinata<\/em>. \u00a0<\/p><p style=\"text-align: justify;\">Imagens: <a href=\"https:\/\/drive.google.com\/file\/d\/1USGXWYh_n5si7pyb_zaWg4UFvLCgY67G\/view?usp=drive_link\" target=\"_blank\" rel=\"noopener\">Planta\u00e7\u00e3o<\/a>\u00a0 ,\u00a0 <a href=\"https:\/\/drive.google.com\/file\/d\/1k6xSKzLqTxK3QrUT6GhOoz9ZKyzIGEAt\/view?usp=drive_link\" target=\"_blank\" rel=\"noopener\">H\u00e1bito<\/a>\u00a0 ,\u00a0 <a href=\"https:\/\/drive.google.com\/file\/d\/1zrKdcXfZ3e3hEOkms58Q9zIYCMOQ-XKE\/view?usp=drive_link\" target=\"_blank\" rel=\"noopener\">Tronco armado<\/a>\u00a0 ,\u00a0 <a href=\"https:\/\/drive.google.com\/file\/d\/1qTIeFmVtBXilmkJX7SY3ldS5OATkSmbN\/view?usp=drive_link\" target=\"_blank\" rel=\"noopener\">Ramo Flor\u00edfero<\/a>\u00a0 ,\u00a0 <a href=\"https:\/\/drive.google.com\/file\/d\/1EqoT0hFPhJ74tM1lyB5K9IwLhz7EFE4F\/view?usp=drive_link\" target=\"_blank\" rel=\"noopener\">flor<\/a>\u00a0 ,\u00a0 <a href=\"https:\/\/drive.google.com\/file\/d\/16fhQ7WbipsszyQf0oc9Ejx-YlUkhc5XY\/view?usp=drive_link\" target=\"_blank\" rel=\"noopener\">fruto<\/a><\/p><p style=\"text-align: justify;\"><strong>Pau-marfim<\/strong> s.m. <em>Balfourodendron riedelianum<\/em> (Engl.) Engl. (Rutaceae). Origem indeterminada. Material de mobili\u00e1rio: &#8220;beleza de m\u00f3vel em pau marfim e metal cromado&#8221; (DF, p. 82). Coment\u00e1rio: Menezes (1949, p. 158) identifica este nome com a esp\u00e9cie &#8220;<em>Balfourodendron<\/em> <em>riedelianum<\/em> Engl., Rut\u00e1cia [&#8230;]&#8221;, no que concorda com a flora do Brasil (FLORA E FUNGA DO BRASIL, 2024). Coment\u00e1rios: identifica\u00e7\u00e3o concorda com Flora e Funga do Brasil (2023); Corr\u00eaa (1978[1926], v. 5,\u00a0 p. 406) cita ainda para este fit\u00f4nimo: <em>Agonandra<\/em> <em>brasiliensis<\/em> Benth. (Opiliaceae), <em>Connarus<\/em> <em>fulvus<\/em> Planch. (Connaraceae) e <em>Melochia<\/em> <em>umbellata<\/em> Stapf (Malvaceae).<\/p><p style=\"text-align: justify;\">Imagens:\u00a0 <a href=\"https:\/\/drive.google.com\/file\/d\/14YRRA1UedJP8q0wl9BsxftYWFdHXlB-y\/view?usp=drive_link\" target=\"_blank\" rel=\"noopener\">Ramo flor\u00edfero<\/a>\u00a0 ,\u00a0 <a href=\"https:\/\/drive.google.com\/file\/d\/1S_P-GDuHA0CsykSjMgFIeacx8gjfgcFs\/view?usp=drive_link\" target=\"_blank\" rel=\"noopener\">fruto imaturo<\/a>\u00a0<\/p><p style=\"text-align: justify;\"><strong>Pereira<\/strong> s.f. <em>Pyrus communis<\/em> Linnaeus (Rosaceae). Origem: Cultivada. Antropofit\u00f4nimo: &#8220;Ant\u00f4nio Pereira Prestes&#8221; (CE, pp. 29, 34, 39, 40, 41, 42, 45, 46, 49, 52, 75, 110); &#8221; Agenor Pereira de Souza&#8221; (CE, p. 129); &#8221; Astrojildo Pereira&#8221; (CE, pp. 137, 222). Ornamenta\u00e7\u00e3o (Particular): &#8220;Nos jardins de sua casa plantara at\u00e9 macieira e pereira&#8221; (GCC, p. 52). Coment\u00e1rio: identifica\u00e7\u00e3o concorda com Flora e Funga do Brasil (2024) e com Corr\u00eaa (1978[1926], v. 5, p. 440).<\/p><p style=\"text-align: justify;\"><strong>Pernambuco<\/strong> s.f. <em>Paubrasilia echinata<\/em> (Lam.) Gagnon, H.C.Lima &amp; G.P.Lewis (Fabaceae [Leguminosae]). Origem: Nativa. Topofit\u00f4nimo: &#8220;farol da ilha de Pernambuco&#8221; (GCC, p. 290).<\/p><p style=\"text-align: justify;\">Imagens: ver Pau-Brasil<\/p><p style=\"text-align: justify;\"><strong>Pimenta<\/strong> s.f. <em>Capsicum frutescens<\/em> Linnaeus (Solanaceae). Origem: Naturalizada. Alimento (Tempero): &#8220;do sal e da pimenta&#8221; (DF, p. 23); &#8221; machucava pimentas para o molho&#8221; (DF, p. 45); &#8221; zeladora do dend\u00ea e da pimenta&#8221; (DF, p. 88); &#8221; o gengibre com o coco, o sal com a pimenta, o alho com a castanha&#8221; (DF, p. 135); &#8221; e o molho de pimenta&#8221; (DF, p. 228); &#8221; Caba\u00e7a n\u00e3o estava com o acaraj\u00e9 sem pimenta&#8221; (S, p. 77); &#8221; e comprou um acaraj\u00e9, no qual n\u00e3o mandou botar pimenta&#8221; (S, p. 24); &#8221; que levava o molho de pimenta&#8221; (S, p. 23) sal, lim\u00e3o, alho, cebola, tomate, pimenta, e azeite, azeite doce \u00e0 vontade&#8221; (DF, p. 105). Alimento (Caracter\u00edstica da Bahia): &#8220;eram poemas de camar\u00e3o e dend\u00ea, de peixes e leite de coco, de carnes e pimenta&#8221; (GCC, p. 282). Alimento (er\u00f3tico): &#8220;se o vatap\u00e1, forte de gengibre, pimenta, amendoim&#8221; (DF, p. 135). Antropofit\u00f4nimo: &#8220;a caminho da casa-grande do doutor Pimenta&#8221; (DF, p. 157); &#8221; Casa dos Pimentas&#8221; (DF, pp. 158, 159). Homem desejado: &#8220;ardido h\u00e1lito de pimenta&#8221; (DF, p. 224); &#8221; o gosto ardido de gengibre, de pimenta, de cebola crua&#8221; (DF, p. 252). Caracter\u00edstica Psicol\u00f3gica humana (Alegria de viver): &#8220;pimenta morder&#8221; (GCC, p. 170). Mulher (vagina): &#8220;Tem gosto de mel e de pimenta, e de gengibre&#8230;&#8221; (DF, p. 244). Sexo: &#8220;e tendo chupado uma pastilha de hortel\u00e3 para limpar a boca do gosto de pimenta e mel daquele beijo impudico&#8221; (DF, p. 211). Coment\u00e1rio: identifica\u00e7\u00e3o concorda com Flora e Funga do Brasil (2024).<\/p><p style=\"text-align: justify;\">Imagem: <a href=\"https:\/\/drive.google.com\/file\/d\/1BJM_lat-hul-pNn8J7qvi0I7kg0YbmIm\/view?usp=drive_link\" target=\"_blank\" rel=\"noopener\">H\u00e1bito com frutos<\/a>\u00a0\u00a0<\/p><p style=\"text-align: justify;\"><strong>Pimenta-do-reino<\/strong> s.f. <em>Piper nigrum<\/em> Linnaeus (Piperaceae). Origem: Cultivada. Alimento (Tempero): &#8220;azeite de dend\u00ea, de coco ralado, uma pitada de pimenta do reino&#8221; (DF, p. 14). Coment\u00e1rio: identifica\u00e7\u00e3o concorda com Flora e Funga do Brasil (2024) e com Corr\u00eaa (1978[1926], v. 5, p. 477). \u00a0<\/p><p style=\"text-align: justify;\">Imagem: <a href=\"https:\/\/drive.google.com\/file\/d\/1OEzV63g2qa3uxsaogSRLYhrmdtDiY9dB\/view?usp=drive_link\" target=\"_blank\" rel=\"noopener\">Ramo frut\u00edfero<\/a>\u00a0\u00a0<\/p><p style=\"text-align: justify;\"><strong>Pimenta-malagueta<\/strong> s.f. <em>Capsicum frutescens<\/em> Linnaeus (Solanaceae). Origem: Naturalizada. Alimento (Tempero): &#8220;moam amendoins, camar\u00f5es secos, castanhas de caju, gengibre, sem esquecer a pimenta malagueta ao gosto do fregu\u00eas&#8221; (DF, p. 135). Coment\u00e1rio: identifica\u00e7\u00e3o concorda com Flora e Funga do Brasil (2024).<\/p><p style=\"text-align: justify;\"><strong>Piment\u00e3o<\/strong> s.m. <em>Capsicum annuum<\/em> Linnaeus (Solanaceae). Origem: Cultivada. Alimento: &#8220;[&#8230;] um piment\u00e3o; meio quilo de tomates. Para depois: quatro tomates; uma cebola&#8221; (DF, p. 19); &#8221; [&#8230;] um piment\u00e3o [&#8230;]Piquem o coentro bem picado, a salsa, alguns tomates, a cebolinha e meio piment\u00e3o [&#8230;] Tomem de quatro tomates escolhidos, um piment\u00e3o, uma cebola [&#8230;] DF, p. 20). Coment\u00e1rio: identifica\u00e7\u00e3o concorda com Flora e Funga do Brasil (2024) e com Corr\u00eaa (1978[1926], v. 5, p. 478). \u00a0<\/p><p style=\"text-align: justify;\"><strong>Pimenteira<\/strong> s.f. <em>Capsicum frutescens<\/em> Linnaeus (Solanaceae). Origem: Naturalizada. Produto agr\u00edcola: &#8220;ilha plantada de canaviais e pimenteiras&#8221; (GCC, p. 286). Ornamenta\u00e7\u00e3o (Particular): &#8220;onde uma pimenteira dominava solit\u00e1ria&#8221; (S. p. 70).<\/p><p style=\"text-align: justify;\"><strong>Pimentel<\/strong> s.m. <em>Capsicum<\/em> sp. (Solanaceae). Origem indeterminada. Antropofit\u00f4nimo: &#8220;Pergentino Pimentel&#8221; (DF, p. 36).<\/p><p style=\"text-align: justify;\"><strong>Pinheiro<\/strong> s.m. <em>Pinus<\/em> sp. (Pinaceae). Origem: Cultivada. Antropofit\u00f4nimo: &#8220;Pinheiro Machado&#8221; (CE, pp. 144, 147, 216); &#8221; Como o negro Baldu\u00edno, velho de carapinha branca, os anos incont\u00e1veis, que j\u00e1 fizera a guerra no ano distante de 93, acompanhando Pinheiro [&#8230;] Um dia o esquadr\u00e3o de Pinheiro se empenhou num combate desigual [&#8230;] Baldu\u00edno se colocou ao seu lado, ordenou a Pinheiro&#8221; (CE, p. 216) Esse negro Baldu\u00edno, amiga, que salvou Zez\u00e9 Pinheiro nesse dia&#8221; (CE, p. 216). Coment\u00e1rio: Corr\u00eaa (1978[1926], v. 5,\u00a0 p. 490) afirma ser este fit\u00f4nimo aplicado a v\u00e1rios g\u00eaneros de Pinaceae como <em>Abies<\/em>, <em>Pinus<\/em> e <em>Pseudotsuga<\/em>.<\/p><p style=\"text-align: justify;\"><strong>Pinho<\/strong> s.m. <em>Pinus<\/em> sp. (Pinaceae). Origem: Cultivada. Antropofit\u00f4nimo: &#8220;Pinho Pedreira&#8221; (DF, p. 148).<\/p><p style=\"text-align: justify;\"><strong>Pitanga<\/strong> s.f. <em>Eugenia pitanga<\/em> (O.Berg) Nied. (Myrtaceae). Origem: Nativa. Antropofit\u00f4nimo: &#8220;Aristides Pitanga [&#8230;] E, me diga, Pitanga, quanto voc\u00ea est\u00e1 cobrando hoje por um traje de linho branco?&#8221; (DF, p. 95). Mulher (boca): &#8220;sua boca de pitanga&#8221; (GCC, p. 102); &#8221; e s\u00f3 quero um \u00f3sculo depositar em vossa boca de pitanga&#8221; (DF, p. 121). Padr\u00e3o de odor: &#8220;aroma de pitanga&#8221; (DF, 142); &#8221; o ch\u00e3o perfumado de folhas de pitanga&#8221; (DF, p. 46). Amor: &#8220;Queria um fog\u00e3o, um quintal de goiaba, mam\u00e3o e pitanga&#8221; (GCC, p. 285). Coisas boas da vida: &#8220;De goiaba e pitanga&#8221; (GCC, p. 262). Paisagem (quintal): &#8220;do quintal de goiaba, mam\u00e3o e pitanga&#8221; (GCC, p. 239). Prote\u00e7\u00e3o (recanto tranquilo): &#8220;mordia goiabas, vermelhas pitangas&#8221; (GCC, p. 295).<\/p><p style=\"text-align: justify;\">Imagens:\u00a0 <a href=\"https:\/\/drive.google.com\/file\/d\/1cvGO2JvEykqYoMKZXwnkvjU2yOk84pZE\/view?usp=drive_link\" target=\"_blank\" rel=\"noopener\">H\u00e1bito<\/a>\u00a0 ,\u00a0 <a href=\"https:\/\/drive.google.com\/file\/d\/1QGedugcCN0tBzoQgYpcwZKK_jpVkaViK\/view?usp=drive_link\" target=\"_blank\" rel=\"noopener\">Ramo Flor\u00edfero e Frut\u00edfero<\/a>\u00a0\u00a0<\/p><p style=\"text-align: justify;\"><strong>Pitangueira<\/strong> s.f. <em>Eugenia pitanga<\/em> (O.Berg) Nied. (Myrtaceae). Origem: Nativa. Topofit\u00f4nimo: &#8220;Ponto das Pitangueiras&#8221; (CA, pp. 67, 72) . Coment\u00e1rio: Corr\u00eaa (1978[1926], v. 5,\u00a0 p. 511) associa <em>E. pitanga<\/em> ao fit\u00f4nimo \u201cPitangueira comum\u201d \u00a0<\/p><p style=\"text-align: justify;\"><strong>Pitombeira<\/strong> s.f. <em>Talisia esculenta<\/em> (Cambess.) Radlk. (Sapindaceae). Origem: Nativa. Topofit\u00f4nimo: &#8220;Na Para\u00edba, a Coluna atravessa as serras de Boa Vista, da Pedra Cerrada e das Pitombeiras [&#8230;] A Coluna saiu de Pianc\u00f3 a 10, atravessa a vila de Santana dos Garrotes, acampa em Pitombeiras&#8221; (CE, p. 161). Coment\u00e1rio: identifica\u00e7\u00e3o concorda com Flora e Funga do Brasil (2024); Corr\u00eaa (1978[1926], v. 5,\u00a0 p. 513-514), relaciona outras esp\u00e9cies de Talisia a este fit\u00f4nimo como <em>Talisia acutifolia<\/em> Radlk.; <em>T. cerasina <\/em>Radlk., <em>T. cupularis<\/em> Radlk. e <em>T. intermedia<\/em> Radlk.<\/p><p style=\"text-align: justify;\">Imagens: <a href=\"https:\/\/drive.google.com\/file\/d\/1IRtQ_9kwmvI5E8p3eGbXvvm4QiBaNeMV\/view?usp=drive_link\" target=\"_blank\" rel=\"noopener\">H\u00e1bito<\/a>\u00a0 ,\u00a0 <a href=\"https:\/\/drive.google.com\/file\/d\/1OFncZzkz-pPcI7mG0R36yUHYLCsG5Z8U\/view?usp=drive_link\" target=\"_blank\" rel=\"noopener\">Infloresc\u00eancia<\/a><\/p><p style=\"text-align: justify;\"><strong>Pitombo<\/strong> s.m. <em>Talisia esculenta<\/em> (Cambess.) Radlk. (Sapindaceae). Origem: Nativa. Antropofit\u00f4nimo: &#8220;doutor Dival Pitombo&#8221; (DF, p. 132).\u00a0\u00a0<\/p><\/div>\n\t\t\t\t\t\t\t\t\t<div class=\"elementor-tab-title elementor-tab-mobile-title\" aria-selected=\"false\" data-tab=\"16\" role=\"tab\" tabindex=\"-1\" aria-controls=\"elementor-tab-content-26216\" aria-expanded=\"false\">Q<\/div>\n\t\t\t\t\t<div id=\"elementor-tab-content-26216\" class=\"elementor-tab-content elementor-clearfix\" data-tab=\"16\" role=\"tabpanel\" aria-labelledby=\"elementor-tab-title-26216\" tabindex=\"0\" hidden=\"hidden\"><p style=\"text-align: justify;\"><strong>Quiabo<\/strong> s.m. <em>Abelmoschus esculentus<\/em> (L.) Moench (Malvaceae). Origem: Cultivada. Mercadoria: &#8220;Bananas cor de ouro, ab\u00f3boras amarelas, verdes jil\u00f3s, quiabos, laranjas&#8221; (GCC, p. 48). Alimento: &#8220;Leva seus quiabos, \u00e9 mais seguro&#8221; (DF, p. 184). Coment\u00e1rio: identifica\u00e7\u00e3o concorda com Flora e Funga do Brasil (2024) e com Corr\u00eaa (1978[1926], v. 5,\u00a0 p. 564).<\/p><p style=\"text-align: justify;\">Imagens: <a href=\"https:\/\/drive.google.com\/file\/d\/1-n9G7JSwYmrMgqOHDQq-BaV6pEONNHWA\/view?usp=drive_link\" target=\"_blank\" rel=\"noopener\">Planta\u00e7\u00e3o<\/a>\u00a0 ,\u00a0 <a href=\"https:\/\/drive.google.com\/file\/d\/1QYdXkmn7OLcprObSDtjREYbjYLJIpWRv\/view?usp=drive_link\" target=\"_blank\" rel=\"noopener\">Flor e Fruto<\/a>\u00a0\u00a0<\/p><p style=\"text-align: justify;\"><strong>Quixaba<\/strong> sf. <em>Sideroxylon obtusifolium<\/em> (Roem. &amp; Schult.) T.D.Penn. (Sapotaceae). Origem: Nativa. Paisagem (Caatinga): &#8220;atravessando noutros dias zonas de caatinga, mandacarus, quixabas, cro\u00e1s, favelas, palmat\u00f3rias, culumbis, toda uma vegeta\u00e7\u00e3o espinhenta, onde os caminhos eram uma utopia&#8221; (CE, p. 169). Coment\u00e1rio: Corr\u00eaa (1978[1926], v. 5,\u00a0 583-584) cita para este fit\u00f4nimo \u201c<em>Bumelia<\/em> <em>sertorum<\/em> Mart.\u201d que \u00e9 um dos sin\u00f4nimos de <em>S. obtusifolium<\/em>.<\/p><p style=\"text-align: justify;\">Imagens: <a href=\"https:\/\/drive.google.com\/file\/d\/1B-o07M5NzbD6X8IeFYL1gdYruTKjrGxT\/view?usp=drive_link\" target=\"_blank\" rel=\"noopener\">H\u00e1bito<\/a>\u00a0 ,\u00a0 <a href=\"https:\/\/drive.google.com\/file\/d\/1msYrkuYP2AP9KwtlMb30RMrujlJ1ENb0\/view?usp=drive_link\" target=\"_blank\" rel=\"noopener\">Ramo frut\u00edfero<\/a><\/p><\/div>\n\t\t\t\t\t\t\t\t\t<div class=\"elementor-tab-title elementor-tab-mobile-title\" aria-selected=\"false\" data-tab=\"17\" role=\"tab\" tabindex=\"-1\" aria-controls=\"elementor-tab-content-26217\" aria-expanded=\"false\">R<\/div>\n\t\t\t\t\t<div id=\"elementor-tab-content-26217\" class=\"elementor-tab-content elementor-clearfix\" data-tab=\"17\" role=\"tabpanel\" aria-labelledby=\"elementor-tab-title-26217\" tabindex=\"0\" hidden=\"hidden\"><p style=\"text-align: justify;\"><strong>Rosa<\/strong> s.f. <em>Rosa<\/em> sp. (Rosaceae). Origem: Cultivada. Mulher: &#8220;Rosa rubra com cheiro de cravo, perfume de Gabriela&#8221; (GCC, p. 129); &#8221; Faltava-lhe a rosa [&#8230;] aproveitando-se da confus\u00e3o em torno do engenheiro para roubar a rosa [&#8230;] , a rosa ca\u00edda dos cabelos na espregui\u00e7adeira&#8221; (GCC, p. 137); &#8221; Que fizera da rosa de Gabriela&#8221; (GCC, p. 144); &#8221; Tinha uma rosa na orelha&#8221; (GCC, p. 153); &#8221; minha rosa de Jeric\u00f3&#8221; (GCC, pp. 188, 195); &#8221; A rosa ficou doente [&#8230;] a rosa teve um desmaio&#8221; (GCC, p. 189); &#8221; uma rosa atr\u00e1s da orelha?&#8221; (GCC, pp. 204, 209); &#8221; no fundo da espregui\u00e7adeira encontrava a rosa ca\u00edda&#8221; (GCC, p. 292); &#8221; O juiz tentava roubar-lhe a rosa da orelha&#8221; (GCC, p. 293); &#8221; Uma flor apenas, rosa de t\u00e3o vermelha quase negra&#8221; (DF, p. 121); &#8221; e uma rosa de cobre e de veludo&#8221; (CE, p. 135). Mulher (vagina): &#8220;ou um fechado bot\u00e3o de rosa que ele fazia desabrochar em cada noite de prazer&#8221; (DF, p. 8); &#8221; Onde encontrara Flor aquela rosa de t\u00e3o vermelha quase negra? [&#8230;] galante cavalheiro na m\u00e3o a rosa de t\u00e3o vermelha quase negra [&#8230;] rosa de seu amor&#8221; (DF, p. 55). Mulher (umbigo): &#8220;a rosa do ventre&#8221; (DF, p. 132). Antropofit\u00f4nimo: &#8220;Rosa Palmeir\u00e3o&#8221; (CA, pp. 251, 263, 286, 287, 328); &#8221; Santa Rosa teve um filho, aquele a quem chamariam de &#8216;Jos\u00e9, o Filho da Revolu\u00e7\u00e3o'&#8221;&#8221; (CE, pp. 129, 134); &#8221; Rosa Meireles&#8221; (CE, pp. 187, 319); &#8221; Maria Rosa Olivier&#8221; (CE, p. 364); &#8221; Filha de sinh\u00e1 Rosa&#8221; (S, p. 21). Ornamenta\u00e7\u00e3o feminina: &#8220;colheu uma rosa no canteiro do quintal&#8221; (GCC, p. 126); &#8221; a rosa na orelha [&#8230;] O sapateiro Felipe elogiava-lhe a rosa na orelha&#8221; (GCC, p. 128); &#8221; Uma rosa orelha&#8221; (GCC, p. 239); &#8221; a rosa atr\u00e1s da orelha&#8221; (GCC, p. 291). Padr\u00e3o de cor: &#8220;o verde e o rosa&#8221; (DF, p. 105); &#8221; tom de rosa ch\u00e1, de mate e de finura&#8221; (DF, p. 113); &#8221; pintado de cor-de-rosa&#8221; (S, p. 78); &#8221; As pedras do cal\u00e7amento estavam cor-de-rosa&#8221; (S, p. 90). Presente: &#8220;rosas vermelhas&#8221; (GCC, p. 196); &#8221; um bot\u00e3o de rosa cor de vinho&#8221; (DF, p. 111); &#8221; e sua rosa cor de vinho&#8221; (DF, p. 115). Caracter\u00edstica psicol\u00f3gica humana (Tranquilidade): &#8220;seu caminho \u00e9 de rosas&#8221; (DF, p. 42); &#8221; Mar de rosas&#8221; (DF, p. 51). Topofit\u00f4nimo: &#8220;Atravessa as serras do Queimado e de Santa Rosa&#8221; (CE, p. 169); &#8221; Ali a Coluna est\u00e1 pr\u00f3xima de Santa Rosa, pequeno povoado [&#8230;]&#8221; (CE, p. 170). Religi\u00e3o (ato f\u00fanebre): &#8220;rosas vermelhas na m\u00e3o&#8221; (DF, p. 15); &#8221; Ela comprou rosas e cravos, palmas e violetas, d\u00e1lias e saudades&#8221; (DF, p. 103). Amor: &#8220;As flores desabrochavam nas pra\u00e7as de Ilh\u00e9us, canteiros de rosas, cris\u00e2ntemos, d\u00e1lias, margaridas, malmequeres&#8221; (GCC, p. 125). Padr\u00e3o de Odor: &#8220;deixava a rosa com seu perfume&#8221; (GCC, p. 136). Resposta da natureza \u00e0 luminosidade de inverno: &#8220;rosas e cravos&#8221; (CA, p. 142). Sexo: &#8220;n\u00e3o quero rosas nem cravos&#8221; (GCC, p. 9). Vida dom\u00e9stica: &#8220;[&#8230;]ou sobre quando floriria a roseira de rosas vermelhas como sangue&#8221; (CE, p. 75). Coment\u00e1rio: Segundo Menezes (1949, p. 170), trata-se de um nome associado ao g\u00eanero <em>Rosa<\/em>, correspondendo \u00e0 v\u00e1rias esp\u00e9cies, variedades e h\u00edbridos.<\/p><p style=\"text-align: justify;\"><strong>Rosa-ch\u00e1<\/strong> s.f. <em>Rosa<\/em> sp. (Rosaceae). Origem: Cultivada. Ornamenta\u00e7\u00e3o particular (Jardim): &#8220;um pequeno jardim bem cuidado de rosas-ch\u00e1 e a\u00e7ucenas&#8221; (GCC, p. 73). Coment\u00e1rio: Menezes (1949, p. 170) associa este nome \u00e0 <em>Rosa<\/em> <em>indica<\/em> L., que, de acordo com o s\u00edtio World Flora on Line (WFO, 2023), trata-se de um sin\u00f4nimo de <em>Rosa chinensis<\/em> Jacq. ; Corr\u00eaa (1978[1926], v. 5,\u00a0 p. 610) tamb\u00e9m associa este fit\u00f4nimo \u00e0 <em>R. indica<\/em> L.<\/p><p style=\"text-align: justify;\"><strong>Roseira<\/strong> s.f. <em>Rosa<\/em> sp. (Rosaceae). Origem: Cultivada. Amor: &#8220;quebra o galho da roseira&#8221; (GCC, p. 108). Vida dom\u00e9stica: &#8220;[&#8230;]ou sobre quando floriria a roseira de rosas vermelhas como sangue&#8221; (CE, p. 75).<\/p><p style=\"text-align: justify;\"><strong>Rosinha<\/strong> s.f. <em>Rosa<\/em> sp. (Rosaceae). Origem: Cultivada. Antropofit\u00f4nimo: &#8220;Roda na pra\u00e7a com Rosinha e Tu\u00edsca&#8221; (GCC, p. 239); &#8221; Lilita e Rosinha&#8221; (S, p. 22).<\/p><\/div>\n\t\t\t\t\t\t\t\t\t<div class=\"elementor-tab-title elementor-tab-mobile-title\" aria-selected=\"false\" data-tab=\"18\" role=\"tab\" tabindex=\"-1\" aria-controls=\"elementor-tab-content-26218\" aria-expanded=\"false\">S<\/div>\n\t\t\t\t\t<div id=\"elementor-tab-content-26218\" class=\"elementor-tab-content elementor-clearfix\" data-tab=\"18\" role=\"tabpanel\" aria-labelledby=\"elementor-tab-title-26218\" tabindex=\"0\" hidden=\"hidden\"><p style=\"text-align: justify;\"><strong>Sabugueiro<\/strong> s.m. <em>Sambucus nigra<\/em> Linnaeus (Adoxaceae). Origem: Naturalizada. Medicinal: &#8220;com um galho de sabugueiro manda que a febre se v\u00e1&#8221; (CA, p. 280). Coment\u00e1rio: identifica\u00e7\u00e3o concorda com Flora e Funga do Brasil (2024).<\/p><p style=\"text-align: justify;\"><strong>Salsa<\/strong> s.f. <em>Petroselinum crispum<\/em> (Mill.) Fuss (Apiaceae [Umbeliferae]). Origem: Cultivada. Alimento: &#8220;o suco de um lim\u00e3o; coentro; salsa; cebolinha verde; duas cebolas&#8221; (DF, p. 19); &#8221; Piquem o coentro bem picado, a salsa, alguns tomates, a cebolinha e meio piment\u00e3o&#8221; (DF, p. 20). Coment\u00e1rio: identifica\u00e7\u00e3o concorda com Flora e Funga do Brasil (2024).<\/p><p style=\"text-align: justify;\"><strong>S\u00e2ndalo<\/strong> s.m. <em>Santalum album<\/em> Linnaeus (Santalaceae). Origem: Cultivada. Padr\u00e3o de odor: &#8220;perfume de s\u00e2ndalo&#8221; (DF, pp. 148, 149). Coment\u00e1rios: O s\u00edtio da Flora e Funga do Brasil (2024) n\u00e3o cita esta esp\u00e9cie, contudo o s\u00edtio SPLINK cita v\u00e1rios exemplares cultivados em diferentes localidades do pa\u00eds.<\/p><p style=\"text-align: justify;\"><strong>Sapoti<\/strong> s.m. <em>Manilkara<\/em> <em>zapota<\/em> (L.) P.Royen (Sapotaceae). Origem: Cultivada. Alimento: &#8220;tentando roubar frutas nos cestos de laranjas, limas, tangerinas, umbus e sapotis&#8221; (DF, p. 70); &#8221; manga e sapoti na sobremesa&#8221; (DF, p. 247). Alimento (religioso): &#8220;para Yans\u00e3, n\u00e3o ofere\u00e7am ab\u00f3bora, n\u00e3o lhe d\u00eaem alface ou sapoti&#8221; (DF, p. 203). Topofit\u00f4nimo: &#8220;Beco do Sapoti&#8221; (DF, p. 145). Objeto de desejo: &#8220;que n\u00e3o podia correr com eles, nem tomar parte nos furtos de banana e sapoti&#8221; (S, p. 20). Presente: &#8220;lhe ofertava sapotis e caj\u00e1s&#8221; (DF, p. 122). Quiropterocoria: &#8220;ouviam o v\u00f4o dos morcegos que atacavam os sapotis maduros nos p\u00e9s&#8221; (CA, p. 72). Coment\u00e1rio: identifica\u00e7\u00e3o concorda com Flora e Funga do Brasil (2024).<\/p><p style=\"text-align: justify;\">Imagem: <a href=\"https:\/\/drive.google.com\/file\/d\/1pgAqvS_az3tYCRjmLVtCncgtLFDufbqp\/view?usp=drive_link\" target=\"_blank\" rel=\"noopener\">Ramo flor\u00edfero<\/a>\u00a0 ,\u00a0 \u00a0<a href=\"https:\/\/drive.google.com\/file\/d\/1wtONDSj_iaqx7Icwd1CW4gUSilOYtFIm\/view?usp=drive_link\" target=\"_blank\" rel=\"noopener\">Ramo frut\u00edfero<\/a><\/p><p style=\"text-align: justify;\"><strong>Sapotizeiro<\/strong> s.m. <em>Manilkara zapota<\/em> (L.) P.Royen (Sapotaceae). Origem: Cultivada. Paisagem (ambiente rural): &#8220;havia um frio h\u00famido que o vento trazia das ch\u00e1caras onde balou\u00e7avam mangueiras e sapotizeiros&#8221; (CA, p. 67).<\/p><p style=\"text-align: justify;\"><strong>Sarga\u00e7o<\/strong> s.m. <em>Sargassum<\/em> sp. (Sargassaceae). Origem: Nativa. Padr\u00e3o de odor: &#8220;ardido cheiro de sarga\u00e7os, de algas e ostras&#8221; <em>(<\/em>DF, p. 167). Coment\u00e1rio: Menezes (1949, p. 175) identifica este nome com &#8220;<em>Sargassum<\/em> <em>baciferum<\/em> Ag.; <em>S. natans<\/em> V.; <em>Zonarium<\/em> <em>pavonina<\/em>&#8220;<\/p><p style=\"text-align: justify;\"><strong>Saudade<\/strong> s.f. <em>Scabiosa atropurpurea<\/em> Linnaeus (Dipsacaceae). Origem: Cultivada. Religi\u00e3o (ato f\u00fanebre): &#8220;Dona Gisa arrumou uma saudade roxa entre os dedos cruzados de Vadinho [&#8230;] Uma ficha em vez da saudade roxa [&#8230;] Que poderia ele fazer com uma saudade roxa&#8221; (DF, p. 10); &#8221; Ela comprou rosas e cravos, palmas e violetas, d\u00e1lias e saudades [&#8230;] com ele amarrando cravos e saudades num pequeno buqu\u00ea e dando um n\u00f3 [&#8230;] tr\u00eas cravos amarelos e quatro saudades roxas&#8221; (DF, p. 103). Coment\u00e1rios: O s\u00edtio da Flora e Funga do Brasil (2023) n\u00e3o cita esta esp\u00e9cie, mas ela \u00e9 registrada para o Brasil como cultivada no SPLINK (2024).<\/p><p style=\"text-align: justify;\"><strong>Seringal<\/strong> s.m. <em>Hevea brasiliensis<\/em> (Willd. ex A.Juss.) M\u00fcll.Arg. (Euphorbiaceae) Origem: Nativa. Riqueza: &#8220;dono de navios e ilhas, de seringais, matas de castanheiros&#8221; (DF, p. 33). Produto extrativista: &#8220;os donos de seringais , da Amaz\u00f4nia&#8221; (TSF, p. 184).<\/p><p style=\"text-align: justify;\">Imagens: <a href=\"https:\/\/drive.google.com\/file\/d\/1Veyhk-JloUC6kCMiAOYt80UMzHTfAABY\/view?usp=drive_link\" target=\"_blank\" rel=\"noopener\">Planta\u00e7\u00e3o<\/a>\u00a0 ,\u00a0 <a href=\"https:\/\/drive.google.com\/file\/d\/1PP_ZLeR3OZ3maSMa8SmNQryFkg3oNt0G\/view?usp=drive_link\" target=\"_blank\" rel=\"noopener\">Tronco com marcas da coleta do l\u00e1tex<\/a><\/p><p style=\"text-align: justify;\">\u00a0<\/p><\/div>\n\t\t\t\t\t\t\t\t\t<div class=\"elementor-tab-title elementor-tab-mobile-title\" aria-selected=\"false\" data-tab=\"19\" role=\"tab\" tabindex=\"-1\" aria-controls=\"elementor-tab-content-26219\" aria-expanded=\"false\">T<\/div>\n\t\t\t\t\t<div id=\"elementor-tab-content-26219\" class=\"elementor-tab-content elementor-clearfix\" data-tab=\"19\" role=\"tabpanel\" aria-labelledby=\"elementor-tab-title-26219\" tabindex=\"0\" hidden=\"hidden\"><p style=\"text-align: justify;\"><strong>Tabaco<\/strong> s.m. <em>Nicotiana tabacum<\/em> Linnaeus (Solanaceae). Origem: Naturalizada. Riqueza: &#8220;esse fazendeiro de cacau ou de tabaco&#8221; (DF, p. 30). Mercadoria: &#8220;em geral eram apenas se\u00e7\u00f5es de grandes casas exportadoras de tabaco, caf\u00e9, algod\u00e3o e coco.&#8221; (TSF, p. 186). Coment\u00e1rio: identifica\u00e7\u00e3o concorda com Flora e Funga do Brasil (2024).<\/p><p style=\"text-align: justify;\">Imagens: ver Fumo<\/p><p style=\"text-align: justify;\"><strong>Taboca<\/strong> s.f. <em>Guadua angustifolia<\/em> Kunth (Poaceae [Gramineae]) Origem: Cultivada. Topofit\u00f4nimo: &#8220;Tabocas&#8221; (GCC, pp. 214, 217, 218); &#8221; Tabocas&#8221; (TSF, pp. 19, 22, 42, 43, 45, 46, 47, 50, 51, 53, 54, 58, 63, 64, 67, 79, 93. 94, 95, 112, 117, 118, 119, 121, 122, 123, 124, 125, 126, 127, 129, 133, 134, 135, 137, 140, 141, 142, 143, 145, 157, 169, 175, 176, 183, 184, 199, 214, 215, 217, 222, 225, 230, 232, 233, 235, 236, 237, 253, 258, 259). Coment\u00e1rio: identifica\u00e7\u00e3o concorda com Flora e Funga do Brasil (2024). \u00a0<\/p><p style=\"text-align: justify;\"><strong>Taboquense<\/strong> s.f. <em>Guadua angustifolia<\/em> Kunth (Poaceae [Gramineae]) Origem: Cultivada. Gent\u00edlico: &#8220;Grupo de Amadores Taboquenses&#8221; (TSF, pp. 144, 145, 225).<\/p><p style=\"text-align: justify;\"><strong>Taioba<\/strong> s.f. <em>Xanthosoma sagittifolium <\/em>(L.) Schott (Araceae). Origem indeterminada. Caracter\u00edstica psicol\u00f3gica humana (ingenuidade): &#8220;n\u00e3o vale a pena tomar o taioba&#8221; (CA, p. 72).<\/p><p style=\"text-align: justify;\"><strong>T\u00e2mara<\/strong> s.f. <em>Phoenix dactylifera<\/em> Linnaeus (Arecaceae [Palmae]). Origem: Cultivada. Mercadoria: &#8220;cardeal vendeu t\u00e2maras no Egito&#8221; (DF, 239).<\/p><p style=\"text-align: justify;\">Imagem: <a href=\"https:\/\/drive.google.com\/file\/d\/1xF5LfopGGEa4rIO_INgfw77bbAvZmzMv\/view?usp=drive_link\" target=\"_blank\" rel=\"noopener\">H\u00e1bito<\/a>\u00a0\u00a0<\/p><p style=\"text-align: justify;\"><strong>Tangerina<\/strong> s.f. <em>Citrus reticulata<\/em> Blanco (Rutaceae). Origem: Cultivada. Alimento: &#8220;tentando roubar frutas nos cestos de laranjas, limas, tangerinas, umbus e sapotis&#8221; (DF, p. 70). Coment\u00e1rio: identifica\u00e7\u00e3o concorda com Flora e Funga do Brasil (2024). \u00a0<\/p><p style=\"text-align: justify;\"><strong>Taquara<\/strong> s.f. Esp\u00e9cie indeterminada (Poaceae [Gramineae]) Origem indeterminada. Homem (P\u00eanis): &#8220;Mame na minha taquara&#8230;&#8221; (S, p. 87). Coment\u00e1rio: Corr\u00eaa (1978[1926], v. 6. p. 1990), associa este nome comum \u00e0 muitas esp\u00e9cies de Gram\u00edneas: <em>Bambusa<\/em> <em>tacuara<\/em> Arech., <em>Guadua<\/em> <em>refrecta<\/em> Munro e <em>Merostachys<\/em> <em>fistulosa<\/em> Doell. Menezes (1949, p. 181) afirma que este nome \u00e9 associado a v\u00e1rias esp\u00e9cies de gram\u00edneas com &#8220;feitio reduzido dos bambus&#8221; como <em>Arundo donax<\/em> L.; <em>Chusquea gaudichaudii<\/em> Kunth; <em>Guadua angustifolia <\/em>Kunth, <em>G. superba<\/em> Hub.; <em>Merostachys<\/em> sp.<\/p><p style=\"text-align: justify;\"><strong>Tiririca<\/strong> s.f. Esp\u00e9cie indeterminada (Cyperaceae). Origem indeterminada. Antropofit\u00f4nimo: &#8220;Major Tiririca&#8221; (DF, pp. 37, 40, 44, 47, 98). Topofit\u00f4nimo: &#8220;Tiririca do A\u00e7uru\u00e1&#8221; (CE, p. 171). Coment\u00e1rio: Corr\u00eaa (1978[1926], v. 6 p. 257) associa este nome a tr\u00eas esp\u00e9cies de Cyperaceae: <em>Cyperus<\/em> <em>rotundus<\/em> L. <em>C. stoloniferus <\/em>Retz. e <em>Scleria<\/em> <em>reflexa<\/em> HBK., todos com in\u00fameros sin\u00f4nimos. Para Menezes (1949, p. 183) \u00e9 um nome referido para &#8220;<em>Cyperus<\/em> <em>brasiliensis<\/em>; <em>C. radiatus<\/em> Vahl; <em>Scleria melaleuca<\/em> Schl.; <em>S. mitis<\/em> Berg.; <em>S. paludosa<\/em> Kth.; <em>S. palustris<\/em> N. e E.; <em>S. tenacissima<\/em> dentre outras&#8221;.<\/p><p style=\"text-align: justify;\"><strong>Tomate<\/strong> s.m. <em>Solanum lycopersicum<\/em> Linnaeus (Solanaceae). Origem: Cultivada. Alimento: &#8220;um piment\u00e3o; meio quilo de tomates. Para depois: quatro tomates; uma cebola&#8221; (DF, p. 19); &#8221; Piquem o coentro bem picado, a salsa, alguns tomates, a cebolinha e meio piment\u00e3o [&#8230;] Tomem de quatro tomates escolhidos, um piment\u00e3o, uma cebola&#8221; (DF, p. 20); &#8221; sal, lim\u00e3o, alho, cebola, tomate, pimenta, e azeite, azeite doce \u00e0 vontade&#8221; (DF, p. 105); &#8221; Tomem do sal, do coentro, do alho e da cebola, alguns tomates e o suco de um lim\u00e3o&#8221; (DF, p. 135). Coment\u00e1rio: identifica\u00e7\u00e3o concorda com Flora e Funga do Brasil (2024).<\/p><p style=\"text-align: justify;\">Imagens:\u00a0 \u00a0<a href=\"https:\/\/drive.google.com\/file\/d\/1-zdJv0aTHlgZhElfGd16prClGbz4y08w\/view?usp=sharing\" target=\"_blank\" rel=\"noopener\">Fruto<\/a>\u00a0\u00a0<\/p><p style=\"text-align: justify;\"><strong>Trigal<\/strong> s.m. <em>Triticum aestivum<\/em> Linnaeus (Poaceae [Gramineae]) Origem: Cultivada. Produto agr\u00edcola: &#8220;Essa palavra [R\u00fassia] queria dizer opress\u00e3o e \u00f3dio, desgra\u00e7a, fome em meio aos trigais&#8221; (CE, p. 247).<\/p><p style=\"text-align: justify;\"><strong>Trigo<\/strong> s.m. <em>Triticum aestivum<\/em> Linnaeus (Poaceae [Gramineae]) Origem: Cultivada. Produto agr\u00edcola: &#8220;Assim disse L\u00eanin, e convidou a gente toda, os pastores de gado, os perfuradores de po\u00e7os, os colhedores de trigo, os alfaiates e os gar\u00e7\u00f5es&#8221; (CE, p. 247); &#8221; Antes, nessas terras brancas de neve, negras de petr\u00f3leo e loiras de trigo&#8221; (CE, p. 246). Alimento: &#8220;o p\u00e3o de trigo puro&#8221; (DF, p. 131). Padr\u00e3o de cor: &#8220;Era loira, seu cabelo de trigo, seu rosto de farinha&#8221; (CE, p. 131). Coment\u00e1rio: identifica\u00e7\u00e3o concorda com Flora e Funga do Brasil (2024).<\/p><p style=\"text-align: justify;\">Imagens:\u00a0 <a href=\"https:\/\/drive.google.com\/file\/d\/1baW6zZW_r-IAlhpLx-gT3coCQJJHYNsp\/view?usp=drive_link\" target=\"_blank\" rel=\"noopener\">Planta\u00e7\u00e3o<\/a>\u00a0 ,\u00a0 <a href=\"https:\/\/drive.google.com\/file\/d\/1sbAw5hqbVpUXbiASamEQcw9NCOfHcEoO\/view?usp=drive_link\" target=\"_blank\" rel=\"noopener\">Detalhe da Infloresc\u00eancia<\/a><\/p><p style=\"text-align: justify;\">\u00a0<\/p><\/div>\n\t\t\t\t\t\t\t\t\t<div class=\"elementor-tab-title elementor-tab-mobile-title\" aria-selected=\"false\" data-tab=\"20\" role=\"tab\" tabindex=\"-1\" aria-controls=\"elementor-tab-content-26220\" aria-expanded=\"false\">U<\/div>\n\t\t\t\t\t<div id=\"elementor-tab-content-26220\" class=\"elementor-tab-content elementor-clearfix\" data-tab=\"20\" role=\"tabpanel\" aria-labelledby=\"elementor-tab-title-26220\" tabindex=\"0\" hidden=\"hidden\"><p style=\"text-align: justify;\"><strong>Umbu<\/strong> s.m. <em>Spondias tuberosa<\/em> Arruda (Anacardiaceae). Origem: Nativa. Alimento: &#8220;tentando roubar frutas nos cestos de laranjas, limas, tangerinas, umbus e sapotis&#8221; (DF, p. 70). Ingrediente de bebida alco\u00f3lica: &#8220;Marilda e a empregada serviam licores feitos em casa: de ovos, de violetas, de groselha, de umbu, de ara\u00e7\u00e1&#8221; (DF, p. 152). Coment\u00e1rio: identifica\u00e7\u00e3o concorda com Flora e Funga do Brasil (2024).<\/p><p style=\"text-align: justify;\">Imagens: <a href=\"https:\/\/drive.google.com\/file\/d\/1zDvlR_gEhp-FAR5mYUcm_QGWtTrB3QDV\/view?usp=drive_link\" target=\"_blank\" rel=\"noopener\">Tub\u00e9rculo<\/a>\u00a0 ,\u00a0 <a href=\"https:\/\/drive.google.com\/file\/d\/1env09M5g0Pd4kktFrLJKk-e-OsczJL2d\/view?usp=drive_link\" target=\"_blank\" rel=\"noopener\">Infloresc\u00eancia<\/a>\u00a0 ,\u00a0 <a href=\"https:\/\/drive.google.com\/file\/d\/1IBgxKPH0KO771ocZvkPFvJYve6EVNm0z\/view?usp=drive_link\" target=\"_blank\" rel=\"noopener\">Fruto<\/a><\/p><p style=\"text-align: justify;\"><strong>Umburana<\/strong> s.f. <em>Amburana cearensis<\/em> (Allem\u00e3o) A.C.Sm. (Fabaceae [Leguminosae]). Origem: Nativa. Paisagem (Caatinga): &#8220;\u00c1rvore amiga do homem s\u00f3 a umburana, guardando no seu tronco a \u00e1gua aben\u00e7oada para o viajor sedento [&#8230;] Espinhos e flores, de longe em longe a vis\u00e3o confortadora de uma umburana&#8221; (CE, p. 178). Perigo da natureza: &#8220;umburana \u00e9 pau de abeia&#8221; (S, p. 26).<\/p><p style=\"text-align: justify;\">Imagens:\u00a0 <a href=\"https:\/\/drive.google.com\/file\/d\/1wsZkqV18dWAKHk1aWlQNQhaW_h_DuWOl\/view?usp=drive_link\" target=\"_blank\" rel=\"noopener\">Tronco (casca)<\/a>\u00a0 ,\u00a0 <a href=\"https:\/\/drive.google.com\/file\/d\/1qx-RFB1ExphOdf4q__nOHsJJID1ZCtOU\/view?usp=drive_link\" target=\"_blank\" rel=\"noopener\">Flor<\/a> ,\u00a0 <a href=\"https:\/\/drive.google.com\/file\/d\/14EjCgCbQv3EclxyT1gt5RrWU8gCZSXZm\/view?usp=drive_link\" target=\"_blank\" rel=\"noopener\">Fruto<\/a>\u00a0 , <a href=\"https:\/\/drive.google.com\/file\/d\/1zxl9w4ceSsqf0FyKRzRtPNeqFWnNS7N8\/view?usp=drive_link\" target=\"_blank\" rel=\"noopener\">Fruto maduro comercializado<\/a>\u00a0\u00a0<\/p><p style=\"text-align: justify;\"><strong>Umbuzeiro<\/strong> s.m. <em>Spondias tuberosa<\/em> Arruda (Anacardiaceae). Origem: Nativa. Prote\u00e7\u00e3o (local de descanso): &#8220;n\u00e3o se animava sequer a olhar para a \u00e1rvore \u00e0 qual ela se encostara, um umbuzeiro&#8221; (GCC, p. 67). Coment\u00e1rio: identifica\u00e7\u00e3o concorda com Flora e Funga do Brasil (2024).<\/p><p style=\"text-align: justify;\"><strong>Unha-de-gato<\/strong> s.f. Esp\u00e9cie indeterminada (Fabaceae [Leguminosae]). Origem: Nativa. Paisagem (Caatinga): &#8220;No dia 19 a Coluna penetra na Estrada Cruel, em torno os mandacarus, os xique-xiques, as unhas-de-gato, as coroas-de-frade, toda a vegeta\u00e7\u00e3o inimiga, espinhenta, da caatinga violada&#8221; (CE, p. 178). Corr\u00eaa (1978[1926], v. 6, p. 341-342) afirma que numerosas esp\u00e9cies s\u00e3o conhecidas com este nome, sendo que a maioria pertence \u00e0s Leguminosae: <em>Acacia<\/em> <em>adherens<\/em> Benth.; <em>A. bonariensis<\/em> Gill.; <em>A. paniculata<\/em> Willd.; <em>A. pedicellata<\/em> Benth. <em>A. riparia<\/em> HBK, <em>Machaerium uncinatum<\/em> Benth., <em>Mimosa bimucronata<\/em> (DC.) OK., <em>M. malacocentra,<\/em> <em>M. weddeliana <\/em>Benth., entre outras. Menezes (1949, p. 188), associa este nome \u00e0 <em>Acacia<\/em> <em>paniculata<\/em> Willd. (Leguminosae).<\/p><p style=\"text-align: justify;\">\u00a0<\/p><\/div>\n\t\t\t\t\t\t\t\t\t<div class=\"elementor-tab-title elementor-tab-mobile-title\" aria-selected=\"false\" data-tab=\"21\" role=\"tab\" tabindex=\"-1\" aria-controls=\"elementor-tab-content-26221\" aria-expanded=\"false\">V<\/div>\n\t\t\t\t\t<div id=\"elementor-tab-content-26221\" class=\"elementor-tab-content elementor-clearfix\" data-tab=\"21\" role=\"tabpanel\" aria-labelledby=\"elementor-tab-title-26221\" tabindex=\"0\" hidden=\"hidden\"><p style=\"text-align: justify;\"><strong>Vinha<\/strong> s.f. <em>Vitis vinifera<\/em> Linnaeus (Vitaceae). Origem: Cultivada. Antropofit\u00f4nimo: &#8220;Tancredo Vinhas&#8221; (DF, p. 172).<\/p><p style=\"text-align: justify;\">Imagens: <a href=\"https:\/\/drive.google.com\/file\/d\/1pTkCSDKr2_jL91iXlzLi8CwnXnjWQfAU\/view?usp=drive_link\" target=\"_blank\" rel=\"noopener\">Parreira (Vinha)<\/a>\u00a0 ,\u00a0 <a href=\"https:\/\/drive.google.com\/file\/d\/15eTFYD_Jnia8u5HpEJkJX32lbiM7iwJP\/view?usp=drive_link\" target=\"_blank\" rel=\"noopener\">Infloresc\u00eancia<\/a>\u00a0 ,\u00a0 \u00a0<a href=\"https:\/\/drive.google.com\/file\/d\/1y1QuCpTU1wT8zlv9xYJ0x7LWHC2fHfmc\/view?usp=drive_link\" target=\"_blank\" rel=\"noopener\">Infrutesc\u00eancia<\/a><\/p><p style=\"text-align: justify;\"><strong>Violeta<\/strong> s.f. <em>Viola<\/em> <em>odorata<\/em> L. (Violaceae). Origem: Cultivada. Antropofit\u00f4nimo: &#8220;Violeta S\u00e1&#8221; (DF, p. 146); &#8221; jogar sete e meio \u00e0 tarde na casa de Violeta&#8221; (TSF, p. 13); &#8221; Depois eram os suspiros de Violeta&#8221; (TSF, p. 14); &#8221; estirado semi-nu na cama da Violeta&#8221; (TSF, p. 15); &#8221; os dedos de Violeta nos seus cabelos [&#8230;] Tinha ido para a casa de violeta bem descansado&#8221; (TSF, p. 16). Ingrediente de bebida alco\u00f3lica: &#8220;Marilda e a empregada serviam licores feitos em casa: de ovos, de violetas, de groselha, de umbu, de ara\u00e7\u00e1&#8221; (DF, p. 152). Padr\u00e3o de cor: &#8220;onde em violeta Nacib deixava&#8221; (GCC, p. 264). Presente: &#8220;empunhando um ramalhete de violetas&#8221; (DF, p. 61). Religi\u00e3o (ato f\u00fanebre): &#8220;Ela comprou rosas e cravos, palmas e violetas, d\u00e1lias e saudades&#8221; (DF, p. 103). Resposta da natureza \u00e0s mudan\u00e7as de esta\u00e7\u00e3o: &#8220;dhalias e violetas&#8221; (CA, p. 142). Coment\u00e1rio: Menezes (1949, p. 191) liga este nome comum \u00e0 &#8220;<em>Viola<\/em> <em>odorata<\/em> L., Viol\u00e1cia [&#8230;]&#8221;, no que concorda com a flora do Brasil (FLORA E FUNGA DO BRASIL, 2024).<\/p><p style=\"text-align: justify;\">\u00a0<\/p><\/div>\n\t\t\t\t\t\t\t\t\t<div class=\"elementor-tab-title elementor-tab-mobile-title\" aria-selected=\"false\" data-tab=\"22\" role=\"tab\" tabindex=\"-1\" aria-controls=\"elementor-tab-content-26222\" aria-expanded=\"false\">X<\/div>\n\t\t\t\t\t<div id=\"elementor-tab-content-26222\" class=\"elementor-tab-content elementor-clearfix\" data-tab=\"22\" role=\"tabpanel\" aria-labelledby=\"elementor-tab-title-26222\" tabindex=\"0\" hidden=\"hidden\"><p style=\"text-align: justify;\"><strong>Xique-xique<\/strong> s.m. <em>Xiquexique gounellei <\/em>(F.A.C.Weber) Lavor &amp; Calvente (Cactaceae). Origem: Nativa. Paisagem (Caatinga): &#8220;No dia 19 a Coluna penetra na Estrada Cruel, em torno os mandacarus, os xique-xiques, as unhas-de-gato, as coroas-de-frade, toda a vegeta\u00e7\u00e3o inimiga, espinhenta, da caatinga violada&#8221; (CE, p. 178); &#8221; Perigos da natureza: Xiquexique \u00e9 pau de espinho&#8221; (S, p. 26).\u00a0<\/p><p>Imagens:\u00a0<a href=\"https:\/\/drive.google.com\/file\/d\/19yrSfyjgzt6ZzLwa2rX-smHcjGjeLCRQ\/view?usp=drive_link\" target=\"_blank\" rel=\"noopener\">H\u00e1bito<\/a>\u00a0 ,\u00a0\u00a0<a href=\"https:\/\/drive.google.com\/file\/d\/14IkVqsYSbDUp7tFdXKF28uJgl-zefXns\/view?usp=drive_link\" target=\"_blank\" rel=\"noopener\">Flor<\/a>\u00a0 ,\u00a0 \u00a0<a href=\"https:\/\/drive.google.com\/file\/d\/1jllioRUoYIbYSLctHK2HWDlHDyBUQOud\/view?usp=drive_link\" target=\"_blank\" rel=\"noopener\">Fruto imaturo<\/a>\u00a0<\/p><\/div>\n\t\t\t\t\t\t\t<\/div>\n\t\t<\/div>\n\t\t\t\t\t\t<\/div>\n\t\t\t\t<\/div>\n\t\t\t\t\t<\/div>\n\t\t<\/div>\n\t\t\t\t\t<\/div>\n\t\t<\/section>\n\t\t\t\t<section class=\"elementor-section elementor-top-section elementor-element elementor-element-3d1fd83 elementor-section-boxed elementor-section-height-default elementor-section-height-default\" data-id=\"3d1fd83\" data-element_type=\"section\" data-settings=\"{&quot;background_background&quot;:&quot;classic&quot;}\">\n\t\t\t\t\t\t<div class=\"elementor-container elementor-column-gap-default\">\n\t\t\t\t\t<div class=\"elementor-column elementor-col-100 elementor-top-column elementor-element elementor-element-ecf4aa1\" data-id=\"ecf4aa1\" data-element_type=\"column\">\n\t\t\t<div class=\"elementor-widget-wrap elementor-element-populated\">\n\t\t\t\t\t\t<div class=\"elementor-element elementor-element-3074fdc elementor-widget elementor-widget-image\" data-id=\"3074fdc\" data-element_type=\"widget\" data-widget_type=\"image.default\">\n\t\t\t\t<div class=\"elementor-widget-container\">\n\t\t\t\t\t\t\t\t\t\t\t\t\t\t\t<img decoding=\"async\" width=\"300\" height=\"101\" src=\"https:\/\/botanicaliteraria5.net\/wp-content\/uploads\/2024\/06\/vf-2-300x101.png\" class=\"attachment-medium size-medium wp-image-1055\" alt=\"\" srcset=\"https:\/\/botanicaliteraria5.net\/wp-content\/uploads\/2024\/06\/vf-2-300x101.png 300w, https:\/\/botanicaliteraria5.net\/wp-content\/uploads\/2024\/06\/vf-2.png 500w\" sizes=\"(max-width: 300px) 100vw, 300px\" \/>\t\t\t\t\t\t\t\t\t\t\t\t\t\t\t<\/div>\n\t\t\t\t<\/div>\n\t\t\t\t\t<\/div>\n\t\t<\/div>\n\t\t\t\t\t<\/div>\n\t\t<\/section>\n\t\t\t\t<section class=\"elementor-section elementor-top-section elementor-element elementor-element-ec97b0c elementor-section-boxed elementor-section-height-default elementor-section-height-default\" data-id=\"ec97b0c\" data-element_type=\"section\" data-settings=\"{&quot;background_background&quot;:&quot;classic&quot;}\">\n\t\t\t\t\t\t<div class=\"elementor-container elementor-column-gap-default\">\n\t\t\t\t\t<div class=\"elementor-column elementor-col-100 elementor-top-column elementor-element elementor-element-16531e8\" data-id=\"16531e8\" data-element_type=\"column\">\n\t\t\t<div class=\"elementor-widget-wrap elementor-element-populated\">\n\t\t\t\t\t\t<div class=\"elementor-element elementor-element-5ad1397 elementor-widget elementor-widget-text-editor\" data-id=\"5ad1397\" data-element_type=\"widget\" data-widget_type=\"text-editor.default\">\n\t\t\t\t<div class=\"elementor-widget-container\">\n\t\t\t\t\t\t\t\t\t<p style=\"text-align: center;\"><span style=\"font-family: georgia, palatino, serif; font-size: 12pt;\">Essa plataforma faz parte da tese de doutorado <i>Vocabul\u00e1rio fiton\u00edmico das obras de Jorge Amado<\/i>, desenvolvida por Fl\u00e1vio Fran\u00e7a, no \u00e2mbito do Programa de P\u00f3s-gradua\u00e7\u00e3o em Estudos Lingu\u00edsticos \/ UEFS, 2024.<\/span><\/p><p>Como citar: FRAN\u00c7A, Fl\u00e1vio. <span style=\"font-family: georgia, palatino, serif; font-size: 12pt;\"><i>Vocabul\u00e1rio fiton\u00edmico das obras de Jorge Amado<\/i>. <strong>Tese de doutorado<\/strong>. Universidade Estadual de feira de Santana, 2024.<\/span><\/p>\t\t\t\t\t\t\t\t<\/div>\n\t\t\t\t<\/div>\n\t\t\t\t\t<\/div>\n\t\t<\/div>\n\t\t\t\t\t<\/div>\n\t\t<\/section>\n\t\t\t\t<\/div>\n\t\t","protected":false},"excerpt":{"rendered":"<p>OBRAS CONSULTADAS VERS\u00c3O EM PDF CONTATO A B C D E F G H I J L M N O P Q R S T U V X A Abacate s.m. Persea americana Miller (Lauraceae). Origem: Naturalizada. 1. loc. Seios da mulher desejada: &#8220;Teus peitos de abacate&#8221; (DF, p. 244). 2. Presente: &#8220;chegou com um [&hellip;]<\/p>\n","protected":false},"author":1,"featured_media":0,"parent":0,"menu_order":0,"comment_status":"closed","ping_status":"closed","template":"","meta":{"site-sidebar-layout":"no-sidebar","site-content-layout":"page-builder","ast-site-content-layout":"default","site-content-style":"default","site-sidebar-style":"default","ast-global-header-display":"","ast-banner-title-visibility":"","ast-main-header-display":"","ast-hfb-above-header-display":"","ast-hfb-below-header-display":"","ast-hfb-mobile-header-display":"","site-post-title":"disabled","ast-breadcrumbs-content":"","ast-featured-img":"disabled","footer-sml-layout":"","theme-transparent-header-meta":"","adv-header-id-meta":"","stick-header-meta":"","header-above-stick-meta":"","header-main-stick-meta":"","header-below-stick-meta":"","astra-migrate-meta-layouts":"default","ast-page-background-enabled":"default","ast-page-background-meta":{"desktop":{"background-color":"var(--ast-global-color-4)","background-image":"","background-repeat":"repeat","background-position":"center center","background-size":"auto","background-attachment":"scroll","background-type":"","background-media":"","overlay-type":"","overlay-color":"","overlay-opacity":"","overlay-gradient":""},"tablet":{"background-color":"","background-image":"","background-repeat":"repeat","background-position":"center center","background-size":"auto","background-attachment":"scroll","background-type":"","background-media":"","overlay-type":"","overlay-color":"","overlay-opacity":"","overlay-gradient":""},"mobile":{"background-color":"","background-image":"","background-repeat":"repeat","background-position":"center center","background-size":"auto","background-attachment":"scroll","background-type":"","background-media":"","overlay-type":"","overlay-color":"","overlay-opacity":"","overlay-gradient":""}},"ast-content-background-meta":{"desktop":{"background-color":"var(--ast-global-color-5)","background-image":"","background-repeat":"repeat","background-position":"center center","background-size":"auto","background-attachment":"scroll","background-type":"","background-media":"","overlay-type":"","overlay-color":"","overlay-opacity":"","overlay-gradient":""},"tablet":{"background-color":"var(--ast-global-color-5)","background-image":"","background-repeat":"repeat","background-position":"center center","background-size":"auto","background-attachment":"scroll","background-type":"","background-media":"","overlay-type":"","overlay-color":"","overlay-opacity":"","overlay-gradient":""},"mobile":{"background-color":"var(--ast-global-color-5)","background-image":"","background-repeat":"repeat","background-position":"center center","background-size":"auto","background-attachment":"scroll","background-type":"","background-media":"","overlay-type":"","overlay-color":"","overlay-opacity":"","overlay-gradient":""}},"footnotes":""},"class_list":["post-22","page","type-page","status-publish","hentry"],"_links":{"self":[{"href":"https:\/\/botanicaliteraria5.net\/index.php\/wp-json\/wp\/v2\/pages\/22","targetHints":{"allow":["GET"]}}],"collection":[{"href":"https:\/\/botanicaliteraria5.net\/index.php\/wp-json\/wp\/v2\/pages"}],"about":[{"href":"https:\/\/botanicaliteraria5.net\/index.php\/wp-json\/wp\/v2\/types\/page"}],"author":[{"embeddable":true,"href":"https:\/\/botanicaliteraria5.net\/index.php\/wp-json\/wp\/v2\/users\/1"}],"replies":[{"embeddable":true,"href":"https:\/\/botanicaliteraria5.net\/index.php\/wp-json\/wp\/v2\/comments?post=22"}],"version-history":[{"count":875,"href":"https:\/\/botanicaliteraria5.net\/index.php\/wp-json\/wp\/v2\/pages\/22\/revisions"}],"predecessor-version":[{"id":1139,"href":"https:\/\/botanicaliteraria5.net\/index.php\/wp-json\/wp\/v2\/pages\/22\/revisions\/1139"}],"wp:attachment":[{"href":"https:\/\/botanicaliteraria5.net\/index.php\/wp-json\/wp\/v2\/media?parent=22"}],"curies":[{"name":"wp","href":"https:\/\/api.w.org\/{rel}","templated":true}]}}